{"id":27259,"date":"2025-05-09T11:12:34","date_gmt":"2025-05-09T11:12:34","guid":{"rendered":"https:\/\/ommegang.be\/historia\/"},"modified":"2025-06-25T12:09:09","modified_gmt":"2025-06-25T12:09:09","slug":"historia","status":"publish","type":"page","link":"https:\/\/ommegang.be\/es\/historia\/","title":{"rendered":"Historia"},"content":{"rendered":"\t\t<div data-elementor-type=\"wp-page\" data-elementor-id=\"27259\" class=\"elementor elementor-27259 elementor-23093\" data-elementor-post-type=\"page\">\n\t\t\t\t\t\t<section data-dce-background-color=\"#FFFFFF\" class=\"elementor-section elementor-top-section elementor-element elementor-element-ac50624 elementor-section-boxed elementor-section-height-default elementor-section-height-default sc_fly_static\" data-id=\"ac50624\" data-element_type=\"section\" data-e-type=\"section\" data-settings=\"{&quot;background_background&quot;:&quot;classic&quot;}\">\n\t\t\t\t\t\t<div class=\"elementor-container elementor-column-gap-extended\">\n\t\t\t\t\t<div class=\"elementor-column elementor-col-100 elementor-top-column elementor-element elementor-element-4846981 sc_content_align_inherit sc_layouts_column_icons_position_left sc_fly_static\" data-id=\"4846981\" data-element_type=\"column\" data-e-type=\"column\">\n\t\t\t<div class=\"elementor-widget-wrap elementor-element-populated\">\n\t\t\t\t\t\t<div class=\"elementor-element elementor-element-1ead67f sc_height_huge sc_fly_static elementor-widget elementor-widget-spacer\" data-id=\"1ead67f\" data-element_type=\"widget\" data-e-type=\"widget\" data-widget_type=\"spacer.default\">\n\t\t\t\t<div class=\"elementor-widget-container\">\n\t\t\t\t\t\t\t<div class=\"elementor-spacer\">\n\t\t\t<div class=\"elementor-spacer-inner\"><\/div>\n\t\t<\/div>\n\t\t\t\t\t\t<\/div>\n\t\t\t\t<\/div>\n\t\t\t\t<section class=\"elementor-section elementor-inner-section elementor-element elementor-element-eedf077 elementor-section-boxed elementor-section-height-default elementor-section-height-default sc_fly_static\" data-id=\"eedf077\" data-element_type=\"section\" data-e-type=\"section\">\n\t\t\t\t\t\t<div class=\"elementor-container elementor-column-gap-default\">\n\t\t\t\t\t<div class=\"elementor-column elementor-col-50 elementor-inner-column elementor-element elementor-element-1fc265d sc_content_align_inherit sc_layouts_column_icons_position_left sc_fly_static\" data-id=\"1fc265d\" data-element_type=\"column\" data-e-type=\"column\">\n\t\t\t<div class=\"elementor-widget-wrap elementor-element-populated\">\n\t\t\t\t\t\t<div class=\"elementor-element elementor-element-2d25b1b sc_fly_static elementor-widget elementor-widget-trx_sc_title\" data-id=\"2d25b1b\" data-element_type=\"widget\" data-e-type=\"widget\" data-widget_type=\"trx_sc_title.default\">\n\t\t\t\t<div class=\"elementor-widget-container\">\n\t\t\t\t\t<div\t\tclass=\"sc_title sc_title_default\" ><span class=\"sc_item_subtitle sc_title_subtitle sc_item_subtitle_above sc_item_title_style_default\">Las grandes figuras<\/span><h1 class=\"sc_item_title sc_title_title sc_item_title_style_default sc_item_title_tag\"\n\t\t\t><span class=\"sc_item_title_text\">Un poco de<span class=\"firstcolorOmmegang\">historia<\/span> <\/span><\/h1><\/div>\t\t\t\t<\/div>\n\t\t\t\t<\/div>\n\t\t\t\t\t<\/div>\n\t\t<\/div>\n\t\t\t\t<div class=\"elementor-column elementor-col-50 elementor-inner-column elementor-element elementor-element-32166a0 sc_content_align_inherit sc_layouts_column_icons_position_left sc_fly_static\" data-id=\"32166a0\" data-element_type=\"column\" data-e-type=\"column\">\n\t\t\t<div class=\"elementor-widget-wrap elementor-element-populated\">\n\t\t\t\t\t\t<div class=\"elementor-element elementor-element-76cdded sc_fly_static elementor-widget elementor-widget-text-editor\" data-id=\"76cdded\" data-element_type=\"widget\" data-e-type=\"widget\" data-widget_type=\"text-editor.default\">\n\t\t\t\t<div class=\"elementor-widget-container\">\n\t\t\t\t\t\t\t\t\t<p>Sum\u00e9rjase en la historia del <span class=\"fontOmmegang\">Ommegang<\/span> y descubra las grandes figuras que lo componen.<\/p>\t\t\t\t\t\t\t\t<\/div>\n\t\t\t\t<\/div>\n\t\t\t\t<div class=\"elementor-element elementor-element-a92915b sc_height_medium sc_fly_static elementor-widget elementor-widget-spacer\" data-id=\"a92915b\" data-element_type=\"widget\" data-e-type=\"widget\" data-widget_type=\"spacer.default\">\n\t\t\t\t<div class=\"elementor-widget-container\">\n\t\t\t\t\t\t\t<div class=\"elementor-spacer\">\n\t\t\t<div class=\"elementor-spacer-inner\"><\/div>\n\t\t<\/div>\n\t\t\t\t\t\t<\/div>\n\t\t\t\t<\/div>\n\t\t\t\t<div class=\"elementor-element elementor-element-b03f240 elementor-align-start elementor-icon-list--layout-traditional elementor-list-item-link-full_width sc_fly_static elementor-widget elementor-widget-icon-list\" data-id=\"b03f240\" data-element_type=\"widget\" data-e-type=\"widget\" data-widget_type=\"icon-list.default\">\n\t\t\t\t<div class=\"elementor-widget-container\">\n\t\t\t\t\t\t\t<ul class=\"elementor-icon-list-items\">\n\t\t\t\t\t\t\t<li class=\"elementor-icon-list-item\">\n\t\t\t\t\t\t\t\t\t\t\t<a href=\"https:\/\/ommegang.be\/es\/historia\/#ommegang\">\n\n\t\t\t\t\t\t\t\t\t\t\t\t<span class=\"elementor-icon-list-icon\">\n\t\t\t\t\t\t\t<i aria-hidden=\"true\" class=\"fas fa-arrow-down\"><\/i>\t\t\t\t\t\t<\/span>\n\t\t\t\t\t\t\t\t\t\t<span class=\"elementor-icon-list-text\">El ommegang<\/span>\n\t\t\t\t\t\t\t\t\t\t\t<\/a>\n\t\t\t\t\t\t\t\t\t<\/li>\n\t\t\t\t\t\t\t\t<li class=\"elementor-icon-list-item\">\n\t\t\t\t\t\t\t\t\t\t\t<a href=\"https:\/\/ommegang.be\/es\/historia\/#beatrice\">\n\n\t\t\t\t\t\t\t\t\t\t\t\t<span class=\"elementor-icon-list-icon\">\n\t\t\t\t\t\t\t<i aria-hidden=\"true\" class=\"fas fa-arrow-down\"><\/i>\t\t\t\t\t\t<\/span>\n\t\t\t\t\t\t\t\t\t\t<span class=\"elementor-icon-list-text\">Beatrice Soekens<\/span>\n\t\t\t\t\t\t\t\t\t\t\t<\/a>\n\t\t\t\t\t\t\t\t\t<\/li>\n\t\t\t\t\t\t\t\t<li class=\"elementor-icon-list-item\">\n\t\t\t\t\t\t\t\t\t\t\t<a href=\"https:\/\/ommegang.be\/es\/historia\/#charles\">\n\n\t\t\t\t\t\t\t\t\t\t\t\t<span class=\"elementor-icon-list-icon\">\n\t\t\t\t\t\t\t<i aria-hidden=\"true\" class=\"fas fa-arrow-down\"><\/i>\t\t\t\t\t\t<\/span>\n\t\t\t\t\t\t\t\t\t\t<span class=\"elementor-icon-list-text\">Carlos V<\/span>\n\t\t\t\t\t\t\t\t\t\t\t<\/a>\n\t\t\t\t\t\t\t\t\t<\/li>\n\t\t\t\t\t\t\t\t<li class=\"elementor-icon-list-item\">\n\t\t\t\t\t\t\t\t\t\t\t<a href=\"https:\/\/ommegang.be\/es\/historia\/#philippe\">\n\n\t\t\t\t\t\t\t\t\t\t\t\t<span class=\"elementor-icon-list-icon\">\n\t\t\t\t\t\t\t<i aria-hidden=\"true\" class=\"fas fa-arrow-down\"><\/i>\t\t\t\t\t\t<\/span>\n\t\t\t\t\t\t\t\t\t\t<span class=\"elementor-icon-list-text\">El ni\u00f1o Philippe<\/span>\n\t\t\t\t\t\t\t\t\t\t\t<\/a>\n\t\t\t\t\t\t\t\t\t<\/li>\n\t\t\t\t\t\t\t\t<li class=\"elementor-icon-list-item\">\n\t\t\t\t\t\t\t\t\t\t\t<a href=\"https:\/\/ommegang.be\/es\/historia\/#marie\">\n\n\t\t\t\t\t\t\t\t\t\t\t\t<span class=\"elementor-icon-list-icon\">\n\t\t\t\t\t\t\t<i aria-hidden=\"true\" class=\"fas fa-arrow-down\"><\/i>\t\t\t\t\t\t<\/span>\n\t\t\t\t\t\t\t\t\t\t<span class=\"elementor-icon-list-text\">Mar\u00eda de Austria<\/span>\n\t\t\t\t\t\t\t\t\t\t\t<\/a>\n\t\t\t\t\t\t\t\t\t<\/li>\n\t\t\t\t\t\t\t\t<li class=\"elementor-icon-list-item\">\n\t\t\t\t\t\t\t\t\t\t\t<a href=\"https:\/\/ommegang.be\/es\/historia\/#eglise\">\n\n\t\t\t\t\t\t\t\t\t\t\t\t<span class=\"elementor-icon-list-icon\">\n\t\t\t\t\t\t\t<i aria-hidden=\"true\" class=\"fas fa-arrow-down\"><\/i>\t\t\t\t\t\t<\/span>\n\t\t\t\t\t\t\t\t\t\t<span class=\"elementor-icon-list-text\">Iglesia de Notre Dame des Victoires en Le Sablon<\/span>\n\t\t\t\t\t\t\t\t\t\t\t<\/a>\n\t\t\t\t\t\t\t\t\t<\/li>\n\t\t\t\t\t\t<\/ul>\n\t\t\t\t\t\t<\/div>\n\t\t\t\t<\/div>\n\t\t\t\t\t<\/div>\n\t\t<\/div>\n\t\t\t\t\t<\/div>\n\t\t<\/section>\n\t\t\t\t<div class=\"elementor-element elementor-element-9dd4a55 sc_height_medium sc_fly_static elementor-widget elementor-widget-spacer\" data-id=\"9dd4a55\" data-element_type=\"widget\" data-e-type=\"widget\" data-widget_type=\"spacer.default\">\n\t\t\t\t<div class=\"elementor-widget-container\">\n\t\t\t\t\t\t\t<div class=\"elementor-spacer\">\n\t\t\t<div class=\"elementor-spacer-inner\"><\/div>\n\t\t<\/div>\n\t\t\t\t\t\t<\/div>\n\t\t\t\t<\/div>\n\t\t\t\t\t<\/div>\n\t\t<\/div>\n\t\t\t\t\t<\/div>\n\t\t<\/section>\n\t\t\t\t<section class=\"elementor-section elementor-top-section elementor-element elementor-element-15b4d003 elementor-section-content-middle elementor-section-boxed elementor-section-height-default elementor-section-height-default sc_fly_static\" data-id=\"15b4d003\" data-element_type=\"section\" data-e-type=\"section\" id=\"ommegang\">\n\t\t\t\t\t\t<div class=\"elementor-container elementor-column-gap-extended\">\n\t\t\t\t\t<div class=\"elementor-column elementor-col-50 elementor-top-column elementor-element elementor-element-3bdc9714 sc_content_align_inherit sc_layouts_column_icons_position_left sc_fly_static\" data-id=\"3bdc9714\" data-element_type=\"column\" data-e-type=\"column\">\n\t\t\t<div class=\"elementor-widget-wrap elementor-element-populated\">\n\t\t\t\t\t\t<div class=\"elementor-element elementor-element-1d59c4b1 sc_fly_static elementor-widget elementor-widget-trx_sc_title\" data-id=\"1d59c4b1\" data-element_type=\"widget\" data-e-type=\"widget\" data-widget_type=\"trx_sc_title.default\">\n\t\t\t\t<div class=\"elementor-widget-container\">\n\t\t\t\t\t<div\t\tclass=\"sc_title sc_title_default\" ><h1 class=\"sc_item_title sc_title_title sc_item_title_style_default sc_item_title_tag\"\n\t\t\t><span class=\"sc_item_title_text\">El <span class=\"fontOmmegang\">Ommegang<\/span><\/span><\/h1><\/div>\t\t\t\t<\/div>\n\t\t\t\t<\/div>\n\t\t\t\t<div class=\"elementor-element elementor-element-f025315 sc_height_small sc_fly_static elementor-widget elementor-widget-spacer\" data-id=\"f025315\" data-element_type=\"widget\" data-e-type=\"widget\" data-widget_type=\"spacer.default\">\n\t\t\t\t<div class=\"elementor-widget-container\">\n\t\t\t\t\t\t\t<div class=\"elementor-spacer\">\n\t\t\t<div class=\"elementor-spacer-inner\"><\/div>\n\t\t<\/div>\n\t\t\t\t\t\t<\/div>\n\t\t\t\t<\/div>\n\t\t\t\t<div class=\"elementor-element elementor-element-0b66534 sc_fly_static elementor-widget elementor-widget-text-editor\" data-id=\"0b66534\" data-element_type=\"widget\" data-e-type=\"widget\" data-widget_type=\"text-editor.default\">\n\t\t\t\t<div class=\"elementor-widget-container\">\n\t\t\t\t\t\t\t\t\t<p>Las autoridades de Bruselas decidieron mostrar la riqueza y la gloria de su ciudad ofreciendo un <em>Ommegang<\/em> al hombre que dominaba Europa y Am\u00e9rica. Esta palabra, que significa \u00abpaseo alrededor\u00bb, remontaba a la febril devoci\u00f3n del siglo XIV y al milagro de Nuestra Se\u00f1ora del Sabl\u00f3n. En aquella ocasi\u00f3n, las corporaciones, los gremios, el patriciado de Bruselas, as\u00ed como la nobleza de nuestras regiones y el alto clero desfilaron desplegando un esplendor que labrar\u00eda en m\u00e1rmol su estatus privilegiado, al tiempo que realzaba la grandeza del emperador.<\/p><p>Hoy en d\u00eda, el Ommegang, en sentido amplio, aspira a ser una reconstituci\u00f3n tradicional, respetuosa con las lecciones de la historia, pero tambi\u00e9n un extraordinario espect\u00e1culo de magia luminosa y sonora en el que intervienen las t\u00e9cnicas digitales. Si la corte trata de reunir a los descendientes de las familias ilustres que la compon\u00edan en el siglo XVI, el espect\u00e1culo que se le ofrece es un deslumbramiento de grupos folcl\u00f3ricos, jinetes, banderas, zancudos, marionetas, gigantes y carros, es decir el alma de la ciudad, con sus canciones, sus bailes, su profunda devoci\u00f3n y esa gracia, a veces algo surrealista, que tanto sorprend\u00eda a los cronistas. Ning\u00fan pueblo europeo era en aquel momento m\u00e1s pr\u00f3spero ni m\u00e1s extravagantemente ingenioso que el de nuestras provincias.<\/p><p>Varios miles de asientos permiten al p\u00fablico contempor\u00e1neo sumergirse en la alegr\u00eda y el esplendor de una grandiosa manifestaci\u00f3n hist\u00f3rica que solo puede competir con el Palio de Siena.<\/p>\t\t\t\t\t\t\t\t<\/div>\n\t\t\t\t<\/div>\n\t\t\t\t<div class=\"elementor-element elementor-element-5d85c197 sc_fly_static elementor-widget elementor-widget-spacer\" data-id=\"5d85c197\" data-element_type=\"widget\" data-e-type=\"widget\" data-widget_type=\"spacer.default\">\n\t\t\t\t<div class=\"elementor-widget-container\">\n\t\t\t\t\t\t\t<div class=\"elementor-spacer\">\n\t\t\t<div class=\"elementor-spacer-inner\"><\/div>\n\t\t<\/div>\n\t\t\t\t\t\t<\/div>\n\t\t\t\t<\/div>\n\t\t\t\t<div class=\"elementor-element elementor-element-2b4c3fdd sc_height_small sc_layouts_hide_on_tablet sc_fly_static elementor-widget elementor-widget-spacer\" data-id=\"2b4c3fdd\" data-element_type=\"widget\" data-e-type=\"widget\" data-widget_type=\"spacer.default\">\n\t\t\t\t<div class=\"elementor-widget-container\">\n\t\t\t\t\t\t\t<div class=\"elementor-spacer\">\n\t\t\t<div class=\"elementor-spacer-inner\"><\/div>\n\t\t<\/div>\n\t\t\t\t\t\t<\/div>\n\t\t\t\t<\/div>\n\t\t\t\t\t<\/div>\n\t\t<\/div>\n\t\t\t\t<div class=\"elementor-column elementor-col-50 elementor-top-column elementor-element elementor-element-95eef69 sc_content_align_inherit sc_layouts_column_icons_position_left sc_fly_static\" data-id=\"95eef69\" data-element_type=\"column\" data-e-type=\"column\">\n\t\t\t<div class=\"elementor-widget-wrap elementor-element-populated\">\n\t\t\t\t\t\t<section class=\"elementor-section elementor-inner-section elementor-element elementor-element-63a980b4 elementor-section-boxed elementor-section-height-default elementor-section-height-default sc_fly_static\" data-id=\"63a980b4\" data-element_type=\"section\" data-e-type=\"section\">\n\t\t\t\t\t\t<div class=\"elementor-container elementor-column-gap-no\">\n\t\t\t\t\t<div class=\"elementor-column elementor-col-100 elementor-inner-column elementor-element elementor-element-6b378a1 sc_content_align_inherit sc_layouts_column_icons_position_left sc_fly_static\" data-id=\"6b378a1\" data-element_type=\"column\" data-e-type=\"column\">\n\t\t\t<div class=\"elementor-widget-wrap elementor-element-populated\">\n\t\t\t\t\t\t<div class=\"elementor-element elementor-element-51f21a93 no-title dce_masking-none sc_fly_static elementor-widget elementor-widget-image\" data-id=\"51f21a93\" data-element_type=\"widget\" data-e-type=\"widget\" data-widget_type=\"image.default\">\n\t\t\t\t<div class=\"elementor-widget-container\">\n\t\t\t\t\t\t\t\t\t\t\t\t\t\t\t<img fetchpriority=\"high\" decoding=\"async\" width=\"640\" height=\"427\" src=\"https:\/\/ommegang.be\/wp-content\/uploads\/2025\/05\/denis-van-alsloot-the-ommeganck-in-brussels-on-31-may-1615-the-senior-guilds-e1c72c-640.jpg\" class=\"attachment-large size-large wp-image-24710\" alt=\"\" srcset=\"https:\/\/ommegang.be\/wp-content\/uploads\/2025\/05\/denis-van-alsloot-the-ommeganck-in-brussels-on-31-may-1615-the-senior-guilds-e1c72c-640.jpg 640w, https:\/\/ommegang.be\/wp-content\/uploads\/2025\/05\/denis-van-alsloot-the-ommeganck-in-brussels-on-31-may-1615-the-senior-guilds-e1c72c-640-300x200.jpg 300w, https:\/\/ommegang.be\/wp-content\/uploads\/2025\/05\/denis-van-alsloot-the-ommeganck-in-brussels-on-31-may-1615-the-senior-guilds-e1c72c-640-370x247.jpg 370w, https:\/\/ommegang.be\/wp-content\/uploads\/2025\/05\/denis-van-alsloot-the-ommeganck-in-brussels-on-31-may-1615-the-senior-guilds-e1c72c-640-410x274.jpg 410w, https:\/\/ommegang.be\/wp-content\/uploads\/2025\/05\/denis-van-alsloot-the-ommeganck-in-brussels-on-31-may-1615-the-senior-guilds-e1c72c-640-600x400.jpg 600w\" sizes=\"(max-width: 640px) 100vw, 640px\" \/>\t\t\t\t\t\t\t\t\t\t\t\t\t\t\t<\/div>\n\t\t\t\t<\/div>\n\t\t\t\t\t<\/div>\n\t\t<\/div>\n\t\t\t\t\t<\/div>\n\t\t<\/section>\n\t\t\t\t\t<\/div>\n\t\t<\/div>\n\t\t\t\t\t<\/div>\n\t\t<\/section>\n\t\t\t\t<section data-dce-background-color=\"#FFFFFF\" class=\"elementor-section elementor-top-section elementor-element elementor-element-a4788f8 elementor-section-content-middle elementor-reverse-mobile elementor-section-boxed elementor-section-height-default elementor-section-height-default sc_fly_static\" data-id=\"a4788f8\" data-element_type=\"section\" data-e-type=\"section\" id=\"beatrice\" data-settings=\"{&quot;background_background&quot;:&quot;classic&quot;}\">\n\t\t\t\t\t\t<div class=\"elementor-container elementor-column-gap-extended\">\n\t\t\t\t\t<div class=\"elementor-column elementor-col-50 elementor-top-column elementor-element elementor-element-6eeff9f sc_content_align_inherit sc_layouts_column_icons_position_left sc_fly_static\" data-id=\"6eeff9f\" data-element_type=\"column\" data-e-type=\"column\">\n\t\t\t<div class=\"elementor-widget-wrap elementor-element-populated\">\n\t\t\t\t\t\t<div class=\"elementor-element elementor-element-4724439 no-title dce_masking-none sc_fly_static elementor-widget elementor-widget-image\" data-id=\"4724439\" data-element_type=\"widget\" data-e-type=\"widget\" data-widget_type=\"image.default\">\n\t\t\t\t<div class=\"elementor-widget-container\">\n\t\t\t\t\t\t\t\t\t\t\t\t\t\t\t<img decoding=\"async\" width=\"300\" height=\"430\" src=\"https:\/\/ommegang.be\/wp-content\/uploads\/2025\/05\/beatricesoetkens-1.jpg\" class=\"attachment-full size-full wp-image-24701\" alt=\"\" srcset=\"https:\/\/ommegang.be\/wp-content\/uploads\/2025\/05\/beatricesoetkens-1.jpg 300w, https:\/\/ommegang.be\/wp-content\/uploads\/2025\/05\/beatricesoetkens-1-209x300.jpg 209w\" sizes=\"(max-width: 300px) 100vw, 300px\" \/>\t\t\t\t\t\t\t\t\t\t\t\t\t\t\t<\/div>\n\t\t\t\t<\/div>\n\t\t\t\t\t<\/div>\n\t\t<\/div>\n\t\t\t\t<div class=\"elementor-column elementor-col-50 elementor-top-column elementor-element elementor-element-11630ac sc_content_align_inherit sc_layouts_column_icons_position_left sc_fly_static\" data-id=\"11630ac\" data-element_type=\"column\" data-e-type=\"column\">\n\t\t\t<div class=\"elementor-widget-wrap elementor-element-populated\">\n\t\t\t\t\t\t<div class=\"elementor-element elementor-element-3f1f0d1 sc_fly_static elementor-widget elementor-widget-trx_sc_title\" data-id=\"3f1f0d1\" data-element_type=\"widget\" data-e-type=\"widget\" data-widget_type=\"trx_sc_title.default\">\n\t\t\t\t<div class=\"elementor-widget-container\">\n\t\t\t\t\t<div\t\tclass=\"sc_title sc_title_default\" ><h1 class=\"sc_item_title sc_title_title sc_item_title_style_default sc_item_title_tag\"\n\t\t\t><span class=\"sc_item_title_text\"><span class=\"fontOmmegang\">Beatrice Soekens<\/span><\/span><\/h1><\/div>\t\t\t\t<\/div>\n\t\t\t\t<\/div>\n\t\t\t\t<div class=\"elementor-element elementor-element-b5938ba sc_fly_static elementor-widget elementor-widget-spacer\" data-id=\"b5938ba\" data-element_type=\"widget\" data-e-type=\"widget\" data-widget_type=\"spacer.default\">\n\t\t\t\t<div class=\"elementor-widget-container\">\n\t\t\t\t\t\t\t<div class=\"elementor-spacer\">\n\t\t\t<div class=\"elementor-spacer-inner\"><\/div>\n\t\t<\/div>\n\t\t\t\t\t\t<\/div>\n\t\t\t\t<\/div>\n\t\t\t\t<div class=\"elementor-element elementor-element-f63ec3f premium-unfold-btn-inside sc_fly_static elementor-widget elementor-widget-premium-unfold-addon\" data-id=\"f63ec3f\" data-element_type=\"widget\" data-e-type=\"widget\" data-settings=\"{&quot;premium_unfold_button_fold_text&quot;:&quot;Seguir leyendo&quot;,&quot;premium_unfold_button_unfold_text&quot;:&quot;Leer menos&quot;,&quot;premium_unfold_fold_height_select&quot;:&quot;percent&quot;,&quot;premium_unfold_fold_height&quot;:60,&quot;premium_unfold_fold_dur_select&quot;:&quot;fast&quot;,&quot;premium_unfold_fold_easing&quot;:&quot;swing&quot;,&quot;premium_unfold_unfold_dur_select&quot;:&quot;fast&quot;,&quot;premium_unfold_unfold_easing&quot;:&quot;swing&quot;}\" data-widget_type=\"premium-unfold-addon.default\">\n\t\t\t\t<div class=\"elementor-widget-container\">\n\t\t\t\t\t\r\n\t\t<div class='premium-unfold-container'>\r\n\t\t\t<div class='premium-unfold-folder'>\r\n\t\t\t\t\r\n\t\t\t\t<div id=\"premium-unfold-content-f63ec3f\" class=\"premium-unfold-content toggled\">\r\n\t\t\t\t\t<div class=\"premium-unfold-content-wrap\">\r\n\t\t\t\t\t\t\t\t\t\t\t\t\t<p>En la Edad Media, la devoci\u00f3n a la Virgen prevalec\u00eda sobre todas las dem\u00e1s. El Ommegang naci\u00f3 en esta atm\u00f3sfera. Est\u00e1bamos en 1348. En ese momento, Bruselas era una ciudad de cuarenta mil habitantes, igual que Londres. Los duques todav\u00eda no hab\u00edan construido su \u00faltima muralla, que fue el resultado de su expansi\u00f3n demogr\u00e1fica, pero unos muros de cuatro kil\u00f3metros la proteg\u00edan de los peligros externos. La ciudad era indudablemente pr\u00f3spera gracias a su producci\u00f3n de pa\u00f1os que ya anunciaban los famosos tapices del siglo siguiente. Est\u00e1bamos en v\u00edsperas de la llegada de Wenceslao de Luxemburgo al lecho de la duquesa Juana, que har\u00eda de Coudenberg uno de los palacios mejor frecuentados de su tiempo. Libradas de la Guerra de los Cien A\u00f1os, nuestras regiones no lo estaban de la Peste Negra ni de los bandoleros de todo pelaje. Una mujer devota llamada Beatriz Soetkens tuvo una visi\u00f3n. En ella, Mar\u00eda en persona, la \u00abMadre de Dios\u00bb, la exhortaba a ir a Amberes donde se veneraba una estatua de madera a su semejanza, la <em>Onze Lieve<\/em> <em>Vrouw op Stoksten<\/em> (Nuestra Se\u00f1ora de la Rama, probablemente una diosa pagana reconvertida). Su misi\u00f3n era llevar la estatua a Bruselas, ciudad que la Virgen quer\u00eda recompensar por sus buenos oficios. Todo ello muy rocambolesco. Es cierto que el Cielo, no m\u00e1s que el soberano, carec\u00eda de explicaciones para aclarar dicho comportamiento. La excelente Beatriz, acompa\u00f1ada de su marido, baj\u00f3 el curso del Sena, el Rupel y el Escalda en una barquita y corri\u00f3 a la Colegiata de Amberes, donde se hallaba el objeto de sus fantas\u00edas. El sacrist\u00e1n quiso oponerse a semejante latrocinio por las bravas, pero un aliento divino lo paraliz\u00f3 en el acto. Los clept\u00f3manos celestiales pudieron regresar a su esquife sin ser molestados. Cuando trataban de remontar el curso de los r\u00edos (mientras consultaban sus mapas geogr\u00e1ficos&#8230; ), los esposos Soetkens fueron presa de una calma chicha. Y los amberinos se acercaban armados con horcas. Afortunadamente, el famoso aliento divino se apoder\u00f3 del esquife como un fuego de San Telmo y lo propuls\u00f3 a toda velocidad hacia un prado que descend\u00eda del Sabl\u00f3n. Los ballesteros del <em>Grand Serment<\/em> vieron la escena y quedaron profundamente conmovidos con tantas fluorescencias sobrenaturales y la devoci\u00f3n de la desvalijadora a la que, para colmo, acompa\u00f1aba una m\u00fasica <em>made in paradise<\/em>. Huelga decir que la <em>vox populi<\/em> convirti\u00f3 esta bella historia en milagro y que a los habitantes de Amberes no les qued\u00f3 otra que resignarse. Exigieron, sin embargo, que la modesta capilla del Sabl\u00f3n se convirtiera en un templazo g\u00f3tico para la veneraci\u00f3n m\u00e1s bella y grandiosa de la Virgen Mar\u00eda. Y se decidi\u00f3 una procesi\u00f3n anual. El Ommegang acababa de salir del limbo. Esta palabra flamenca significa \u00abpaseo alrededor\u00bb. Desde entonces, la estatuilla milagrosa ya jam\u00e1s fue olvidada. Se convirti\u00f3 a partir de ese momento para los bruselenses en el centro del mundo, compitiendo as\u00ed con la estaci\u00f3n de Perpi\u00f1\u00e1n.<\/p><p>A lo largo de los siglos, el Ommegang se transform\u00f3 gradualmente en el evento m\u00e1s hermoso de la ciudad. Las autoridades civiles, los oficios, las c\u00e1maras de ret\u00f3rica y los gremios ya se hab\u00edan sumado y preced\u00edan al clero.<\/p>\t\t\t\t\t\t\t\t\t\t\t\t<\/div>\r\n\t\t\t\t<\/div>\r\n\t\t\t\t\t\t\t\t<div id=\"premium-unfold-gradient-f63ec3f\" class=\"premium-unfold-gradient toggled\"><\/div>\r\n\t\t\t\t\t\t\t<\/div>\r\n\t\t\t\t<a class=\"premium-button premium-btn-sm\" href=\"javascript:;\" aria-label=\"Seguir leyendo\">\r\n\t\t\t\t\t<span class=\"premium-unfold-button-text\"><\/span>\r\n\t\t\t\t<\/a>\r\n\t\t\t\t<\/div>\r\n\t\t\r\n\t\t\t\t\t\t\t\t<\/div>\n\t\t\t\t<\/div>\n\t\t\t\t<div class=\"elementor-element elementor-element-3ce022d sc_fly_static elementor-widget elementor-widget-spacer\" data-id=\"3ce022d\" data-element_type=\"widget\" data-e-type=\"widget\" data-widget_type=\"spacer.default\">\n\t\t\t\t<div class=\"elementor-widget-container\">\n\t\t\t\t\t\t\t<div class=\"elementor-spacer\">\n\t\t\t<div class=\"elementor-spacer-inner\"><\/div>\n\t\t<\/div>\n\t\t\t\t\t\t<\/div>\n\t\t\t\t<\/div>\n\t\t\t\t<div class=\"elementor-element elementor-element-f4c0725 sc_height_small sc_layouts_hide_on_tablet sc_fly_static elementor-widget elementor-widget-spacer\" data-id=\"f4c0725\" data-element_type=\"widget\" data-e-type=\"widget\" data-widget_type=\"spacer.default\">\n\t\t\t\t<div class=\"elementor-widget-container\">\n\t\t\t\t\t\t\t<div class=\"elementor-spacer\">\n\t\t\t<div class=\"elementor-spacer-inner\"><\/div>\n\t\t<\/div>\n\t\t\t\t\t\t<\/div>\n\t\t\t\t<\/div>\n\t\t\t\t\t<\/div>\n\t\t<\/div>\n\t\t\t\t\t<\/div>\n\t\t<\/section>\n\t\t\t\t<section class=\"elementor-section elementor-top-section elementor-element elementor-element-719bb6e elementor-section-content-middle elementor-section-boxed elementor-section-height-default elementor-section-height-default sc_fly_static\" data-id=\"719bb6e\" data-element_type=\"section\" data-e-type=\"section\" id=\"charles\">\n\t\t\t\t\t\t<div class=\"elementor-container elementor-column-gap-extended\">\n\t\t\t\t\t<div class=\"elementor-column elementor-col-50 elementor-top-column elementor-element elementor-element-cb135d7 sc_content_align_inherit sc_layouts_column_icons_position_left sc_fly_static\" data-id=\"cb135d7\" data-element_type=\"column\" data-e-type=\"column\">\n\t\t\t<div class=\"elementor-widget-wrap elementor-element-populated\">\n\t\t\t\t\t\t<div class=\"elementor-element elementor-element-8a5ba46 sc_fly_static elementor-widget elementor-widget-trx_sc_title\" data-id=\"8a5ba46\" data-element_type=\"widget\" data-e-type=\"widget\" data-widget_type=\"trx_sc_title.default\">\n\t\t\t\t<div class=\"elementor-widget-container\">\n\t\t\t\t\t<div\t\tclass=\"sc_title sc_title_default\" ><h1 class=\"sc_item_title sc_title_title sc_item_title_style_default sc_item_title_tag\"\n\t\t\t><span class=\"sc_item_title_text\"><span class=\"fontOmmegang\">Carlos V<\/span><\/span><\/h1><\/div>\t\t\t\t<\/div>\n\t\t\t\t<\/div>\n\t\t\t\t<div class=\"elementor-element elementor-element-b40e716 sc_fly_static elementor-widget elementor-widget-spacer\" data-id=\"b40e716\" data-element_type=\"widget\" data-e-type=\"widget\" data-widget_type=\"spacer.default\">\n\t\t\t\t<div class=\"elementor-widget-container\">\n\t\t\t\t\t\t\t<div class=\"elementor-spacer\">\n\t\t\t<div class=\"elementor-spacer-inner\"><\/div>\n\t\t<\/div>\n\t\t\t\t\t\t<\/div>\n\t\t\t\t<\/div>\n\t\t\t\t<div class=\"elementor-element elementor-element-e890138 premium-unfold-btn-inside sc_fly_static elementor-widget elementor-widget-premium-unfold-addon\" data-id=\"e890138\" data-element_type=\"widget\" data-e-type=\"widget\" data-settings=\"{&quot;premium_unfold_button_fold_text&quot;:&quot;Seguir leyendo&quot;,&quot;premium_unfold_button_unfold_text&quot;:&quot;Leer menos&quot;,&quot;premium_unfold_fold_height&quot;:25,&quot;premium_unfold_fold_height_select&quot;:&quot;percent&quot;,&quot;premium_unfold_fold_dur_select&quot;:&quot;fast&quot;,&quot;premium_unfold_fold_easing&quot;:&quot;swing&quot;,&quot;premium_unfold_unfold_dur_select&quot;:&quot;fast&quot;,&quot;premium_unfold_unfold_easing&quot;:&quot;swing&quot;}\" data-widget_type=\"premium-unfold-addon.default\">\n\t\t\t\t<div class=\"elementor-widget-container\">\n\t\t\t\t\t\r\n\t\t<div class='premium-unfold-container'>\r\n\t\t\t<div class='premium-unfold-folder'>\r\n\t\t\t\t\r\n\t\t\t\t<div id=\"premium-unfold-content-e890138\" class=\"premium-unfold-content toggled\">\r\n\t\t\t\t\t<div class=\"premium-unfold-content-wrap\">\r\n\t\t\t\t\t\t\t\t\t\t\t\t\t<p>Nacido en Gante el 24 de febrero de 1500, Carlos de Austria, cuyo primer t\u00edtulo fue el de Duque de Luxemburgo, siempre fue considerado como \u00abnuestro pr\u00edncipe natural\u00bb. Pertenec\u00eda, sin embargo, a una dinast\u00eda que reinaba en Europa Central y sobre el Imperio. Los Habsburgo, su familia, experimentaron un aumento extraordinario de su poder al casarse el abuelo de Carlos, el futuro emperador Maximiliano, con Mar\u00eda de Borgo\u00f1a, heredera de los Pa\u00edses Bajos meridionales (B\u00e9lgica, Holanda, Luxemburgo, Artois) y del bloque de Borgo\u00f1a (Ducado de Borgo\u00f1a, asumido por Luis XI, Charolais y Franco-Condado). Su padre, Felipe el Hermoso, lo super\u00f3 si cabe al unirse con Juana de Castilla, hija de Fernando, rey de Arag\u00f3n, e Isabel, reina de Castilla (eran primos hermanos), y su futura heredera.<\/p><p>Adem\u00e1s de en Arag\u00f3n y Catalu\u00f1a, Fernando rein\u00f3 en las Islas Baleares, Cerde\u00f1a, N\u00e1poles y Sicilia, la mitad de Navarra, as\u00ed como Malta y parte del norte de \u00c1frica.<\/p><p>Sus \u00e9xitos africanos incluso llevaron al Papa Le\u00f3n X a concederle en 1510 (sin ning\u00fan derecho din\u00e1stico) el t\u00edtulo de Rey de Jerusal\u00e9n. En cuanto a Isabel, su esposa, hab\u00eda conquistado el reino de Granada y, al financiar la expedici\u00f3n de Col\u00f3n, brind\u00f3 a Castilla el control de toda Am\u00e9rica.<\/p><p>Por \u00faltimo, al morir en 1519 su abuelo Maximiliano, Carlos se convirti\u00f3 en gobernante de los Estados de Austria y, gracias al apoyo de los banqueros Fugger de Augsburgo, logr\u00f3 ser elegido Emperador del Sacro Imperio Romano en lugar de Francisco I. A partir de entonces, se le llam\u00f3 Carlos V (en lat\u00edn <em>Carolus quintus<\/em>, de ah\u00ed su sobrenombre de Carlos V).<\/p><p>En 1506, tras la muerte de Isabel, Felipe el Hermoso, que hab\u00eda ido a tomar posesi\u00f3n del reino de Castilla, muri\u00f3 repentinamente en Burgos, quiz\u00e1s envenenado por su suegro, Fernando de Arag\u00f3n. Carlos qued\u00f3 pues hu\u00e9rfano de padre, mientras que su madre, que hab\u00eda permanecido en Espa\u00f1a, era puesta bajo tutela por su propio padre bajo el pretexto de inestabilidad mental. Desde entonces, la desafortunada mujer fue apodada Juana la Loca.<\/p><p>El ni\u00f1o, que se convertir\u00eda en el hombre m\u00e1s poderoso de Europa, se educ\u00f3 bajo la supervisi\u00f3n de su t\u00eda Margarita de Austria y la alta nobleza de los Pa\u00edses Bajos, lo que le inculc\u00f3 una gran reserva en sus relaciones con los dem\u00e1s pero tambi\u00e9n un verdadero apego a nuestras provincias y sus habitantes. Los comienzos de su reinado estuvieron asimismo marcados por la pol\u00edtica de apaciguamiento pro francesa de su tutor, William de Cro\u00ff. Otra influencia notable fue la de la caballer\u00eda, venerada en el condado de Hainaut, con sus valores de coraje y lealtad. Finalmente, su religi\u00f3n cat\u00f3lica, intensa pero relativamente abierta, siempre le permiti\u00f3 distinguir las ense\u00f1anzas de Cristo de la moral disoluta del alto clero. Su educador fue Adrien Floriszoon, quien m\u00e1s tarde se convirti\u00f3 en el papa Adri\u00e1n VII, cuya piedad descoll\u00f3 sobre la de los dem\u00e1s pont\u00edfices de su tiempo.<\/p><p>Por lo tanto, fue a la vez un hombre de la Edad Media y el Renacimiento, que uni\u00f3 a su af\u00e1n de gloria la misi\u00f3n que Dios parec\u00eda haber encomendado a la casa de Austria y que le inspir\u00f3 la c\u00e9lebre <em>gravitas<\/em> de los Habsburgo, mezcla de reserva hier\u00e1tica, sencillez y seriedad. Posteriormente, su ministro Mercurino Gattinara desarroll\u00f3 para \u00e9l una ideolog\u00eda de unificaci\u00f3n de Europa que el emperador puso al servicio de una vocaci\u00f3n de defensa del continente contra la expansi\u00f3n turca.<\/p><p>Cinco l\u00edneas maestras caracterizan su reinado:<\/p><ol><li>a) Su rivalidad con la Francia de Francisco I y Enrique II. Fue la causa de cinco guerras que le costaron al Emperador una fortuna, pero que le hicieron ganar la p\u00e9rdida de la soberan\u00eda francesa sobre Flandes y Mil\u00e1n.<\/li><li>b) La extraordinaria expansi\u00f3n espa\u00f1ola en Am\u00e9rica.<\/li><li>c) La lucha contra los otomanos, ya sea en T\u00fanez, Argel o a las puertas de Viena.<\/li><li>d) La unificaci\u00f3n alemana bajo su autoridad.<\/li><li>e) La lucha contra la Reforma y la b\u00fasqueda permanente de un concilio ecum\u00e9nico para reconciliar a cat\u00f3licos y protestantes.<\/li><\/ol><p>\u00a0<\/p><p>Tras acceder al t\u00edtulo transitorio de Rey de los Romanos en el a\u00f1o 1519, Carlos V fue coronado emperador por el Papa en Bolonia en 1530. Despu\u00e9s de su brillante victoria de M\u00fchlberg en 1546 contra los pr\u00edncipes protestantes alemanes, pudo determinar el destino de los Pa\u00edses Bajos, que separ\u00f3 del Imperio, y abrir el camino hacia la dominaci\u00f3n universal cuando cas\u00f3 a su hijo Felipe con Mar\u00eda Tudor, reina de Inglaterra. A pesar de la traici\u00f3n de su antiguo aliado Mauricio de Sajonia, el apogeo de su reinado se sit\u00faa entre 1546 y 1554. Sus \u00faltimos reveses, sumados a una salud muy precaria, lo instaron a renunciar a sus muchas posesiones en 1555 y en 1556.<\/p><p>\u00a0<\/p><p>Sin embargo, y sin dar muestras de una gran audacia hist\u00f3rica, es muy plausible que el 2 de junio de 1549, cuando asist\u00eda al m\u00e1s bello de los Ommegang en Bruselas, Carlos V se sintiera plenamente realizado a pesar de las penalidades extraordinarias que le causaban los viajes permanentes y unas guerras sangrientas. Sin duda tambi\u00e9n debi\u00f3 evocar el inmenso amor que lo hab\u00eda unido a su esposa Isabel de Portugal, una de las princesas m\u00e1s bellas de Europa en el momento del Renacimiento.<\/p><p>Incluso en su retiro de Yuste (Extremadura), donde llev\u00f3 una vida serena y casi mon\u00e1stica antes de fallecer el 21 de septiembre de 1558, tuvo todav\u00eda la satisfacci\u00f3n de enterarse de la gran victoria de San Quint\u00edn (1557), gracias a la cual su hijo Felipe pudo zanjar los conflictos relativos a Italia con la Francia de los Valois.<\/p><p>\u00a0<\/p><p>En definitiva, Carlos V, que era muy inteligente, sintetiz\u00f3 en su persona los valores medievales como el respeto por la palabra dada, la lealtad y la sumisi\u00f3n de todos los soberanos a la voluntad de Dios, y se mostr\u00f3 a la vez progresista por su af\u00e1n de unificaci\u00f3n europea y la certeza de que en s\u00ed mismo no era nada si no velaba por la felicidad de los pueblos que la Providencia le hab\u00eda confiado. A diferencia de los reyes de Francia, antepon\u00eda el inter\u00e9s de sus s\u00fabditos a su esplendor personal, pero tambi\u00e9n, lo que hoy nos asombra, la salvaci\u00f3n de sus almas a su bienestar ciudadano. Para el \u00abbuen pueblo\u00bb de Brabante encarn\u00f3 el s\u00edmbolo de una grandeza incomparable y una encantadora bonhom\u00eda mientras que, frente a los herejes, se mostr\u00f3 tan severo como su hijo Felipe II y en 1539 castig\u00f3 despiadadamente a los rebeldes de Gante (iron\u00eda de la historia: quer\u00edan volver a ser franceses porque el reino de Francia exig\u00eda menos impuestos&#8230;).<\/p><p>\u00a0<\/p><p>En nuestras regiones, y junto a Carlomagno, ser\u00eda considerado como el soberano por excelencia as\u00ed como el mejor difusor de la \u00abcultura flamenca\u00bb (es decir, la de los Pa\u00edses Bajos) en toda Europa: la pintura, la m\u00fasica y el arte del tapiz se impusieron como un modelo prestigioso y envidiado.<\/p>\t\t\t\t\t\t\t\t\t\t\t\t<\/div>\r\n\t\t\t\t<\/div>\r\n\t\t\t\t\t\t\t\t<div id=\"premium-unfold-gradient-e890138\" class=\"premium-unfold-gradient toggled\"><\/div>\r\n\t\t\t\t\t\t\t<\/div>\r\n\t\t\t\t<a class=\"premium-button premium-btn-sm\" href=\"javascript:;\" aria-label=\"Seguir leyendo\">\r\n\t\t\t\t\t<span class=\"premium-unfold-button-text\"><\/span>\r\n\t\t\t\t<\/a>\r\n\t\t\t\t<\/div>\r\n\t\t\r\n\t\t\t\t\t\t\t\t<\/div>\n\t\t\t\t<\/div>\n\t\t\t\t<div class=\"elementor-element elementor-element-e6a6bcc sc_height_small sc_layouts_hide_on_tablet sc_fly_static elementor-widget elementor-widget-spacer\" data-id=\"e6a6bcc\" data-element_type=\"widget\" data-e-type=\"widget\" data-widget_type=\"spacer.default\">\n\t\t\t\t<div class=\"elementor-widget-container\">\n\t\t\t\t\t\t\t<div class=\"elementor-spacer\">\n\t\t\t<div class=\"elementor-spacer-inner\"><\/div>\n\t\t<\/div>\n\t\t\t\t\t\t<\/div>\n\t\t\t\t<\/div>\n\t\t\t\t<div class=\"elementor-element elementor-element-9aab4ee sc_height_small sc_layouts_hide_on_tablet sc_fly_static elementor-widget elementor-widget-spacer\" data-id=\"9aab4ee\" data-element_type=\"widget\" data-e-type=\"widget\" data-widget_type=\"spacer.default\">\n\t\t\t\t<div class=\"elementor-widget-container\">\n\t\t\t\t\t\t\t<div class=\"elementor-spacer\">\n\t\t\t<div class=\"elementor-spacer-inner\"><\/div>\n\t\t<\/div>\n\t\t\t\t\t\t<\/div>\n\t\t\t\t<\/div>\n\t\t\t\t\t<\/div>\n\t\t<\/div>\n\t\t\t\t<div class=\"elementor-column elementor-col-50 elementor-top-column elementor-element elementor-element-9b4e18a sc_content_align_inherit sc_layouts_column_icons_position_left sc_fly_static\" data-id=\"9b4e18a\" data-element_type=\"column\" data-e-type=\"column\">\n\t\t\t<div class=\"elementor-widget-wrap elementor-element-populated\">\n\t\t\t\t\t\t<section class=\"elementor-section elementor-inner-section elementor-element elementor-element-59c4daf elementor-section-boxed elementor-section-height-default elementor-section-height-default sc_fly_static\" data-id=\"59c4daf\" data-element_type=\"section\" data-e-type=\"section\">\n\t\t\t\t\t\t<div class=\"elementor-container elementor-column-gap-extended\">\n\t\t\t\t\t<div class=\"elementor-column elementor-col-100 elementor-inner-column elementor-element elementor-element-3a95b07 sc_content_align_inherit sc_layouts_column_icons_position_left sc_fly_static\" data-id=\"3a95b07\" data-element_type=\"column\" data-e-type=\"column\">\n\t\t\t<div class=\"elementor-widget-wrap elementor-element-populated\">\n\t\t\t\t\t\t<div class=\"elementor-element elementor-element-2f66991 dce_masking-none sc_fly_static elementor-widget elementor-widget-image\" data-id=\"2f66991\" data-element_type=\"widget\" data-e-type=\"widget\" data-widget_type=\"image.default\">\n\t\t\t\t<div class=\"elementor-widget-container\">\n\t\t\t\t\t\t\t\t\t\t\t\t\t\t\t<img decoding=\"async\" width=\"300\" height=\"430\" src=\"https:\/\/ommegang.be\/wp-content\/uploads\/2025\/05\/Charles-1.jpg\" class=\"attachment-large size-large wp-image-24698\" alt=\"\" srcset=\"https:\/\/ommegang.be\/wp-content\/uploads\/2025\/05\/Charles-1.jpg 300w, https:\/\/ommegang.be\/wp-content\/uploads\/2025\/05\/Charles-1-209x300.jpg 209w\" sizes=\"(max-width: 300px) 100vw, 300px\" \/>\t\t\t\t\t\t\t\t\t\t\t\t\t\t\t<\/div>\n\t\t\t\t<\/div>\n\t\t\t\t\t<\/div>\n\t\t<\/div>\n\t\t\t\t\t<\/div>\n\t\t<\/section>\n\t\t\t\t<div class=\"elementor-element elementor-element-56e57d7 sc_height_small sc_layouts_hide_on_tablet sc_fly_static elementor-widget elementor-widget-spacer\" data-id=\"56e57d7\" data-element_type=\"widget\" data-e-type=\"widget\" data-widget_type=\"spacer.default\">\n\t\t\t\t<div class=\"elementor-widget-container\">\n\t\t\t\t\t\t\t<div class=\"elementor-spacer\">\n\t\t\t<div class=\"elementor-spacer-inner\"><\/div>\n\t\t<\/div>\n\t\t\t\t\t\t<\/div>\n\t\t\t\t<\/div>\n\t\t\t\t\t<\/div>\n\t\t<\/div>\n\t\t\t\t\t<\/div>\n\t\t<\/section>\n\t\t\t\t<section data-dce-background-color=\"#FFFFFF\" class=\"elementor-section elementor-top-section elementor-element elementor-element-85d4e65 elementor-section-content-middle elementor-reverse-mobile elementor-section-boxed elementor-section-height-default elementor-section-height-default sc_fly_static\" data-id=\"85d4e65\" data-element_type=\"section\" data-e-type=\"section\" id=\"philippe\" data-settings=\"{&quot;background_background&quot;:&quot;classic&quot;}\">\n\t\t\t\t\t\t<div class=\"elementor-container elementor-column-gap-extended\">\n\t\t\t\t\t<div class=\"elementor-column elementor-col-50 elementor-top-column elementor-element elementor-element-25f999d sc_content_align_inherit sc_layouts_column_icons_position_left sc_fly_static\" data-id=\"25f999d\" data-element_type=\"column\" data-e-type=\"column\">\n\t\t\t<div class=\"elementor-widget-wrap elementor-element-populated\">\n\t\t\t\t\t\t<div class=\"elementor-element elementor-element-336dcb2 no-title dce_masking-none sc_fly_static elementor-widget elementor-widget-image\" data-id=\"336dcb2\" data-element_type=\"widget\" data-e-type=\"widget\" data-widget_type=\"image.default\">\n\t\t\t\t<div class=\"elementor-widget-container\">\n\t\t\t\t\t\t\t\t\t\t\t\t\t\t\t<img loading=\"lazy\" decoding=\"async\" width=\"300\" height=\"430\" src=\"https:\/\/ommegang.be\/wp-content\/uploads\/2025\/05\/infant-1.jpg\" class=\"attachment-large size-large wp-image-24695\" alt=\"\" srcset=\"https:\/\/ommegang.be\/wp-content\/uploads\/2025\/05\/infant-1.jpg 300w, https:\/\/ommegang.be\/wp-content\/uploads\/2025\/05\/infant-1-209x300.jpg 209w\" sizes=\"(max-width: 300px) 100vw, 300px\" \/>\t\t\t\t\t\t\t\t\t\t\t\t\t\t\t<\/div>\n\t\t\t\t<\/div>\n\t\t\t\t\t<\/div>\n\t\t<\/div>\n\t\t\t\t<div class=\"elementor-column elementor-col-50 elementor-top-column elementor-element elementor-element-b01cf34 sc_content_align_inherit sc_layouts_column_icons_position_left sc_fly_static\" data-id=\"b01cf34\" data-element_type=\"column\" data-e-type=\"column\">\n\t\t\t<div class=\"elementor-widget-wrap elementor-element-populated\">\n\t\t\t\t\t\t<div class=\"elementor-element elementor-element-8f1a961 sc_fly_static elementor-widget elementor-widget-trx_sc_title\" data-id=\"8f1a961\" data-element_type=\"widget\" data-e-type=\"widget\" data-widget_type=\"trx_sc_title.default\">\n\t\t\t\t<div class=\"elementor-widget-container\">\n\t\t\t\t\t<div\t\tclass=\"sc_title sc_title_default\" ><h1 class=\"sc_item_title sc_title_title sc_item_title_style_default sc_item_title_tag\"\n\t\t\t><span class=\"sc_item_title_text\"><span class=\"fontOmmegang\">Infante Philippe<\/span><\/span><\/h1><\/div>\t\t\t\t<\/div>\n\t\t\t\t<\/div>\n\t\t\t\t<div class=\"elementor-element elementor-element-0a5d106 sc_fly_static elementor-widget elementor-widget-spacer\" data-id=\"0a5d106\" data-element_type=\"widget\" data-e-type=\"widget\" data-widget_type=\"spacer.default\">\n\t\t\t\t<div class=\"elementor-widget-container\">\n\t\t\t\t\t\t\t<div class=\"elementor-spacer\">\n\t\t\t<div class=\"elementor-spacer-inner\"><\/div>\n\t\t<\/div>\n\t\t\t\t\t\t<\/div>\n\t\t\t\t<\/div>\n\t\t\t\t<div data-dce-text-color=\"#1F242E\" class=\"elementor-element elementor-element-34d9d76 sc_fly_static elementor-widget elementor-widget-text-editor\" data-id=\"34d9d76\" data-element_type=\"widget\" data-e-type=\"widget\" data-widget_type=\"text-editor.default\">\n\t\t\t\t<div class=\"elementor-widget-container\">\n\t\t\t\t\t\t\t\t\t<p>Felipe II (1527-1598)<\/p>\t\t\t\t\t\t\t\t<\/div>\n\t\t\t\t<\/div>\n\t\t\t\t<div class=\"elementor-element elementor-element-261a0a3 sc_fly_static elementor-widget elementor-widget-spacer\" data-id=\"261a0a3\" data-element_type=\"widget\" data-e-type=\"widget\" data-widget_type=\"spacer.default\">\n\t\t\t\t<div class=\"elementor-widget-container\">\n\t\t\t\t\t\t\t<div class=\"elementor-spacer\">\n\t\t\t<div class=\"elementor-spacer-inner\"><\/div>\n\t\t<\/div>\n\t\t\t\t\t\t<\/div>\n\t\t\t\t<\/div>\n\t\t\t\t<div class=\"elementor-element elementor-element-37200e6 premium-unfold-btn-inside sc_fly_static elementor-widget elementor-widget-premium-unfold-addon\" data-id=\"37200e6\" data-element_type=\"widget\" data-e-type=\"widget\" data-settings=\"{&quot;premium_unfold_button_fold_text&quot;:&quot;Seguir leyendo&quot;,&quot;premium_unfold_button_unfold_text&quot;:&quot;Leer menos&quot;,&quot;premium_unfold_fold_height_select&quot;:&quot;percent&quot;,&quot;premium_unfold_fold_height&quot;:60,&quot;premium_unfold_fold_dur_select&quot;:&quot;fast&quot;,&quot;premium_unfold_fold_easing&quot;:&quot;swing&quot;,&quot;premium_unfold_unfold_dur_select&quot;:&quot;fast&quot;,&quot;premium_unfold_unfold_easing&quot;:&quot;swing&quot;}\" data-widget_type=\"premium-unfold-addon.default\">\n\t\t\t\t<div class=\"elementor-widget-container\">\n\t\t\t\t\t\r\n\t\t<div class='premium-unfold-container'>\r\n\t\t\t<div class='premium-unfold-folder'>\r\n\t\t\t\t\r\n\t\t\t\t<div id=\"premium-unfold-content-37200e6\" class=\"premium-unfold-content toggled\">\r\n\t\t\t\t\t<div class=\"premium-unfold-content-wrap\">\r\n\t\t\t\t\t\t\t\t\t\t\t\t\t<p>El \u00fanico hijo de Carlos V e Isabel de Portugal dej\u00f3 en nuestras tierras muy mal recuerdo. Sin embargo era inteligente, trabajador y f\u00edsicamente atractivo, con su rostro de rasgos regulares y su hermoso cabello rubio. Primer Rey de Espa\u00f1a propiamente dicho, tambi\u00e9n ser\u00eda el que introdujera en la pen\u00ednsula la pasi\u00f3n por el arte de nuestras provincias, el protocolo borgo\u00f1\u00f3n e incluso\u2026 el nombre de pila de Felipe.<\/p><p>A semejanza de su padre, y acorde a un car\u00e1cter propio de los Habsburgo, durante su reinado personific\u00f3 al soberano m\u00e1s poderoso y temible de Europa. \u00bfNo fue acaso el vencedor en 1571 de la batalla naval de Lepanto, que permiti\u00f3 a Espa\u00f1a controlar la navegaci\u00f3n en el Mediterr\u00e1neo? Los espa\u00f1oles todav\u00eda lo consideran un icono nacional. Adem\u00e1s, s\u00f3lo hablaba castellano y mostr\u00f3 a lo largo de su vida una fe cat\u00f3lica intransigente, cuyo s\u00edmbolo m\u00e1s deslumbrante sigue siendo el monasterio palatino de El Escorial.<\/p><p>A pesar de algunas quiebras, la fuerza del Estado espa\u00f1ol resid\u00eda en el oro de las Am\u00e9ricas pero sobre todo en las minas de Potos\u00ed, explotadas desde 1545. La abundante liquidez conllev\u00f3 una de las mayores inflaciones de todos los tiempos, que dio la vuelta al mundo y termin\u00f3 causando la ca\u00edda de los Ming en China en 1645, exactamente cien a\u00f1os despu\u00e9s.<\/p><p>En nuestra tierra, la represi\u00f3n del protestantismo y del nihilismo de los iconoclastas a partir de 1566 llev\u00f3 a la famosa Guerra de los Ochenta a\u00f1os, que se plasm\u00f3 en 1648 en el reconocimiento de las Provincias Unidas, convertidas en una de las grandes potencias europeas. Felipe II, a pesar de la represi\u00f3n del Duque de Alba y la ejecuci\u00f3n de los Duques de Egmont y de Hornes en 1568, es pues el creador involuntario de B\u00e9lgica. Aunque nadie en Bruselas lo considera el \u00abPadre de la Patria\u00bb\u2026<\/p><p>A pesar de que el final de su reinado se vio empa\u00f1ado por el desastre de la Armada Espa\u00f1ola en 1588, desde 1580 se anexion\u00f3 Portugal y su vasto imperio colonial. Y, contrariamente a la creencia popular, la flota inglesa experiment\u00f3 desastres similares, como el de la expedici\u00f3n Drake-Norreys de 1589 a lo largo de las costas atl\u00e1nticas de la Espa\u00f1a unificada (42 barcos perdidos y 13.000 muertos) y m\u00e1s tarde, en 1595, en Am\u00e9rica del Sur.<\/p>\t\t\t\t\t\t\t\t\t\t\t\t<\/div>\r\n\t\t\t\t<\/div>\r\n\t\t\t\t\t\t\t\t<div id=\"premium-unfold-gradient-37200e6\" class=\"premium-unfold-gradient toggled\"><\/div>\r\n\t\t\t\t\t\t\t<\/div>\r\n\t\t\t\t<a class=\"premium-button premium-btn-sm\" href=\"javascript:;\" aria-label=\"Seguir leyendo\">\r\n\t\t\t\t\t<span class=\"premium-unfold-button-text\"><\/span>\r\n\t\t\t\t<\/a>\r\n\t\t\t\t<\/div>\r\n\t\t\r\n\t\t\t\t\t\t\t\t<\/div>\n\t\t\t\t<\/div>\n\t\t\t\t<div class=\"elementor-element elementor-element-6464be8 sc_fly_static elementor-widget elementor-widget-spacer\" data-id=\"6464be8\" data-element_type=\"widget\" data-e-type=\"widget\" data-widget_type=\"spacer.default\">\n\t\t\t\t<div class=\"elementor-widget-container\">\n\t\t\t\t\t\t\t<div class=\"elementor-spacer\">\n\t\t\t<div class=\"elementor-spacer-inner\"><\/div>\n\t\t<\/div>\n\t\t\t\t\t\t<\/div>\n\t\t\t\t<\/div>\n\t\t\t\t<div class=\"elementor-element elementor-element-356dc4a sc_height_small sc_layouts_hide_on_tablet sc_fly_static elementor-widget elementor-widget-spacer\" data-id=\"356dc4a\" data-element_type=\"widget\" data-e-type=\"widget\" data-widget_type=\"spacer.default\">\n\t\t\t\t<div class=\"elementor-widget-container\">\n\t\t\t\t\t\t\t<div class=\"elementor-spacer\">\n\t\t\t<div class=\"elementor-spacer-inner\"><\/div>\n\t\t<\/div>\n\t\t\t\t\t\t<\/div>\n\t\t\t\t<\/div>\n\t\t\t\t\t<\/div>\n\t\t<\/div>\n\t\t\t\t\t<\/div>\n\t\t<\/section>\n\t\t\t\t<section class=\"elementor-section elementor-top-section elementor-element elementor-element-189019d elementor-section-content-middle elementor-section-boxed elementor-section-height-default elementor-section-height-default sc_fly_static\" data-id=\"189019d\" data-element_type=\"section\" data-e-type=\"section\" id=\"marie\">\n\t\t\t\t\t\t<div class=\"elementor-container elementor-column-gap-extended\">\n\t\t\t\t\t<div class=\"elementor-column elementor-col-50 elementor-top-column elementor-element elementor-element-49092fa sc_content_align_inherit sc_layouts_column_icons_position_left sc_fly_static\" data-id=\"49092fa\" data-element_type=\"column\" data-e-type=\"column\">\n\t\t\t<div class=\"elementor-widget-wrap elementor-element-populated\">\n\t\t\t\t\t\t<div class=\"elementor-element elementor-element-a0b965e sc_fly_static elementor-widget elementor-widget-trx_sc_title\" data-id=\"a0b965e\" data-element_type=\"widget\" data-e-type=\"widget\" data-widget_type=\"trx_sc_title.default\">\n\t\t\t\t<div class=\"elementor-widget-container\">\n\t\t\t\t\t<div\t\tclass=\"sc_title sc_title_default\" ><h1 class=\"sc_item_title sc_title_title sc_item_title_style_default sc_item_title_tag\"\n\t\t\t><span class=\"sc_item_title_text\"><span class=\"fontOmmegang\">Mar\u00eda de Austria<\/span><\/span><\/h1><\/div>\t\t\t\t<\/div>\n\t\t\t\t<\/div>\n\t\t\t\t<div class=\"elementor-element elementor-element-bc79e6a sc_fly_static elementor-widget elementor-widget-spacer\" data-id=\"bc79e6a\" data-element_type=\"widget\" data-e-type=\"widget\" data-widget_type=\"spacer.default\">\n\t\t\t\t<div class=\"elementor-widget-container\">\n\t\t\t\t\t\t\t<div class=\"elementor-spacer\">\n\t\t\t<div class=\"elementor-spacer-inner\"><\/div>\n\t\t<\/div>\n\t\t\t\t\t\t<\/div>\n\t\t\t\t<\/div>\n\t\t\t\t<div data-dce-text-color=\"#1F242E\" class=\"elementor-element elementor-element-887c132 sc_fly_static elementor-widget elementor-widget-text-editor\" data-id=\"887c132\" data-element_type=\"widget\" data-e-type=\"widget\" data-widget_type=\"text-editor.default\">\n\t\t\t\t<div class=\"elementor-widget-container\">\n\t\t\t\t\t\t\t\t\t<p>Mar\u00eda de Hungr\u00eda (1505-1558)<\/p>\t\t\t\t\t\t\t\t<\/div>\n\t\t\t\t<\/div>\n\t\t\t\t<div class=\"elementor-element elementor-element-8c59437 sc_height_small sc_fly_static elementor-widget elementor-widget-spacer\" data-id=\"8c59437\" data-element_type=\"widget\" data-e-type=\"widget\" data-widget_type=\"spacer.default\">\n\t\t\t\t<div class=\"elementor-widget-container\">\n\t\t\t\t\t\t\t<div class=\"elementor-spacer\">\n\t\t\t<div class=\"elementor-spacer-inner\"><\/div>\n\t\t<\/div>\n\t\t\t\t\t\t<\/div>\n\t\t\t\t<\/div>\n\t\t\t\t<div class=\"elementor-element elementor-element-a80e49a premium-unfold-btn-inside sc_fly_static elementor-widget elementor-widget-premium-unfold-addon\" data-id=\"a80e49a\" data-element_type=\"widget\" data-e-type=\"widget\" data-settings=\"{&quot;premium_unfold_button_fold_text&quot;:&quot;Seguir leyendo&quot;,&quot;premium_unfold_button_unfold_text&quot;:&quot;Leer menos&quot;,&quot;premium_unfold_fold_height_select&quot;:&quot;percent&quot;,&quot;premium_unfold_fold_height&quot;:60,&quot;premium_unfold_fold_dur_select&quot;:&quot;fast&quot;,&quot;premium_unfold_fold_easing&quot;:&quot;swing&quot;,&quot;premium_unfold_unfold_dur_select&quot;:&quot;fast&quot;,&quot;premium_unfold_unfold_easing&quot;:&quot;swing&quot;}\" data-widget_type=\"premium-unfold-addon.default\">\n\t\t\t\t<div class=\"elementor-widget-container\">\n\t\t\t\t\t\r\n\t\t<div class='premium-unfold-container'>\r\n\t\t\t<div class='premium-unfold-folder'>\r\n\t\t\t\t\r\n\t\t\t\t<div id=\"premium-unfold-content-a80e49a\" class=\"premium-unfold-content toggled\">\r\n\t\t\t\t\t<div class=\"premium-unfold-content-wrap\">\r\n\t\t\t\t\t\t\t\t\t\t\t\t\t<p>La archiduquesa Infanta Mar\u00eda de Austria se convirti\u00f3 en Mar\u00eda de Hungr\u00eda en 1522 a ra\u00edz de su matrimonio con Luis II Jagell\u00f3n, rey de Hungr\u00eda y Bohemia. \u00c9ste muri\u00f3 en 1526 en la batalla de Moh\u00e1cs, ganada por los turcos que se apoderaron de casi todo el estado h\u00fangaro. La temprana viudez de Mar\u00eda y la confianza mostrada por su hermano Carlos V originaron uno de los reinados m\u00e1s notables del siglo XVI.<\/p><p>Al igual que su hermano, fue criada en Malinas por su t\u00eda Margarita de Austria, aunque Maximiliano pronto quiso poder perfeccionar la educaci\u00f3n de su nieta, a quien mand\u00f3 venir a Austria. Por razones relacionadas con la pol\u00edtica imperial, Mar\u00eda fue destinada a Luis Jagell\u00f3n, mientras que la hermana (y heredera) de \u00e9ste, Ana Jagell\u00f3n, fue prometida a Fernando, el \u00fanico hermano de Carlos V. Durante su reinado y luego su regencia en Europa Central, Mar\u00eda se mostr\u00f3 muy interesada por el humanismo y la Reforma Protestante. Pero, posteriormente, sus dos hermanos le impusieron una pol\u00edtica consistente en rechazar el di\u00e1logo y su posici\u00f3n contra los disc\u00edpulos de Lutero sigui\u00f3 endureci\u00e9ndose.<\/p><p>Carlos V, al cargo de la gesti\u00f3n de estados muy dispares, le pidi\u00f3 que reemplazara a Margarita de Austria al frente de los Pa\u00edses Bajos. Desde 1530 hasta 1558 demostr\u00f3 ser una gobernante formidable, desplegando tanta energ\u00eda para proporcionar recursos financieros a su hermano como para enriquecer a los Pa\u00edses Bajos con innumerables iniciativas econ\u00f3micas.<\/p><p>Reconocida como una gran cazadora, tambi\u00e9n ten\u00eda dotes de organizaci\u00f3n militar, todo ello impulsado por una energ\u00eda fenomenal que encubr\u00eda tendencias depresivas. Pero compensaba esta deficiencia interna con un gusto excepcional por las artes, la m\u00fasica y la literatura. Su palacio en Bruselas y el de Binche, que hab\u00eda mandado construir a Jacques Dubr\u0153ucq, fueron el escenario de una corte brillante donde ella personific\u00f3 la grandeza de la casa imperial. Adem\u00e1s, los pintores m\u00e1s sobresalientes (como Tiziano o Antonio Moro) le entregaron numerosos encargos que, sumados a las colecciones hereditarias de los Habsburgo, hicieron de estos castillos verdaderos museos. Todav\u00eda se recuerdan las fiestas de Binche celebradas en 1547 durante la visita de Carlos V, de las cuales Brantome escribi\u00f3: \u00abNada era m\u00e1s fastuoso que las fiestas de Binche\u00bb.<\/p><p>\u00a0<\/p><p>Fatigada por un reinado agotador, la gobernante, que no apreciaba mucho a su sobrino Felipe, consider\u00f3 oportuno abdicar al mismo tiempo que Carlos V. M\u00e1s tarde, Felipe II, que hab\u00eda permanecido en B\u00e9lgica, pidi\u00f3 su regreso, pero consternada por la muerte de su hermana Leonor, Reina de Francia, y luego por la de su hermano, el Emperador, Mar\u00eda muri\u00f3 en el camino de regreso, un mes despu\u00e9s de la desaparici\u00f3n de estos seres queridos, el 18 de octubre de 1558.<\/p>\t\t\t\t\t\t\t\t\t\t\t\t<\/div>\r\n\t\t\t\t<\/div>\r\n\t\t\t\t\t\t\t\t<div id=\"premium-unfold-gradient-a80e49a\" class=\"premium-unfold-gradient toggled\"><\/div>\r\n\t\t\t\t\t\t\t<\/div>\r\n\t\t\t\t<a class=\"premium-button premium-btn-sm\" href=\"javascript:;\" aria-label=\"Seguir leyendo\">\r\n\t\t\t\t\t<span class=\"premium-unfold-button-text\"><\/span>\r\n\t\t\t\t<\/a>\r\n\t\t\t\t<\/div>\r\n\t\t\r\n\t\t\t\t\t\t\t\t<\/div>\n\t\t\t\t<\/div>\n\t\t\t\t<div class=\"elementor-element elementor-element-4fe2d16 sc_fly_static elementor-widget elementor-widget-spacer\" data-id=\"4fe2d16\" data-element_type=\"widget\" data-e-type=\"widget\" data-widget_type=\"spacer.default\">\n\t\t\t\t<div class=\"elementor-widget-container\">\n\t\t\t\t\t\t\t<div class=\"elementor-spacer\">\n\t\t\t<div class=\"elementor-spacer-inner\"><\/div>\n\t\t<\/div>\n\t\t\t\t\t\t<\/div>\n\t\t\t\t<\/div>\n\t\t\t\t<div class=\"elementor-element elementor-element-d59ee9d sc_height_small sc_layouts_hide_on_tablet sc_fly_static elementor-widget elementor-widget-spacer\" data-id=\"d59ee9d\" data-element_type=\"widget\" data-e-type=\"widget\" data-widget_type=\"spacer.default\">\n\t\t\t\t<div class=\"elementor-widget-container\">\n\t\t\t\t\t\t\t<div class=\"elementor-spacer\">\n\t\t\t<div class=\"elementor-spacer-inner\"><\/div>\n\t\t<\/div>\n\t\t\t\t\t\t<\/div>\n\t\t\t\t<\/div>\n\t\t\t\t\t<\/div>\n\t\t<\/div>\n\t\t\t\t<div class=\"elementor-column elementor-col-50 elementor-top-column elementor-element elementor-element-7c710dc sc_content_align_inherit sc_layouts_column_icons_position_left sc_fly_static\" data-id=\"7c710dc\" data-element_type=\"column\" data-e-type=\"column\">\n\t\t\t<div class=\"elementor-widget-wrap elementor-element-populated\">\n\t\t\t\t\t\t<section class=\"elementor-section elementor-inner-section elementor-element elementor-element-ef24608 elementor-section-boxed elementor-section-height-default elementor-section-height-default sc_fly_static\" data-id=\"ef24608\" data-element_type=\"section\" data-e-type=\"section\">\n\t\t\t\t\t\t<div class=\"elementor-container elementor-column-gap-no\">\n\t\t\t\t\t<div class=\"elementor-column elementor-col-100 elementor-inner-column elementor-element elementor-element-ebca74f sc_content_align_inherit sc_layouts_column_icons_position_left sc_fly_static\" data-id=\"ebca74f\" data-element_type=\"column\" data-e-type=\"column\">\n\t\t\t<div class=\"elementor-widget-wrap elementor-element-populated\">\n\t\t\t\t\t\t<div class=\"elementor-element elementor-element-513c54a no-title dce_masking-none sc_fly_static elementor-widget elementor-widget-image\" data-id=\"513c54a\" data-element_type=\"widget\" data-e-type=\"widget\" data-widget_type=\"image.default\">\n\t\t\t\t<div class=\"elementor-widget-container\">\n\t\t\t\t\t\t\t\t\t\t\t\t\t\t\t<img loading=\"lazy\" decoding=\"async\" width=\"300\" height=\"430\" src=\"https:\/\/ommegang.be\/wp-content\/uploads\/2025\/05\/marie_d_autriche.jpg\" class=\"attachment-large size-large wp-image-24692\" alt=\"\" srcset=\"https:\/\/ommegang.be\/wp-content\/uploads\/2025\/05\/marie_d_autriche.jpg 300w, https:\/\/ommegang.be\/wp-content\/uploads\/2025\/05\/marie_d_autriche-209x300.jpg 209w\" sizes=\"(max-width: 300px) 100vw, 300px\" \/>\t\t\t\t\t\t\t\t\t\t\t\t\t\t\t<\/div>\n\t\t\t\t<\/div>\n\t\t\t\t\t<\/div>\n\t\t<\/div>\n\t\t\t\t\t<\/div>\n\t\t<\/section>\n\t\t\t\t\t<\/div>\n\t\t<\/div>\n\t\t\t\t\t<\/div>\n\t\t<\/section>\n\t\t\t\t<section data-dce-background-color=\"#FFFFFF\" class=\"elementor-section elementor-top-section elementor-element elementor-element-d952b85 elementor-section-content-middle elementor-reverse-mobile elementor-section-boxed elementor-section-height-default elementor-section-height-default sc_fly_static\" data-id=\"d952b85\" data-element_type=\"section\" data-e-type=\"section\" id=\"eglise\" data-settings=\"{&quot;background_background&quot;:&quot;classic&quot;}\">\n\t\t\t\t\t\t<div class=\"elementor-container elementor-column-gap-extended\">\n\t\t\t\t\t<div class=\"elementor-column elementor-col-50 elementor-top-column elementor-element elementor-element-1669860 sc_content_align_inherit sc_layouts_column_icons_position_left sc_fly_static\" data-id=\"1669860\" data-element_type=\"column\" data-e-type=\"column\">\n\t\t\t<div class=\"elementor-widget-wrap elementor-element-populated\">\n\t\t\t\t\t\t<div class=\"elementor-element elementor-element-3280bff no-title dce_masking-none sc_fly_static elementor-widget elementor-widget-image\" data-id=\"3280bff\" data-element_type=\"widget\" data-e-type=\"widget\" data-widget_type=\"image.default\">\n\t\t\t\t<div class=\"elementor-widget-container\">\n\t\t\t\t\t\t\t\t\t\t\t\t\t\t\t<img loading=\"lazy\" decoding=\"async\" width=\"300\" height=\"430\" src=\"https:\/\/ommegang.be\/wp-content\/uploads\/2025\/05\/6-1.jpg\" class=\"attachment-large size-large wp-image-24689\" alt=\"\" srcset=\"https:\/\/ommegang.be\/wp-content\/uploads\/2025\/05\/6-1.jpg 300w, https:\/\/ommegang.be\/wp-content\/uploads\/2025\/05\/6-1-209x300.jpg 209w\" sizes=\"(max-width: 300px) 100vw, 300px\" \/>\t\t\t\t\t\t\t\t\t\t\t\t\t\t\t<\/div>\n\t\t\t\t<\/div>\n\t\t\t\t\t<\/div>\n\t\t<\/div>\n\t\t\t\t<div class=\"elementor-column elementor-col-50 elementor-top-column elementor-element elementor-element-25c67c0 sc_content_align_inherit sc_layouts_column_icons_position_left sc_fly_static\" data-id=\"25c67c0\" data-element_type=\"column\" data-e-type=\"column\">\n\t\t\t<div class=\"elementor-widget-wrap elementor-element-populated\">\n\t\t\t\t\t\t<div class=\"elementor-element elementor-element-420da2a sc_fly_static elementor-widget elementor-widget-trx_sc_title\" data-id=\"420da2a\" data-element_type=\"widget\" data-e-type=\"widget\" data-widget_type=\"trx_sc_title.default\">\n\t\t\t\t<div class=\"elementor-widget-container\">\n\t\t\t\t\t<div\t\tclass=\"sc_title sc_title_default\" ><h1 class=\"sc_item_title sc_title_title sc_item_title_style_default sc_item_title_tag\"\n\t\t\t><span class=\"sc_item_title_text\"><span class=\"fontOmmegang\">Nuestra Senor del Sablon<\/span><\/span><\/h1><\/div>\t\t\t\t<\/div>\n\t\t\t\t<\/div>\n\t\t\t\t<div class=\"elementor-element elementor-element-e95e731 sc_fly_static elementor-widget elementor-widget-spacer\" data-id=\"e95e731\" data-element_type=\"widget\" data-e-type=\"widget\" data-widget_type=\"spacer.default\">\n\t\t\t\t<div class=\"elementor-widget-container\">\n\t\t\t\t\t\t\t<div class=\"elementor-spacer\">\n\t\t\t<div class=\"elementor-spacer-inner\"><\/div>\n\t\t<\/div>\n\t\t\t\t\t\t<\/div>\n\t\t\t\t<\/div>\n\t\t\t\t<div class=\"elementor-element elementor-element-4644f7f sc_fly_static elementor-widget elementor-widget-spacer\" data-id=\"4644f7f\" data-element_type=\"widget\" data-e-type=\"widget\" data-widget_type=\"spacer.default\">\n\t\t\t\t<div class=\"elementor-widget-container\">\n\t\t\t\t\t\t\t<div class=\"elementor-spacer\">\n\t\t\t<div class=\"elementor-spacer-inner\"><\/div>\n\t\t<\/div>\n\t\t\t\t\t\t<\/div>\n\t\t\t\t<\/div>\n\t\t\t\t<div class=\"elementor-element elementor-element-dec2e79 sc_fly_static elementor-widget elementor-widget-text-editor\" data-id=\"dec2e79\" data-element_type=\"widget\" data-e-type=\"widget\" data-widget_type=\"text-editor.default\">\n\t\t\t\t<div class=\"elementor-widget-container\">\n\t\t\t\t\t\t\t\t\t<p>Erigida en 1304 por los Ballesteros en una llanura pantanosa, esta capilla fue reconstruida a principios del siglo XV, a tenor de la creciente devoci\u00f3n de la poblaci\u00f3n de la ciudad por la estatuilla de la Virgen. \u00c9sta fue tra\u00edda de Amberes por Beatrice Soetkens una noche de 1348.<\/p><p>La peculiaridad de esta iglesia ojival terciaria, cuya construcci\u00f3n dur\u00f3 m\u00e1s de un siglo, reside en el coro, desprovisto de columnas y de ambulatorio. Esta ausencia de colaterales frente a las once ventanas lanceoladas de 14 metros de alto le otorga una rara esbeltez.<\/p><p>La restauraci\u00f3n del edificio comenz\u00f3 por el coro, en 1864. En 1878 los flancos de la nave fueron despejados de casitas parasitarias. Una de las restauraciones se debe al arquitecto Schoy seguida por la de J. y M. Van Ysendyck. En el transepto derecho, bajo un notable roset\u00f3n de piedra, destaca una obra esculpida del siglo XVII, una representaci\u00f3n de la barca que transport\u00f3 la estatuilla milagrosa.<\/p>\t\t\t\t\t\t\t\t<\/div>\n\t\t\t\t<\/div>\n\t\t\t\t<div class=\"elementor-element elementor-element-1bcb050 sc_fly_static elementor-widget elementor-widget-spacer\" data-id=\"1bcb050\" data-element_type=\"widget\" data-e-type=\"widget\" data-widget_type=\"spacer.default\">\n\t\t\t\t<div class=\"elementor-widget-container\">\n\t\t\t\t\t\t\t<div class=\"elementor-spacer\">\n\t\t\t<div class=\"elementor-spacer-inner\"><\/div>\n\t\t<\/div>\n\t\t\t\t\t\t<\/div>\n\t\t\t\t<\/div>\n\t\t\t\t<div class=\"elementor-element elementor-element-f09dd06 sc_height_small sc_layouts_hide_on_tablet sc_fly_static elementor-widget elementor-widget-spacer\" data-id=\"f09dd06\" data-element_type=\"widget\" data-e-type=\"widget\" data-widget_type=\"spacer.default\">\n\t\t\t\t<div class=\"elementor-widget-container\">\n\t\t\t\t\t\t\t<div class=\"elementor-spacer\">\n\t\t\t<div class=\"elementor-spacer-inner\"><\/div>\n\t\t<\/div>\n\t\t\t\t\t\t<\/div>\n\t\t\t\t<\/div>\n\t\t\t\t\t<\/div>\n\t\t<\/div>\n\t\t\t\t\t<\/div>\n\t\t<\/section>\n\t\t\t\t<\/div>\n\t\t","protected":false},"excerpt":{"rendered":"<p>Las grandes figuras Un poco dehistoria Sum\u00e9rjase en la historia del Ommegang y descubra las&hellip;<\/p>\n","protected":false},"author":1,"featured_media":0,"parent":0,"menu_order":0,"comment_status":"closed","ping_status":"closed","template":"","meta":{"_acf_changed":false,"footnotes":""},"class_list":["post-27259","page","type-page","status-publish","hentry"],"acf":[],"yoast_head":"<!-- This site is optimized with the Yoast SEO plugin v27.3 - https:\/\/yoast.com\/product\/yoast-seo-wordpress\/ -->\n<title>Historia - Ommegang de Bruxelles<\/title>\n<meta name=\"robots\" content=\"index, follow, max-snippet:-1, max-image-preview:large, max-video-preview:-1\" \/>\n<link rel=\"canonical\" href=\"https:\/\/ommegang.be\/es\/historia\/\" \/>\n<meta property=\"og:locale\" content=\"es_ES\" \/>\n<meta property=\"og:type\" content=\"article\" \/>\n<meta property=\"og:title\" content=\"Historia - Ommegang de Bruxelles\" \/>\n<meta property=\"og:description\" content=\"Las grandes figuras Un poco dehistoria Sum\u00e9rjase en la historia del Ommegang y descubra las&hellip;\" \/>\n<meta property=\"og:url\" content=\"https:\/\/ommegang.be\/es\/historia\/\" \/>\n<meta property=\"og:site_name\" content=\"Ommegang de Bruxelles\" \/>\n<meta property=\"article:modified_time\" content=\"2025-06-25T12:09:09+00:00\" \/>\n<meta property=\"og:image\" content=\"https:\/\/ommegang.be\/wp-content\/uploads\/2025\/05\/denis-van-alsloot-the-ommeganck-in-brussels-on-31-may-1615-the-senior-guilds-e1c72c-640.jpg\" \/>\n\t<meta property=\"og:image:width\" content=\"640\" \/>\n\t<meta property=\"og:image:height\" content=\"427\" \/>\n\t<meta property=\"og:image:type\" content=\"image\/jpeg\" \/>\n<meta name=\"twitter:card\" content=\"summary_large_image\" \/>\n<meta name=\"twitter:label1\" content=\"Tiempo de lectura\" \/>\n\t<meta name=\"twitter:data1\" content=\"15 minutos\" \/>\n<script type=\"application\/ld+json\" class=\"yoast-schema-graph\">{\"@context\":\"https:\\\/\\\/schema.org\",\"@graph\":[{\"@type\":\"WebPage\",\"@id\":\"https:\\\/\\\/ommegang.be\\\/es\\\/historia\\\/\",\"url\":\"https:\\\/\\\/ommegang.be\\\/es\\\/historia\\\/\",\"name\":\"Historia - Ommegang de Bruxelles\",\"isPartOf\":{\"@id\":\"https:\\\/\\\/ommegang.be\\\/es\\\/#website\"},\"primaryImageOfPage\":{\"@id\":\"https:\\\/\\\/ommegang.be\\\/es\\\/historia\\\/#primaryimage\"},\"image\":{\"@id\":\"https:\\\/\\\/ommegang.be\\\/es\\\/historia\\\/#primaryimage\"},\"thumbnailUrl\":\"https:\\\/\\\/ommegang.be\\\/wp-content\\\/uploads\\\/2025\\\/05\\\/denis-van-alsloot-the-ommeganck-in-brussels-on-31-may-1615-the-senior-guilds-e1c72c-640.jpg\",\"datePublished\":\"2025-05-09T11:12:34+00:00\",\"dateModified\":\"2025-06-25T12:09:09+00:00\",\"breadcrumb\":{\"@id\":\"https:\\\/\\\/ommegang.be\\\/es\\\/historia\\\/#breadcrumb\"},\"inLanguage\":\"es\",\"potentialAction\":[{\"@type\":\"ReadAction\",\"target\":[\"https:\\\/\\\/ommegang.be\\\/es\\\/historia\\\/\"]}]},{\"@type\":\"ImageObject\",\"inLanguage\":\"es\",\"@id\":\"https:\\\/\\\/ommegang.be\\\/es\\\/historia\\\/#primaryimage\",\"url\":\"https:\\\/\\\/ommegang.be\\\/wp-content\\\/uploads\\\/2025\\\/05\\\/denis-van-alsloot-the-ommeganck-in-brussels-on-31-may-1615-the-senior-guilds-e1c72c-640.jpg\",\"contentUrl\":\"https:\\\/\\\/ommegang.be\\\/wp-content\\\/uploads\\\/2025\\\/05\\\/denis-van-alsloot-the-ommeganck-in-brussels-on-31-may-1615-the-senior-guilds-e1c72c-640.jpg\"},{\"@type\":\"BreadcrumbList\",\"@id\":\"https:\\\/\\\/ommegang.be\\\/es\\\/historia\\\/#breadcrumb\",\"itemListElement\":[{\"@type\":\"ListItem\",\"position\":1,\"name\":\"Home\",\"item\":\"https:\\\/\\\/ommegang.be\\\/es\\\/\"},{\"@type\":\"ListItem\",\"position\":2,\"name\":\"Historia\"}]},{\"@type\":\"WebSite\",\"@id\":\"https:\\\/\\\/ommegang.be\\\/es\\\/#website\",\"url\":\"https:\\\/\\\/ommegang.be\\\/es\\\/\",\"name\":\"Ommegang de Bruxelles\",\"description\":\"L&#039;Ommegang de Bruxelles.\",\"publisher\":{\"@id\":\"https:\\\/\\\/ommegang.be\\\/es\\\/#organization\"},\"potentialAction\":[{\"@type\":\"SearchAction\",\"target\":{\"@type\":\"EntryPoint\",\"urlTemplate\":\"https:\\\/\\\/ommegang.be\\\/es\\\/?s={search_term_string}\"},\"query-input\":{\"@type\":\"PropertyValueSpecification\",\"valueRequired\":true,\"valueName\":\"search_term_string\"}}],\"inLanguage\":\"es\"},{\"@type\":\"Organization\",\"@id\":\"https:\\\/\\\/ommegang.be\\\/es\\\/#organization\",\"name\":\"Ommegang de Bruxelles\",\"url\":\"https:\\\/\\\/ommegang.be\\\/es\\\/\",\"logo\":{\"@type\":\"ImageObject\",\"inLanguage\":\"es\",\"@id\":\"https:\\\/\\\/ommegang.be\\\/es\\\/#\\\/schema\\\/logo\\\/image\\\/\",\"url\":\"https:\\\/\\\/ommegang.be\\\/wp-content\\\/uploads\\\/2025\\\/04\\\/Logo-Ommegang-2-1.png\",\"contentUrl\":\"https:\\\/\\\/ommegang.be\\\/wp-content\\\/uploads\\\/2025\\\/04\\\/Logo-Ommegang-2-1.png\",\"width\":222,\"height\":53,\"caption\":\"Ommegang de Bruxelles\"},\"image\":{\"@id\":\"https:\\\/\\\/ommegang.be\\\/es\\\/#\\\/schema\\\/logo\\\/image\\\/\"}}]}<\/script>\n<!-- \/ Yoast SEO plugin. -->","yoast_head_json":{"title":"Historia - Ommegang de Bruxelles","robots":{"index":"index","follow":"follow","max-snippet":"max-snippet:-1","max-image-preview":"max-image-preview:large","max-video-preview":"max-video-preview:-1"},"canonical":"https:\/\/ommegang.be\/es\/historia\/","og_locale":"es_ES","og_type":"article","og_title":"Historia - Ommegang de Bruxelles","og_description":"Las grandes figuras Un poco dehistoria Sum\u00e9rjase en la historia del Ommegang y descubra las&hellip;","og_url":"https:\/\/ommegang.be\/es\/historia\/","og_site_name":"Ommegang de Bruxelles","article_modified_time":"2025-06-25T12:09:09+00:00","og_image":[{"width":640,"height":427,"url":"https:\/\/ommegang.be\/wp-content\/uploads\/2025\/05\/denis-van-alsloot-the-ommeganck-in-brussels-on-31-may-1615-the-senior-guilds-e1c72c-640.jpg","type":"image\/jpeg"}],"twitter_card":"summary_large_image","twitter_misc":{"Tiempo de lectura":"15 minutos"},"schema":{"@context":"https:\/\/schema.org","@graph":[{"@type":"WebPage","@id":"https:\/\/ommegang.be\/es\/historia\/","url":"https:\/\/ommegang.be\/es\/historia\/","name":"Historia - Ommegang de Bruxelles","isPartOf":{"@id":"https:\/\/ommegang.be\/es\/#website"},"primaryImageOfPage":{"@id":"https:\/\/ommegang.be\/es\/historia\/#primaryimage"},"image":{"@id":"https:\/\/ommegang.be\/es\/historia\/#primaryimage"},"thumbnailUrl":"https:\/\/ommegang.be\/wp-content\/uploads\/2025\/05\/denis-van-alsloot-the-ommeganck-in-brussels-on-31-may-1615-the-senior-guilds-e1c72c-640.jpg","datePublished":"2025-05-09T11:12:34+00:00","dateModified":"2025-06-25T12:09:09+00:00","breadcrumb":{"@id":"https:\/\/ommegang.be\/es\/historia\/#breadcrumb"},"inLanguage":"es","potentialAction":[{"@type":"ReadAction","target":["https:\/\/ommegang.be\/es\/historia\/"]}]},{"@type":"ImageObject","inLanguage":"es","@id":"https:\/\/ommegang.be\/es\/historia\/#primaryimage","url":"https:\/\/ommegang.be\/wp-content\/uploads\/2025\/05\/denis-van-alsloot-the-ommeganck-in-brussels-on-31-may-1615-the-senior-guilds-e1c72c-640.jpg","contentUrl":"https:\/\/ommegang.be\/wp-content\/uploads\/2025\/05\/denis-van-alsloot-the-ommeganck-in-brussels-on-31-may-1615-the-senior-guilds-e1c72c-640.jpg"},{"@type":"BreadcrumbList","@id":"https:\/\/ommegang.be\/es\/historia\/#breadcrumb","itemListElement":[{"@type":"ListItem","position":1,"name":"Home","item":"https:\/\/ommegang.be\/es\/"},{"@type":"ListItem","position":2,"name":"Historia"}]},{"@type":"WebSite","@id":"https:\/\/ommegang.be\/es\/#website","url":"https:\/\/ommegang.be\/es\/","name":"Ommegang de Bruxelles","description":"L&#039;Ommegang de Bruxelles.","publisher":{"@id":"https:\/\/ommegang.be\/es\/#organization"},"potentialAction":[{"@type":"SearchAction","target":{"@type":"EntryPoint","urlTemplate":"https:\/\/ommegang.be\/es\/?s={search_term_string}"},"query-input":{"@type":"PropertyValueSpecification","valueRequired":true,"valueName":"search_term_string"}}],"inLanguage":"es"},{"@type":"Organization","@id":"https:\/\/ommegang.be\/es\/#organization","name":"Ommegang de Bruxelles","url":"https:\/\/ommegang.be\/es\/","logo":{"@type":"ImageObject","inLanguage":"es","@id":"https:\/\/ommegang.be\/es\/#\/schema\/logo\/image\/","url":"https:\/\/ommegang.be\/wp-content\/uploads\/2025\/04\/Logo-Ommegang-2-1.png","contentUrl":"https:\/\/ommegang.be\/wp-content\/uploads\/2025\/04\/Logo-Ommegang-2-1.png","width":222,"height":53,"caption":"Ommegang de Bruxelles"},"image":{"@id":"https:\/\/ommegang.be\/es\/#\/schema\/logo\/image\/"}}]}},"_links":{"self":[{"href":"https:\/\/ommegang.be\/es\/wp-json\/wp\/v2\/pages\/27259","targetHints":{"allow":["GET"]}}],"collection":[{"href":"https:\/\/ommegang.be\/es\/wp-json\/wp\/v2\/pages"}],"about":[{"href":"https:\/\/ommegang.be\/es\/wp-json\/wp\/v2\/types\/page"}],"author":[{"embeddable":true,"href":"https:\/\/ommegang.be\/es\/wp-json\/wp\/v2\/users\/1"}],"replies":[{"embeddable":true,"href":"https:\/\/ommegang.be\/es\/wp-json\/wp\/v2\/comments?post=27259"}],"version-history":[{"count":5,"href":"https:\/\/ommegang.be\/es\/wp-json\/wp\/v2\/pages\/27259\/revisions"}],"predecessor-version":[{"id":27572,"href":"https:\/\/ommegang.be\/es\/wp-json\/wp\/v2\/pages\/27259\/revisions\/27572"}],"wp:attachment":[{"href":"https:\/\/ommegang.be\/es\/wp-json\/wp\/v2\/media?parent=27259"}],"curies":[{"name":"wp","href":"https:\/\/api.w.org\/{rel}","templated":true}]}}