{"id":27249,"date":"2025-05-27T12:36:00","date_gmt":"2025-05-27T12:36:00","guid":{"rendered":"https:\/\/ommegang.be\/ventajas-de-ommegang\/"},"modified":"2026-04-15T16:52:37","modified_gmt":"2026-04-15T16:52:37","slug":"lo-mejor-del-ommegang","status":"publish","type":"page","link":"https:\/\/ommegang.be\/es\/lo-mejor-del-ommegang\/","title":{"rendered":"Lo Mejor del Ommegang"},"content":{"rendered":"\t\t<div data-elementor-type=\"wp-page\" data-elementor-id=\"27249\" class=\"elementor elementor-27249 elementor-25185\" data-elementor-post-type=\"page\">\n\t\t\t\t\t\t<section class=\"elementor-section elementor-top-section elementor-element elementor-element-15b4d003 elementor-section-content-middle elementor-section-boxed elementor-section-height-default elementor-section-height-default sc_fly_static\" data-id=\"15b4d003\" data-element_type=\"section\" data-e-type=\"section\">\n\t\t\t\t\t\t<div class=\"elementor-container elementor-column-gap-extended\">\n\t\t\t\t\t<div class=\"elementor-column elementor-col-50 elementor-top-column elementor-element elementor-element-3bdc9714 sc_content_align_inherit sc_layouts_column_icons_position_left sc_fly_static\" data-id=\"3bdc9714\" data-element_type=\"column\" data-e-type=\"column\">\n\t\t\t<div class=\"elementor-widget-wrap elementor-element-populated\">\n\t\t\t\t\t\t<div class=\"elementor-element elementor-element-1d59c4b1 sc_fly_static elementor-widget elementor-widget-trx_sc_title\" data-id=\"1d59c4b1\" data-element_type=\"widget\" data-e-type=\"widget\" data-widget_type=\"trx_sc_title.default\">\n\t\t\t\t<div class=\"elementor-widget-container\">\n\t\t\t\t\t<div\t\tclass=\"sc_title sc_title_default\" ><span class=\"sc_item_subtitle sc_title_subtitle sc_item_subtitle_above sc_item_title_style_default\">C\u00f3mics<\/span><h1 class=\"sc_item_title sc_title_title sc_item_title_style_default sc_item_title_tag\"\n\t\t\t><span class=\"sc_item_title_text\"><span class=\"fontOmmegang\">Ommegang<\/span> <span class=\"fontOmmegang\">1930<\/span><\/span><\/h1><\/div>\t\t\t\t<\/div>\n\t\t\t\t<\/div>\n\t\t\t\t<div class=\"elementor-element elementor-element-ff7b873 sc_fly_static elementor-widget elementor-widget-spacer\" data-id=\"ff7b873\" data-element_type=\"widget\" data-e-type=\"widget\" data-widget_type=\"spacer.default\">\n\t\t\t\t<div class=\"elementor-widget-container\">\n\t\t\t\t\t\t\t<div class=\"elementor-spacer\">\n\t\t\t<div class=\"elementor-spacer-inner\"><\/div>\n\t\t<\/div>\n\t\t\t\t\t\t<\/div>\n\t\t\t\t<\/div>\n\t\t\t\t<div data-dce-text-color=\"#C59948\" class=\"elementor-element elementor-element-7b7e6072 sc_fly_static elementor-widget elementor-widget-text-editor\" data-id=\"7b7e6072\" data-element_type=\"widget\" data-e-type=\"widget\" data-widget_type=\"text-editor.default\">\n\t\t\t\t<div class=\"elementor-widget-container\">\n\t\t\t\t\t\t\t\t\t<p>Dibujo Thomas Liera | <span class=\"s1\"> Gui\u00f3n <\/span>Patrick Weber |<span style=\"letter-spacing: -0.36px;\">Colores Cerise<br \/><\/span><br \/><span style=\"letter-spacing: -0.36px;\">Coedici\u00f3n: Ediciones Anspach &amp; ASBL Ommegang<\/span><\/p>\t\t\t\t\t\t\t\t<\/div>\n\t\t\t\t<\/div>\n\t\t\t\t<div class=\"elementor-element elementor-element-5d85c197 sc_fly_static elementor-widget elementor-widget-spacer\" data-id=\"5d85c197\" data-element_type=\"widget\" data-e-type=\"widget\" data-widget_type=\"spacer.default\">\n\t\t\t\t<div class=\"elementor-widget-container\">\n\t\t\t\t\t\t\t<div class=\"elementor-spacer\">\n\t\t\t<div class=\"elementor-spacer-inner\"><\/div>\n\t\t<\/div>\n\t\t\t\t\t\t<\/div>\n\t\t\t\t<\/div>\n\t\t\t\t<div class=\"elementor-element elementor-element-3e985f98 sc_fly_static elementor-widget elementor-widget-text-editor\" data-id=\"3e985f98\" data-element_type=\"widget\" data-e-type=\"widget\" data-widget_type=\"text-editor.default\">\n\t\t\t\t<div class=\"elementor-widget-container\">\n\t\t\t\t\t\t\t\t\t<p class=\"p1\"><span class=\"s1\">Este a\u00f1o, el c\u00e9lebre ilustrador belga Thomas Liera firma el c\u00f3mic oficial de Ommegang, escrito por el historiador, guionista, periodista y escritor Patrick Weber.<\/span><\/p><p>Descubra el Ommegang de una forma diferente.<\/p>\t\t\t\t\t\t\t\t<\/div>\n\t\t\t\t<\/div>\n\t\t\t\t<div data-dce-text-color=\"#C59948\" class=\"elementor-element elementor-element-71795f8 sc_fly_static elementor-widget elementor-widget-text-editor\" data-id=\"71795f8\" data-element_type=\"widget\" data-e-type=\"widget\" data-widget_type=\"text-editor.default\">\n\t\t\t\t<div class=\"elementor-widget-container\">\n\t\t\t\t\t\t\t\t\t<p>Resumen:<\/p>\t\t\t\t\t\t\t\t<\/div>\n\t\t\t\t<\/div>\n\t\t\t\t<div class=\"elementor-element elementor-element-47d5cff sc_fly_static elementor-widget elementor-widget-text-editor\" data-id=\"47d5cff\" data-element_type=\"widget\" data-e-type=\"widget\" data-widget_type=\"text-editor.default\">\n\t\t\t\t<div class=\"elementor-widget-container\">\n\t\t\t\t\t\t\t\t\t<p>Bruselas, 1930. Tras 145 a\u00f1os de ausencia, un grupo de apasionados intenta resucitar el desfile del Ommegang, s\u00edmbolo de la historia belga.<\/p><p>Pero durante los ensayos, un participante es asesinado por un virote de ballesta.<\/p><p>El periodista Stan Stanislas investiga.<\/p><p>Mientras se multiplican los sabotajes, se revela una conspiraci\u00f3n que amenaza con desestabilizar mucho m\u00e1s que un simple desfile\u2026<\/p>\t\t\t\t\t\t\t\t<\/div>\n\t\t\t\t<\/div>\n\t\t\t\t<div class=\"elementor-element elementor-element-532921e1 sc_fly_static elementor-widget elementor-widget-spacer\" data-id=\"532921e1\" data-element_type=\"widget\" data-e-type=\"widget\" data-widget_type=\"spacer.default\">\n\t\t\t\t<div class=\"elementor-widget-container\">\n\t\t\t\t\t\t\t<div class=\"elementor-spacer\">\n\t\t\t<div class=\"elementor-spacer-inner\"><\/div>\n\t\t<\/div>\n\t\t\t\t\t\t<\/div>\n\t\t\t\t<\/div>\n\t\t\t\t<div class=\"elementor-element elementor-element-c3dff7e elementor-icon-list--layout-traditional elementor-list-item-link-full_width sc_fly_static elementor-widget elementor-widget-icon-list\" data-id=\"c3dff7e\" data-element_type=\"widget\" data-e-type=\"widget\" data-widget_type=\"icon-list.default\">\n\t\t\t\t<div class=\"elementor-widget-container\">\n\t\t\t\t\t\t\t<ul class=\"elementor-icon-list-items\">\n\t\t\t\t\t\t\t<li class=\"elementor-icon-list-item\">\n\t\t\t\t\t\t\t\t\t\t\t<span class=\"elementor-icon-list-icon\">\n\t\t\t\t\t\t\t<i aria-hidden=\"true\" class=\"fas fa-info-circle\"><\/i>\t\t\t\t\t\t<\/span>\n\t\t\t\t\t\t\t\t\t\t<span class=\"elementor-icon-list-text\">Disponible: en librer\u00edas y en la Gran-Plaza los d\u00edas del Ommegang<\/span>\n\t\t\t\t\t\t\t\t\t<\/li>\n\t\t\t\t\t\t\t\t<li class=\"elementor-icon-list-item\">\n\t\t\t\t\t\t\t\t\t\t\t<span class=\"elementor-icon-list-icon\">\n\t\t\t\t\t\t\t<i aria-hidden=\"true\" class=\"fas fa-euro-sign\"><\/i>\t\t\t\t\t\t<\/span>\n\t\t\t\t\t\t\t\t\t\t<span class=\"elementor-icon-list-text\">Precio recomendado: 16\u202f\u20ac<\/span>\n\t\t\t\t\t\t\t\t\t<\/li>\n\t\t\t\t\t\t<\/ul>\n\t\t\t\t\t\t<\/div>\n\t\t\t\t<\/div>\n\t\t\t\t<div class=\"elementor-element elementor-element-2b4c3fdd sc_height_small sc_layouts_hide_on_tablet sc_fly_static elementor-widget elementor-widget-spacer\" data-id=\"2b4c3fdd\" data-element_type=\"widget\" data-e-type=\"widget\" data-widget_type=\"spacer.default\">\n\t\t\t\t<div class=\"elementor-widget-container\">\n\t\t\t\t\t\t\t<div class=\"elementor-spacer\">\n\t\t\t<div class=\"elementor-spacer-inner\"><\/div>\n\t\t<\/div>\n\t\t\t\t\t\t<\/div>\n\t\t\t\t<\/div>\n\t\t\t\t\t<\/div>\n\t\t<\/div>\n\t\t\t\t<div class=\"elementor-column elementor-col-50 elementor-top-column elementor-element elementor-element-95eef69 sc_content_align_inherit sc_layouts_column_icons_position_left sc_fly_static\" data-id=\"95eef69\" data-element_type=\"column\" data-e-type=\"column\">\n\t\t\t<div class=\"elementor-widget-wrap elementor-element-populated\">\n\t\t\t\t\t\t<div class=\"elementor-element elementor-element-51f21a93 no-title dce_masking-none sc_fly_static elementor-widget elementor-widget-image\" data-id=\"51f21a93\" data-element_type=\"widget\" data-e-type=\"widget\" data-widget_type=\"image.default\">\n\t\t\t\t<div class=\"elementor-widget-container\">\n\t\t\t\t\t\t\t\t\t\t\t\t\t\t\t\t<a href=\"https:\/\/ommegang.be\/wp-content\/uploads\/2025\/05\/BD_Ommegang1930.jpg\" data-elementor-open-lightbox=\"yes\" data-elementor-lightbox-title=\"BD_Ommegang1930\" data-e-action-hash=\"#elementor-action%3Aaction%3Dlightbox%26settings%3DeyJpZCI6MjU4NzAsInVybCI6Imh0dHBzOlwvXC9vbW1lZ2FuZy5iZVwvd3AtY29udGVudFwvdXBsb2Fkc1wvMjAyNVwvMDVcL0JEX09tbWVnYW5nMTkzMC5qcGcifQ%3D%3D\">\n\t\t\t\t\t\t\t<img fetchpriority=\"high\" decoding=\"async\" width=\"767\" height=\"1024\" src=\"https:\/\/ommegang.be\/wp-content\/uploads\/2025\/05\/BD_Ommegang1930-767x1024.jpg\" class=\"attachment-large size-large wp-image-25870\" alt=\"\" srcset=\"https:\/\/ommegang.be\/wp-content\/uploads\/2025\/05\/BD_Ommegang1930-767x1024.jpg 767w, https:\/\/ommegang.be\/wp-content\/uploads\/2025\/05\/BD_Ommegang1930-225x300.jpg 225w, https:\/\/ommegang.be\/wp-content\/uploads\/2025\/05\/BD_Ommegang1930-768x1025.jpg 768w, https:\/\/ommegang.be\/wp-content\/uploads\/2025\/05\/BD_Ommegang1930-370x493.jpg 370w, https:\/\/ommegang.be\/wp-content\/uploads\/2025\/05\/BD_Ommegang1930-840x1121.jpg 840w, https:\/\/ommegang.be\/wp-content\/uploads\/2025\/05\/BD_Ommegang1930-410x547.jpg 410w, https:\/\/ommegang.be\/wp-content\/uploads\/2025\/05\/BD_Ommegang1930-600x801.jpg 600w, https:\/\/ommegang.be\/wp-content\/uploads\/2025\/05\/BD_Ommegang1930.jpg 974w\" sizes=\"(max-width: 767px) 100vw, 767px\" \/>\t\t\t\t\t\t\t\t<\/a>\n\t\t\t\t\t\t\t\t\t\t\t\t\t\t\t<\/div>\n\t\t\t\t<\/div>\n\t\t\t\t<div class=\"elementor-element elementor-element-a61e07d elementor-align-center sc_fly_static elementor-widget elementor-widget-button\" data-id=\"a61e07d\" data-element_type=\"widget\" data-e-type=\"widget\" data-widget_type=\"button.default\">\n\t\t\t\t<div class=\"elementor-widget-container\">\n\t\t\t\t\t\t\t\t\t<div class=\"elementor-button-wrapper\">\n\t\t\t\t\t<a class=\"elementor-button elementor-button-link elementor-size-sm\" href=\"https:\/\/www.editionsanspach.com\/album\/ommegang-1930\/\" target=\"_blank\">\n\t\t\t\t\t\t<span class=\"elementor-button-content-wrapper\">\n\t\t\t\t\t\t<span class=\"elementor-button-icon\">\n\t\t\t\t<i aria-hidden=\"true\" class=\"fas fa-info-circle\"><\/i>\t\t\t<\/span>\n\t\t\t\t\t\t\t\t\t<span class=\"elementor-button-text\">Ediciones Anspach<\/span>\n\t\t\t\t\t<\/span>\n\t\t\t\t\t<\/a>\n\t\t\t\t<\/div>\n\t\t\t\t\t\t\t\t<\/div>\n\t\t\t\t<\/div>\n\t\t\t\t\t<\/div>\n\t\t<\/div>\n\t\t\t\t\t<\/div>\n\t\t<\/section>\n\t\t\t\t<section data-dce-background-color=\"#FFFFFF\" class=\"elementor-section elementor-top-section elementor-element elementor-element-a79dc27 elementor-section-content-middle elementor-reverse-mobile sc_layouts_hide_on_wide sc_layouts_hide_on_desktop sc_layouts_hide_on_notebook sc_layouts_hide_on_tablet sc_layouts_hide_on_mobile elementor-section-boxed elementor-section-height-default elementor-section-height-default sc_fly_static\" data-id=\"a79dc27\" data-element_type=\"section\" data-e-type=\"section\" id=\"osaka\" data-settings=\"{&quot;background_background&quot;:&quot;classic&quot;}\">\n\t\t\t\t\t\t<div class=\"elementor-container elementor-column-gap-extended\">\n\t\t\t\t\t<div class=\"elementor-column elementor-col-50 elementor-top-column elementor-element elementor-element-b05bfeb sc_content_align_inherit sc_layouts_column_icons_position_left sc_fly_static\" data-id=\"b05bfeb\" data-element_type=\"column\" data-e-type=\"column\">\n\t\t\t<div class=\"elementor-widget-wrap elementor-element-populated\">\n\t\t\t\t\t\t<div class=\"elementor-element elementor-element-0594159 no-title dce_masking-none sc_fly_static elementor-widget elementor-widget-image\" data-id=\"0594159\" data-element_type=\"widget\" data-e-type=\"widget\" data-widget_type=\"image.default\">\n\t\t\t\t<div class=\"elementor-widget-container\">\n\t\t\t\t\t\t\t\t\t\t\t\t\t\t\t\t<a href=\"https:\/\/ommegang.be\/wp-content\/uploads\/2025\/05\/Osaka_Expo-1.jpg\" data-elementor-open-lightbox=\"yes\" data-elementor-lightbox-title=\"Osaka_Expo\" data-e-action-hash=\"#elementor-action%3Aaction%3Dlightbox%26settings%3DeyJpZCI6MjU4ODIsInVybCI6Imh0dHBzOlwvXC9vbW1lZ2FuZy5iZVwvd3AtY29udGVudFwvdXBsb2Fkc1wvMjAyNVwvMDVcL09zYWthX0V4cG8tMS5qcGcifQ%3D%3D\">\n\t\t\t\t\t\t\t<img decoding=\"async\" width=\"753\" height=\"1024\" src=\"https:\/\/ommegang.be\/wp-content\/uploads\/2025\/05\/Osaka_Expo-1-753x1024.jpg\" class=\"attachment-large size-large wp-image-25882\" alt=\"\" srcset=\"https:\/\/ommegang.be\/wp-content\/uploads\/2025\/05\/Osaka_Expo-1-753x1024.jpg 753w, https:\/\/ommegang.be\/wp-content\/uploads\/2025\/05\/Osaka_Expo-1-221x300.jpg 221w, https:\/\/ommegang.be\/wp-content\/uploads\/2025\/05\/Osaka_Expo-1-768x1044.jpg 768w, https:\/\/ommegang.be\/wp-content\/uploads\/2025\/05\/Osaka_Expo-1-1130x1536.jpg 1130w, https:\/\/ommegang.be\/wp-content\/uploads\/2025\/05\/Osaka_Expo-1-370x503.jpg 370w, https:\/\/ommegang.be\/wp-content\/uploads\/2025\/05\/Osaka_Expo-1-840x1142.jpg 840w, https:\/\/ommegang.be\/wp-content\/uploads\/2025\/05\/Osaka_Expo-1-410x557.jpg 410w, https:\/\/ommegang.be\/wp-content\/uploads\/2025\/05\/Osaka_Expo-1-600x816.jpg 600w, https:\/\/ommegang.be\/wp-content\/uploads\/2025\/05\/Osaka_Expo-1.jpg 1200w\" sizes=\"(max-width: 753px) 100vw, 753px\" \/>\t\t\t\t\t\t\t\t<\/a>\n\t\t\t\t\t\t\t\t\t\t\t\t\t\t\t<\/div>\n\t\t\t\t<\/div>\n\t\t\t\t\t<\/div>\n\t\t<\/div>\n\t\t\t\t<div class=\"elementor-column elementor-col-50 elementor-top-column elementor-element elementor-element-31d701a sc_content_align_inherit sc_layouts_column_icons_position_left sc_fly_static\" data-id=\"31d701a\" data-element_type=\"column\" data-e-type=\"column\">\n\t\t\t<div class=\"elementor-widget-wrap elementor-element-populated\">\n\t\t\t\t\t\t<div class=\"elementor-element elementor-element-81397e2 sc_fly_static elementor-widget elementor-widget-trx_sc_title\" data-id=\"81397e2\" data-element_type=\"widget\" data-e-type=\"widget\" data-widget_type=\"trx_sc_title.default\">\n\t\t\t\t<div class=\"elementor-widget-container\">\n\t\t\t\t\t<div\t\tclass=\"sc_title sc_title_default\" ><span class=\"sc_item_subtitle sc_title_subtitle sc_item_subtitle_above sc_item_title_style_default\">El Ommegang en la Exposici\u00f3n Universal<\/span><h1 class=\"sc_item_title sc_title_title sc_item_title_style_default sc_item_title_tag\"\n\t\t\t><span class=\"sc_item_title_text\"><span class=\"firstcolorOmmegang\">Exposici\u00f3n Universal 2025 \u2013 Osaka<\/span><\/span><\/h1><\/div>\t\t\t\t<\/div>\n\t\t\t\t<\/div>\n\t\t\t\t<div class=\"elementor-element elementor-element-4bc0b1f sc_fly_static elementor-widget elementor-widget-spacer\" data-id=\"4bc0b1f\" data-element_type=\"widget\" data-e-type=\"widget\" data-widget_type=\"spacer.default\">\n\t\t\t\t<div class=\"elementor-widget-container\">\n\t\t\t\t\t\t\t<div class=\"elementor-spacer\">\n\t\t\t<div class=\"elementor-spacer-inner\"><\/div>\n\t\t<\/div>\n\t\t\t\t\t\t<\/div>\n\t\t\t\t<\/div>\n\t\t\t\t<div data-dce-text-color=\"#1F242E\" class=\"elementor-element elementor-element-25ccf1d sc_fly_static elementor-widget elementor-widget-text-editor\" data-id=\"25ccf1d\" data-element_type=\"widget\" data-e-type=\"widget\" data-widget_type=\"text-editor.default\">\n\t\t\t\t<div class=\"elementor-widget-container\">\n\t\t\t\t\t\t\t\t\t<p>Del 11 al 14 de septiembre de 2025<\/p>\t\t\t\t\t\t\t\t<\/div>\n\t\t\t\t<\/div>\n\t\t\t\t<div class=\"elementor-element elementor-element-de40501 sc_fly_static elementor-widget elementor-widget-spacer\" data-id=\"de40501\" data-element_type=\"widget\" data-e-type=\"widget\" data-widget_type=\"spacer.default\">\n\t\t\t\t<div class=\"elementor-widget-container\">\n\t\t\t\t\t\t\t<div class=\"elementor-spacer\">\n\t\t\t<div class=\"elementor-spacer-inner\"><\/div>\n\t\t<\/div>\n\t\t\t\t\t\t<\/div>\n\t\t\t\t<\/div>\n\t\t\t\t<div class=\"elementor-element elementor-element-41329b9 sc_fly_static elementor-widget elementor-widget-text-editor\" data-id=\"41329b9\" data-element_type=\"widget\" data-e-type=\"widget\" data-widget_type=\"text-editor.default\">\n\t\t\t\t<div class=\"elementor-widget-container\">\n\t\t\t\t\t\t\t\t\t<p>El Ommegang se invita a la Exposici\u00f3n Universal Expo 2025 Osaka Del 11 al 14 de septiembre de 2025 Con este motivo, una delegaci\u00f3n excepcional del Ommegang realizar\u00e1 el viaje para promover la historia y las tradiciones de Bruselas a nivel internacional. Los visitantes tendr\u00e1n el privilegio de descubrir este momento emblem\u00e1tico del folclore bruselense durante las Jornadas de Bruselas los d\u00edas 11 y 12 de septiembre, as\u00ed como durante el D\u00eda de B\u00e9lgica el 14 de septiembre.<\/p><p>El Ommegang, patrimonio inmaterial de la UNESCO, encarna una de las mayores celebraciones hist\u00f3ricas de B\u00e9lgica. En Osaka, los espectadores podr\u00e1n admirar nuestras actuaciones, que revivir\u00e1n el esp\u00edritu del Ommegang evocando a algunas de sus figuras m\u00e1s importantes: el emperador Carlos V, entonces con 49 a\u00f1os y en el apogeo de su poder en 1549, as\u00ed como su hijo, el infante Felipe, el futuro Felipe II de Espa\u00f1a. Los acompa\u00f1ar\u00e1n representantes del Tois\u00f3n de Oro, una prestigiosa orden fundada en Brujas en 1430, un s\u00edmbolo de lealtad y excelencia entre la nobleza europea.<\/p><p>Entre las actividades presentadas: lanzadores de banderas con sus impresionantes conjuntos de estandartes, m\u00fasica de \u00e9poca, zancos de Bruselas y su tradicional lucha espectacular, as\u00ed como el buf\u00f3n del Emperador, fiel compa\u00f1ero de la procesi\u00f3n, dispuesto a entretener a grandes y peque\u00f1os. Esta participaci\u00f3n es una oportunidad \u00fanica para promover la historia, la cultura y las tradiciones populares de Bruselas en un entorno internacional. El Ommegang de Osaka es una invitaci\u00f3n a sumergirse en el patrimonio vivo de B\u00e9lgica, para disfrutar de unos momentos festivos y memorables.<\/p>\t\t\t\t\t\t\t\t<\/div>\n\t\t\t\t<\/div>\n\t\t\t\t<div class=\"elementor-element elementor-element-daff7fe sc_fly_static elementor-widget elementor-widget-spacer\" data-id=\"daff7fe\" data-element_type=\"widget\" data-e-type=\"widget\" data-widget_type=\"spacer.default\">\n\t\t\t\t<div class=\"elementor-widget-container\">\n\t\t\t\t\t\t\t<div class=\"elementor-spacer\">\n\t\t\t<div class=\"elementor-spacer-inner\"><\/div>\n\t\t<\/div>\n\t\t\t\t\t\t<\/div>\n\t\t\t\t<\/div>\n\t\t\t\t<div class=\"elementor-element elementor-element-91c95e6 elementor-icon-list--layout-traditional elementor-list-item-link-full_width sc_fly_static elementor-widget elementor-widget-icon-list\" data-id=\"91c95e6\" data-element_type=\"widget\" data-e-type=\"widget\" data-widget_type=\"icon-list.default\">\n\t\t\t\t<div class=\"elementor-widget-container\">\n\t\t\t\t\t\t\t<ul class=\"elementor-icon-list-items\">\n\t\t\t\t\t\t\t<li class=\"elementor-icon-list-item\">\n\t\t\t\t\t\t\t\t\t\t\t<span class=\"elementor-icon-list-icon\">\n\t\t\t\t\t\t\t<i aria-hidden=\"true\" class=\"fas fa-clock\"><\/i>\t\t\t\t\t\t<\/span>\n\t\t\t\t\t\t\t\t\t\t<span class=\"elementor-icon-list-text\">Jornadas de Bruselas: 11 y 12 de septiembre de 2025<\/span>\n\t\t\t\t\t\t\t\t\t<\/li>\n\t\t\t\t\t\t\t\t<li class=\"elementor-icon-list-item\">\n\t\t\t\t\t\t\t\t\t\t\t<span class=\"elementor-icon-list-icon\">\n\t\t\t\t\t\t\t<i aria-hidden=\"true\" class=\"fas fa-clock\"><\/i>\t\t\t\t\t\t<\/span>\n\t\t\t\t\t\t\t\t\t\t<span class=\"elementor-icon-list-text\">D\u00eda de B\u00e9lgica: 14 de septiembre de 2025<\/span>\n\t\t\t\t\t\t\t\t\t<\/li>\n\t\t\t\t\t\t<\/ul>\n\t\t\t\t\t\t<\/div>\n\t\t\t\t<\/div>\n\t\t\t\t<div class=\"elementor-element elementor-element-78a2ee6 sc_height_small sc_layouts_hide_on_tablet sc_fly_static elementor-widget elementor-widget-spacer\" data-id=\"78a2ee6\" data-element_type=\"widget\" data-e-type=\"widget\" data-widget_type=\"spacer.default\">\n\t\t\t\t<div class=\"elementor-widget-container\">\n\t\t\t\t\t\t\t<div class=\"elementor-spacer\">\n\t\t\t<div class=\"elementor-spacer-inner\"><\/div>\n\t\t<\/div>\n\t\t\t\t\t\t<\/div>\n\t\t\t\t<\/div>\n\t\t\t\t\t<\/div>\n\t\t<\/div>\n\t\t\t\t\t<\/div>\n\t\t<\/section>\n\t\t\t\t<section data-dce-background-color=\"#FFFFFF\" class=\"elementor-section elementor-top-section elementor-element elementor-element-ef207bd elementor-section-content-middle elementor-reverse-mobile elementor-section-boxed elementor-section-height-default elementor-section-height-default sc_fly_static\" data-id=\"ef207bd\" data-element_type=\"section\" data-e-type=\"section\" id=\"haacht\" data-settings=\"{&quot;background_background&quot;:&quot;classic&quot;}\">\n\t\t\t\t\t\t<div class=\"elementor-container elementor-column-gap-extended\">\n\t\t\t\t\t<div class=\"elementor-column elementor-col-50 elementor-top-column elementor-element elementor-element-bf55f67 sc_content_align_inherit sc_layouts_column_icons_position_left sc_fly_static\" data-id=\"bf55f67\" data-element_type=\"column\" data-e-type=\"column\">\n\t\t\t<div class=\"elementor-widget-wrap elementor-element-populated\">\n\t\t\t\t\t\t<div class=\"elementor-element elementor-element-a82a12a sc_fly_static elementor-widget elementor-widget-trx_sc_title\" data-id=\"a82a12a\" data-element_type=\"widget\" data-e-type=\"widget\" data-widget_type=\"trx_sc_title.default\">\n\t\t\t\t<div class=\"elementor-widget-container\">\n\t\t\t\t\t<div\t\tclass=\"sc_title sc_title_default\" ><h1 class=\"sc_item_title sc_title_title sc_item_title_style_default sc_item_title_tag\"\n\t\t\t><span class=\"sc_item_title_text\"><span class=\"firstcolorOmmegang\">La cervecer\u00eda Haacht y la cerveza <span class=\"firstcolorOmmegang\">Ommegang<\/span> <\/span> <\/span><\/h1><\/div>\t\t\t\t<\/div>\n\t\t\t\t<\/div>\n\t\t\t\t<div class=\"elementor-element elementor-element-7274dac sc_fly_static elementor-widget elementor-widget-spacer\" data-id=\"7274dac\" data-element_type=\"widget\" data-e-type=\"widget\" data-widget_type=\"spacer.default\">\n\t\t\t\t<div class=\"elementor-widget-container\">\n\t\t\t\t\t\t\t<div class=\"elementor-spacer\">\n\t\t\t<div class=\"elementor-spacer-inner\"><\/div>\n\t\t<\/div>\n\t\t\t\t\t\t<\/div>\n\t\t\t\t<\/div>\n\t\t\t\t<div class=\"elementor-element elementor-element-f225081 sc_fly_static elementor-widget elementor-widget-text-editor\" data-id=\"f225081\" data-element_type=\"widget\" data-e-type=\"widget\" data-widget_type=\"text-editor.default\">\n\t\t\t\t<div class=\"elementor-widget-container\">\n\t\t\t\t\t\t\t\t\t<p>El Ommegang se enorgullece de presentar su propia cerveza, que es otro fuerte s\u00edmbolo del saber hacer belga. Esta lager fue creada para subrayar el estrecho v\u00ednculo entre las cervezas Charles Quint de la cervecer\u00eda Haacht y el Ommegang de Bruselas. Contiene un 8% de contenido alcoh\u00f3lico, se elabora con cebada ligera y tres tipos diferentes de l\u00fapulo. Su car\u00e1cter seco y robusto atrae tanto a los conocedores de las cervezas especiales como a los amantes de las cervezas pils. Se caracteriza por un aroma c\u00edtrico, seguido de un sabor floral picante y un amargor complejo y refinado en el final.<\/p>\t\t\t\t\t\t\t\t<\/div>\n\t\t\t\t<\/div>\n\t\t\t\t<div class=\"elementor-element elementor-element-09524a8 sc_fly_static elementor-widget elementor-widget-spacer\" data-id=\"09524a8\" data-element_type=\"widget\" data-e-type=\"widget\" data-widget_type=\"spacer.default\">\n\t\t\t\t<div class=\"elementor-widget-container\">\n\t\t\t\t\t\t\t<div class=\"elementor-spacer\">\n\t\t\t<div class=\"elementor-spacer-inner\"><\/div>\n\t\t<\/div>\n\t\t\t\t\t\t<\/div>\n\t\t\t\t<\/div>\n\t\t\t\t<div class=\"elementor-element elementor-element-d3edc57 elementor-align-center sc_fly_static elementor-widget elementor-widget-button\" data-id=\"d3edc57\" data-element_type=\"widget\" data-e-type=\"widget\" data-widget_type=\"button.default\">\n\t\t\t\t<div class=\"elementor-widget-container\">\n\t\t\t\t\t\t\t\t\t<div class=\"elementor-button-wrapper\">\n\t\t\t\t\t<a class=\"elementor-button elementor-button-link elementor-size-sm\" href=\"https:\/\/haacht.com\/fr\/marques\/bieres\/ommegang\" target=\"_blank\">\n\t\t\t\t\t\t<span class=\"elementor-button-content-wrapper\">\n\t\t\t\t\t\t<span class=\"elementor-button-icon\">\n\t\t\t\t<i aria-hidden=\"true\" class=\"fas fa-info-circle\"><\/i>\t\t\t<\/span>\n\t\t\t\t\t\t\t\t\t<span class=\"elementor-button-text\">La cervecer\u00eda Haacht<\/span>\n\t\t\t\t\t<\/span>\n\t\t\t\t\t<\/a>\n\t\t\t\t<\/div>\n\t\t\t\t\t\t\t\t<\/div>\n\t\t\t\t<\/div>\n\t\t\t\t<div class=\"elementor-element elementor-element-cd82664 sc_height_small sc_layouts_hide_on_tablet sc_fly_static elementor-widget elementor-widget-spacer\" data-id=\"cd82664\" data-element_type=\"widget\" data-e-type=\"widget\" data-widget_type=\"spacer.default\">\n\t\t\t\t<div class=\"elementor-widget-container\">\n\t\t\t\t\t\t\t<div class=\"elementor-spacer\">\n\t\t\t<div class=\"elementor-spacer-inner\"><\/div>\n\t\t<\/div>\n\t\t\t\t\t\t<\/div>\n\t\t\t\t<\/div>\n\t\t\t\t\t<\/div>\n\t\t<\/div>\n\t\t\t\t<div class=\"elementor-column elementor-col-50 elementor-top-column elementor-element elementor-element-c4538b8 sc_content_align_inherit sc_layouts_column_icons_position_left sc_fly_static\" data-id=\"c4538b8\" data-element_type=\"column\" data-e-type=\"column\">\n\t\t\t<div class=\"elementor-widget-wrap elementor-element-populated\">\n\t\t\t\t\t\t<div class=\"elementor-element elementor-element-469164d no-title dce_masking-none sc_fly_static elementor-widget elementor-widget-image\" data-id=\"469164d\" data-element_type=\"widget\" data-e-type=\"widget\" data-widget_type=\"image.default\">\n\t\t\t\t<div class=\"elementor-widget-container\">\n\t\t\t\t\t\t\t\t\t\t\t\t\t\t\t\t<a href=\"https:\/\/ommegang.be\/wp-content\/uploads\/2025\/05\/Ommegang_Bier.jpg\" data-elementor-open-lightbox=\"yes\" data-elementor-lightbox-title=\"Ommegang_Bier\" data-e-action-hash=\"#elementor-action%3Aaction%3Dlightbox%26settings%3DeyJpZCI6MjU4ODYsInVybCI6Imh0dHBzOlwvXC9vbW1lZ2FuZy5iZVwvd3AtY29udGVudFwvdXBsb2Fkc1wvMjAyNVwvMDVcL09tbWVnYW5nX0JpZXIuanBnIn0%3D\">\n\t\t\t\t\t\t\t<img decoding=\"async\" width=\"1024\" height=\"767\" src=\"https:\/\/ommegang.be\/wp-content\/uploads\/2025\/05\/Ommegang_Bier-1024x767.jpg\" class=\"attachment-large size-large wp-image-25886\" alt=\"\" srcset=\"https:\/\/ommegang.be\/wp-content\/uploads\/2025\/05\/Ommegang_Bier-1024x767.jpg 1024w, https:\/\/ommegang.be\/wp-content\/uploads\/2025\/05\/Ommegang_Bier-300x225.jpg 300w, https:\/\/ommegang.be\/wp-content\/uploads\/2025\/05\/Ommegang_Bier-768x575.jpg 768w, https:\/\/ommegang.be\/wp-content\/uploads\/2025\/05\/Ommegang_Bier-370x277.jpg 370w, https:\/\/ommegang.be\/wp-content\/uploads\/2025\/05\/Ommegang_Bier-840x629.jpg 840w, https:\/\/ommegang.be\/wp-content\/uploads\/2025\/05\/Ommegang_Bier-410x307.jpg 410w, https:\/\/ommegang.be\/wp-content\/uploads\/2025\/05\/Ommegang_Bier-600x450.jpg 600w, https:\/\/ommegang.be\/wp-content\/uploads\/2025\/05\/Ommegang_Bier.jpg 1200w\" sizes=\"(max-width: 1024px) 100vw, 1024px\" \/>\t\t\t\t\t\t\t\t<\/a>\n\t\t\t\t\t\t\t\t\t\t\t\t\t\t\t<\/div>\n\t\t\t\t<\/div>\n\t\t\t\t\t<\/div>\n\t\t<\/div>\n\t\t\t\t\t<\/div>\n\t\t<\/section>\n\t\t\t\t<section class=\"elementor-section elementor-top-section elementor-element elementor-element-a6e013e elementor-section-content-middle elementor-reverse-mobile sc_layouts_hide_on_wide sc_layouts_hide_on_desktop sc_layouts_hide_on_notebook sc_layouts_hide_on_tablet sc_layouts_hide_on_mobile elementor-section-boxed elementor-section-height-default elementor-section-height-default sc_fly_static\" data-id=\"a6e013e\" data-element_type=\"section\" data-e-type=\"section\" id=\"brel\" data-settings=\"{&quot;background_background&quot;:&quot;classic&quot;}\">\n\t\t\t\t\t\t<div class=\"elementor-container elementor-column-gap-extended\">\n\t\t\t\t\t<div class=\"elementor-column elementor-col-50 elementor-top-column elementor-element elementor-element-ee2618b sc_content_align_inherit sc_layouts_column_icons_position_left sc_fly_static\" data-id=\"ee2618b\" data-element_type=\"column\" data-e-type=\"column\">\n\t\t\t<div class=\"elementor-widget-wrap elementor-element-populated\">\n\t\t\t\t\t\t<div class=\"elementor-element elementor-element-cba6f50 no-title dce_masking-none sc_fly_static elementor-widget elementor-widget-image\" data-id=\"cba6f50\" data-element_type=\"widget\" data-e-type=\"widget\" data-widget_type=\"image.default\">\n\t\t\t\t<div class=\"elementor-widget-container\">\n\t\t\t\t\t\t\t\t\t\t\t\t\t\t\t\t<a href=\"https:\/\/ommegang.be\/wp-content\/uploads\/2025\/05\/BREL-lespectacle.jpg\" data-elementor-open-lightbox=\"yes\" data-elementor-lightbox-title=\"BREL-lespectacle\" data-e-action-hash=\"#elementor-action%3Aaction%3Dlightbox%26settings%3DeyJpZCI6MjU4OTMsInVybCI6Imh0dHBzOlwvXC9vbW1lZ2FuZy5iZVwvd3AtY29udGVudFwvdXBsb2Fkc1wvMjAyNVwvMDVcL0JSRUwtbGVzcGVjdGFjbGUuanBnIn0%3D\">\n\t\t\t\t\t\t\t<img loading=\"lazy\" decoding=\"async\" width=\"724\" height=\"1024\" src=\"https:\/\/ommegang.be\/wp-content\/uploads\/2025\/05\/BREL-lespectacle-724x1024.jpg\" class=\"attachment-large size-large wp-image-25893\" alt=\"\" srcset=\"https:\/\/ommegang.be\/wp-content\/uploads\/2025\/05\/BREL-lespectacle-724x1024.jpg 724w, https:\/\/ommegang.be\/wp-content\/uploads\/2025\/05\/BREL-lespectacle-212x300.jpg 212w, https:\/\/ommegang.be\/wp-content\/uploads\/2025\/05\/BREL-lespectacle-768x1086.jpg 768w, https:\/\/ommegang.be\/wp-content\/uploads\/2025\/05\/BREL-lespectacle-370x523.jpg 370w, https:\/\/ommegang.be\/wp-content\/uploads\/2025\/05\/BREL-lespectacle-840x1188.jpg 840w, https:\/\/ommegang.be\/wp-content\/uploads\/2025\/05\/BREL-lespectacle-410x580.jpg 410w, https:\/\/ommegang.be\/wp-content\/uploads\/2025\/05\/BREL-lespectacle-600x848.jpg 600w, https:\/\/ommegang.be\/wp-content\/uploads\/2025\/05\/BREL-lespectacle.jpg 1061w\" sizes=\"(max-width: 724px) 100vw, 724px\" \/>\t\t\t\t\t\t\t\t<\/a>\n\t\t\t\t\t\t\t\t\t\t\t\t\t\t\t<\/div>\n\t\t\t\t<\/div>\n\t\t\t\t<div class=\"elementor-element elementor-element-7a8eb31 elementor-align-center sc_fly_static elementor-widget elementor-widget-button\" data-id=\"7a8eb31\" data-element_type=\"widget\" data-e-type=\"widget\" data-widget_type=\"button.default\">\n\t\t\t\t<div class=\"elementor-widget-container\">\n\t\t\t\t\t\t\t\t\t<div class=\"elementor-button-wrapper\">\n\t\t\t\t\t<a class=\"elementor-button elementor-button-link elementor-size-sm\" href=\"https:\/\/www.ticketmaster.be\/event\/brel-le-spectacle-billets\/229693753?language=fr-be\" target=\"_blank\">\n\t\t\t\t\t\t<span class=\"elementor-button-content-wrapper\">\n\t\t\t\t\t\t<span class=\"elementor-button-icon\">\n\t\t\t\t<i aria-hidden=\"true\" class=\"fas fa-ticket-alt\"><\/i>\t\t\t<\/span>\n\t\t\t\t\t\t\t\t\t<span class=\"elementor-button-text\">RESERVA TU ENTRADA <\/span>\n\t\t\t\t\t<\/span>\n\t\t\t\t\t<\/a>\n\t\t\t\t<\/div>\n\t\t\t\t\t\t\t\t<\/div>\n\t\t\t\t<\/div>\n\t\t\t\t\t<\/div>\n\t\t<\/div>\n\t\t\t\t<div class=\"elementor-column elementor-col-50 elementor-top-column elementor-element elementor-element-a8e6151 sc_content_align_inherit sc_layouts_column_icons_position_left sc_fly_static\" data-id=\"a8e6151\" data-element_type=\"column\" data-e-type=\"column\">\n\t\t\t<div class=\"elementor-widget-wrap elementor-element-populated\">\n\t\t\t\t\t\t<div class=\"elementor-element elementor-element-1d02c6f sc_fly_static elementor-widget elementor-widget-trx_sc_title\" data-id=\"1d02c6f\" data-element_type=\"widget\" data-e-type=\"widget\" data-widget_type=\"trx_sc_title.default\">\n\t\t\t\t<div class=\"elementor-widget-container\">\n\t\t\t\t\t<div\t\tclass=\"sc_title sc_title_default\" ><span class=\"sc_item_subtitle sc_title_subtitle sc_item_subtitle_above sc_item_title_style_default\">Un concierto \u00fanico entre los dos d\u00edas de ommegang<\/span><h1 class=\"sc_item_title sc_title_title sc_item_title_style_default sc_item_title_tag\"\n\t\t\t><span class=\"sc_item_title_text\"><span class=\"firstcolorOmmegang\">BREL: \u00a1El Espect\u00e1culo!<\/span> <\/span><\/h1><\/div>\t\t\t\t<\/div>\n\t\t\t\t<\/div>\n\t\t\t\t<div class=\"elementor-element elementor-element-a7a9282 sc_fly_static elementor-widget elementor-widget-spacer\" data-id=\"a7a9282\" data-element_type=\"widget\" data-e-type=\"widget\" data-widget_type=\"spacer.default\">\n\t\t\t\t<div class=\"elementor-widget-container\">\n\t\t\t\t\t\t\t<div class=\"elementor-spacer\">\n\t\t\t<div class=\"elementor-spacer-inner\"><\/div>\n\t\t<\/div>\n\t\t\t\t\t\t<\/div>\n\t\t\t\t<\/div>\n\t\t\t\t<div data-dce-text-color=\"#1F242E\" class=\"elementor-element elementor-element-41ed09f sc_fly_static elementor-widget elementor-widget-text-editor\" data-id=\"41ed09f\" data-element_type=\"widget\" data-e-type=\"widget\" data-widget_type=\"text-editor.default\">\n\t\t\t\t<div class=\"elementor-widget-container\">\n\t\t\t\t\t\t\t\t\t<p>3 de julio en la Grand-Place de Bruselas<\/p>\t\t\t\t\t\t\t\t<\/div>\n\t\t\t\t<\/div>\n\t\t\t\t<div class=\"elementor-element elementor-element-b33590a sc_fly_static elementor-widget elementor-widget-spacer\" data-id=\"b33590a\" data-element_type=\"widget\" data-e-type=\"widget\" data-widget_type=\"spacer.default\">\n\t\t\t\t<div class=\"elementor-widget-container\">\n\t\t\t\t\t\t\t<div class=\"elementor-spacer\">\n\t\t\t<div class=\"elementor-spacer-inner\"><\/div>\n\t\t<\/div>\n\t\t\t\t\t\t<\/div>\n\t\t\t\t<\/div>\n\t\t\t\t<div data-dce-text-color=\"#C59948\" class=\"elementor-element elementor-element-e1902a6 sc_fly_static elementor-widget elementor-widget-text-editor\" data-id=\"e1902a6\" data-element_type=\"widget\" data-e-type=\"widget\" data-widget_type=\"text-editor.default\">\n\t\t\t\t<div class=\"elementor-widget-container\">\n\t\t\t\t\t\t\t\t\t<p>Olivier Laurent le llevar\u00e1 en un viaje inolvidable al universo de Jacques Brel.<\/p>\t\t\t\t\t\t\t\t<\/div>\n\t\t\t\t<\/div>\n\t\t\t\t<div class=\"elementor-element elementor-element-7c816e5 sc_fly_static elementor-widget elementor-widget-spacer\" data-id=\"7c816e5\" data-element_type=\"widget\" data-e-type=\"widget\" data-widget_type=\"spacer.default\">\n\t\t\t\t<div class=\"elementor-widget-container\">\n\t\t\t\t\t\t\t<div class=\"elementor-spacer\">\n\t\t\t<div class=\"elementor-spacer-inner\"><\/div>\n\t\t<\/div>\n\t\t\t\t\t\t<\/div>\n\t\t\t\t<\/div>\n\t\t\t\t<div class=\"elementor-element elementor-element-606f6d2 sc_fly_static elementor-widget elementor-widget-text-editor\" data-id=\"606f6d2\" data-element_type=\"widget\" data-e-type=\"widget\" data-widget_type=\"text-editor.default\">\n\t\t\t\t<div class=\"elementor-widget-container\">\n\t\t\t\t\t\t\t\t\t<p>\u00a1Olivier Laurent te invita a viajar en el universo de Jacques Brel, ofreci\u00e9ndole un conmovedor homenaje y dejando una huella imborrable, todo esto bajo la direcci\u00f3n de Directo Prod y Publi-Market. Mucho m\u00e1s que un concierto, es una vibrante inmersi\u00f3n en el alma del gran Jacques. Olivier Laurent no lo imita, se convirti\u00f3 en Brel, reviviendo sus canciones con una intensidad extraordinaria y una emoci\u00f3n muy intensa. Acompa\u00f1ado por cuatro m\u00fasicos excepcionales, te lleva a un torbellino de emociones, desde el ardor de \u201cLa Valse \u00e0 mille Temps \u201chasta la profundidad desgarradora de\u201d Voir un ami pleurer\u201d. Este espect\u00e1culo, que ya se ha presentado ante miles de espectadores conmovidos hasta las l\u00e1grimas en Par\u00eds, Montreal, Nueva York y Dub\u00e1i, llega por fin a Bruselas, la ciudad natal de Jacques Brel. Un conmovedor tributo al amor y a la poes\u00eda, una actuaci\u00f3n inolvidable y un evento imperdible para devolver la vida a Brel&#8230; en la plaza m\u00e1s bonita del mundo.\u00a0 Gran -Plaza de Bruselas el jueves 3 de julio de 2025.<\/p>\t\t\t\t\t\t\t\t<\/div>\n\t\t\t\t<\/div>\n\t\t\t\t<div class=\"elementor-element elementor-element-9344032 sc_fly_static elementor-widget elementor-widget-spacer\" data-id=\"9344032\" data-element_type=\"widget\" data-e-type=\"widget\" data-widget_type=\"spacer.default\">\n\t\t\t\t<div class=\"elementor-widget-container\">\n\t\t\t\t\t\t\t<div class=\"elementor-spacer\">\n\t\t\t<div class=\"elementor-spacer-inner\"><\/div>\n\t\t<\/div>\n\t\t\t\t\t\t<\/div>\n\t\t\t\t<\/div>\n\t\t\t\t<div class=\"elementor-element elementor-element-304f215 elementor-icon-list--layout-traditional elementor-list-item-link-full_width sc_fly_static elementor-widget elementor-widget-icon-list\" data-id=\"304f215\" data-element_type=\"widget\" data-e-type=\"widget\" data-widget_type=\"icon-list.default\">\n\t\t\t\t<div class=\"elementor-widget-container\">\n\t\t\t\t\t\t\t<ul class=\"elementor-icon-list-items\">\n\t\t\t\t\t\t\t<li class=\"elementor-icon-list-item\">\n\t\t\t\t\t\t\t\t\t\t\t<span class=\"elementor-icon-list-icon\">\n\t\t\t\t\t\t\t<i aria-hidden=\"true\" class=\"fas fa-clock\"><\/i>\t\t\t\t\t\t<\/span>\n\t\t\t\t\t\t\t\t\t\t<span class=\"elementor-icon-list-text\">Actuaci\u00f3n el 3 de julio en la Gran-Plaza de Bruselas <\/span>\n\t\t\t\t\t\t\t\t\t<\/li>\n\t\t\t\t\t\t\t\t<li class=\"elementor-icon-list-item\">\n\t\t\t\t\t\t\t\t\t\t\t<span class=\"elementor-icon-list-icon\">\n\t\t\t\t\t\t\t<i aria-hidden=\"true\" class=\"fas fa-clock\"><\/i>\t\t\t\t\t\t<\/span>\n\t\t\t\t\t\t\t\t\t\t<span class=\"elementor-icon-list-text\">Apertura de puertas: 20.00 h - Espect\u00e1culo: 21.00 h<\/span>\n\t\t\t\t\t\t\t\t\t<\/li>\n\t\t\t\t\t\t\t\t<li class=\"elementor-icon-list-item\">\n\t\t\t\t\t\t\t\t\t\t\t<a href=\"https:\/\/www.ticketmaster.be\/event\/brel-le-spectacle-billets\/229693753?language=fr-be\" target=\"_blank\">\n\n\t\t\t\t\t\t\t\t\t\t\t\t<span class=\"elementor-icon-list-icon\">\n\t\t\t\t\t\t\t<i aria-hidden=\"true\" class=\"fas fa-ticket-alt\"><\/i>\t\t\t\t\t\t<\/span>\n\t\t\t\t\t\t\t\t\t\t<span class=\"elementor-icon-list-text\">Entradas: www.ticketmaster.be<\/span>\n\t\t\t\t\t\t\t\t\t\t\t<\/a>\n\t\t\t\t\t\t\t\t\t<\/li>\n\t\t\t\t\t\t<\/ul>\n\t\t\t\t\t\t<\/div>\n\t\t\t\t<\/div>\n\t\t\t\t<div class=\"elementor-element elementor-element-87e40e9 sc_height_small sc_layouts_hide_on_tablet sc_fly_static elementor-widget elementor-widget-spacer\" data-id=\"87e40e9\" data-element_type=\"widget\" data-e-type=\"widget\" data-widget_type=\"spacer.default\">\n\t\t\t\t<div class=\"elementor-widget-container\">\n\t\t\t\t\t\t\t<div class=\"elementor-spacer\">\n\t\t\t<div class=\"elementor-spacer-inner\"><\/div>\n\t\t<\/div>\n\t\t\t\t\t\t<\/div>\n\t\t\t\t<\/div>\n\t\t\t\t\t<\/div>\n\t\t<\/div>\n\t\t\t\t\t<\/div>\n\t\t<\/section>\n\t\t\t\t<section data-dce-background-color=\"#EBEBEB\" class=\"elementor-section elementor-top-section elementor-element elementor-element-868cafb elementor-section-content-middle elementor-reverse-mobile elementor-section-boxed elementor-section-height-default elementor-section-height-default sc_fly_static\" data-id=\"868cafb\" data-element_type=\"section\" data-e-type=\"section\" id=\"expos_universelles\" data-settings=\"{&quot;background_background&quot;:&quot;classic&quot;}\">\n\t\t\t\t\t\t<div class=\"elementor-container elementor-column-gap-extended\">\n\t\t\t\t\t<div class=\"elementor-column elementor-col-50 elementor-top-column elementor-element elementor-element-cae914e sc_content_align_inherit sc_layouts_column_icons_position_left sc_fly_static\" data-id=\"cae914e\" data-element_type=\"column\" data-e-type=\"column\">\n\t\t\t<div class=\"elementor-widget-wrap elementor-element-populated\">\n\t\t\t\t\t\t<div class=\"elementor-element elementor-element-803ca99 sc_fly_static elementor-widget elementor-widget-trx_sc_title\" data-id=\"803ca99\" data-element_type=\"widget\" data-e-type=\"widget\" data-widget_type=\"trx_sc_title.default\">\n\t\t\t\t<div class=\"elementor-widget-container\">\n\t\t\t\t\t<div\t\tclass=\"sc_title sc_title_default\" ><h1 class=\"sc_item_title sc_title_title sc_item_title_style_default sc_item_title_tag\"\n\t\t\t><span class=\"sc_item_title_text\"><span class=\"firstcolorOmmegang\">Ommegang<\/span> exporta nuestra <span class=\"firstcolorOmmegang\">cultura<\/span><\/span><\/h1><\/div>\t\t\t\t<\/div>\n\t\t\t\t<\/div>\n\t\t\t\t<div class=\"elementor-element elementor-element-923fc3b sc_fly_static elementor-widget elementor-widget-spacer\" data-id=\"923fc3b\" data-element_type=\"widget\" data-e-type=\"widget\" data-widget_type=\"spacer.default\">\n\t\t\t\t<div class=\"elementor-widget-container\">\n\t\t\t\t\t\t\t<div class=\"elementor-spacer\">\n\t\t\t<div class=\"elementor-spacer-inner\"><\/div>\n\t\t<\/div>\n\t\t\t\t\t\t<\/div>\n\t\t\t\t<\/div>\n\t\t\t\t<div class=\"elementor-element elementor-element-8776f72 sc_fly_static elementor-widget elementor-widget-text-editor\" data-id=\"8776f72\" data-element_type=\"widget\" data-e-type=\"widget\" data-widget_type=\"text-editor.default\">\n\t\t\t\t<div class=\"elementor-widget-container\">\n\t\t\t\t\t\t\t\t\t<p data-start=\"211\" data-end=\"568\">El Ommegang ha tenido el honor de representar a B\u00e9lgica en varias <strong>grandes Ferias Mundiales: Shangh\u00e1i en 2010, Mil\u00e1n en 2015, Dub\u00e1i en 2020 y Osaka en 2025<\/strong>. En todas las ocasiones, nuestro desfile hist\u00f3rico ha cautivado a visitantes de todo el mundo con sus ricos trajes, sus recreaciones precisas y su ambiente \u00fanico.<\/p><p data-start=\"570\" data-end=\"876\">Estos acontecimientos internacionales son una valiosa oportunidad para mostrar lo mejor del folclore belga. El Ommegang, con sus cientos de participantes y sus escenas inspiradas en nuestra historia, encarna un patrimonio vivo que despierta curiosidad y admiraci\u00f3n mucho m\u00e1s all\u00e1 de nuestras fronteras.<\/p><p data-start=\"878\" data-end=\"1100\">Estar presentes en la escena mundial significa tambi\u00e9n afirmar que nuestras tradiciones tienen su lugar en el mundo actual. Hablan de una identidad, de un patrimonio, pero tambi\u00e9n de un deseo de transmitir y compartir.<\/p><p data-start=\"1102\" data-end=\"1295\">Al participar en estas grandes exposiciones, Ommegang contribuye a dar a conocer Bruselas y B\u00e9lgica en el extranjero, poniendo de relieve la riqueza y vitalidad de nuestra cultura popular.<\/p>\t\t\t\t\t\t\t\t<\/div>\n\t\t\t\t<\/div>\n\t\t\t\t<div class=\"elementor-element elementor-element-766068c sc_fly_static elementor-widget elementor-widget-spacer\" data-id=\"766068c\" data-element_type=\"widget\" data-e-type=\"widget\" data-widget_type=\"spacer.default\">\n\t\t\t\t<div class=\"elementor-widget-container\">\n\t\t\t\t\t\t\t<div class=\"elementor-spacer\">\n\t\t\t<div class=\"elementor-spacer-inner\"><\/div>\n\t\t<\/div>\n\t\t\t\t\t\t<\/div>\n\t\t\t\t<\/div>\n\t\t\t\t<div class=\"elementor-element elementor-element-fb90d4f sc_height_small sc_layouts_hide_on_tablet sc_fly_static elementor-widget elementor-widget-spacer\" data-id=\"fb90d4f\" data-element_type=\"widget\" data-e-type=\"widget\" data-widget_type=\"spacer.default\">\n\t\t\t\t<div class=\"elementor-widget-container\">\n\t\t\t\t\t\t\t<div class=\"elementor-spacer\">\n\t\t\t<div class=\"elementor-spacer-inner\"><\/div>\n\t\t<\/div>\n\t\t\t\t\t\t<\/div>\n\t\t\t\t<\/div>\n\t\t\t\t\t<\/div>\n\t\t<\/div>\n\t\t\t\t<div class=\"elementor-column elementor-col-50 elementor-top-column elementor-element elementor-element-052e8c1 sc_content_align_inherit sc_layouts_column_icons_position_left sc_fly_static\" data-id=\"052e8c1\" data-element_type=\"column\" data-e-type=\"column\">\n\t\t\t<div class=\"elementor-widget-wrap elementor-element-populated\">\n\t\t\t\t\t\t<div class=\"elementor-element elementor-element-ee273a2 no-title dce_masking-none sc_fly_static elementor-widget elementor-widget-image\" data-id=\"ee273a2\" data-element_type=\"widget\" data-e-type=\"widget\" data-widget_type=\"image.default\">\n\t\t\t\t<div class=\"elementor-widget-container\">\n\t\t\t\t\t\t\t\t\t\t\t\t\t\t\t\t<a href=\"https:\/\/ommegang.be\/wp-content\/uploads\/2025\/06\/ExposUniverselles.jpg\" data-elementor-open-lightbox=\"yes\" data-e-action-hash=\"#elementor-action%3Aaction%3Dlightbox%26settings%3DeyJpZCI6MjYyNjksInVybCI6ZmFsc2V9\">\n\t\t\t\t\t\t\t<img decoding=\"async\" src=\"https:\/\/ommegang.be\/wp-content\/uploads\/2025\/06\/ExposUniverselles.jpg\" title=\"\" alt=\"\" loading=\"lazy\" \/>\t\t\t\t\t\t\t\t<\/a>\n\t\t\t\t\t\t\t\t\t\t\t\t\t\t\t<\/div>\n\t\t\t\t<\/div>\n\t\t\t\t\t<\/div>\n\t\t<\/div>\n\t\t\t\t\t<\/div>\n\t\t<\/section>\n\t\t\t\t<section class=\"elementor-section elementor-top-section elementor-element elementor-element-4fa197c3 scheme_default elementor-section-boxed elementor-section-height-default elementor-section-height-default sc_fly_static\" data-id=\"4fa197c3\" data-element_type=\"section\" data-e-type=\"section\" data-settings=\"{&quot;background_background&quot;:&quot;classic&quot;}\">\n\t\t\t\t\t\t<div class=\"elementor-container elementor-column-gap-extended\">\n\t\t\t\t\t<div class=\"elementor-column elementor-col-100 elementor-top-column elementor-element elementor-element-7bed6749 sc_content_align_inherit sc_layouts_column_icons_position_left sc_fly_static\" data-id=\"7bed6749\" data-element_type=\"column\" data-e-type=\"column\">\n\t\t\t<div class=\"elementor-widget-wrap elementor-element-populated\">\n\t\t\t\t\t\t<div class=\"elementor-element elementor-element-d12cc4f sc_height_medium sc_fly_static elementor-widget elementor-widget-spacer\" data-id=\"d12cc4f\" data-element_type=\"widget\" data-e-type=\"widget\" data-widget_type=\"spacer.default\">\n\t\t\t\t<div class=\"elementor-widget-container\">\n\t\t\t\t\t\t\t<div class=\"elementor-spacer\">\n\t\t\t<div class=\"elementor-spacer-inner\"><\/div>\n\t\t<\/div>\n\t\t\t\t\t\t<\/div>\n\t\t\t\t<\/div>\n\t\t\t\t<div class=\"elementor-element elementor-element-92782cc sc_fly_static elementor-widget elementor-widget-trx_sc_title\" data-id=\"92782cc\" data-element_type=\"widget\" data-e-type=\"widget\" data-widget_type=\"trx_sc_title.default\">\n\t\t\t\t<div class=\"elementor-widget-container\">\n\t\t\t\t\t<div\t\tclass=\"sc_title sc_title_default\" ><span class=\"sc_item_subtitle sc_title_subtitle sc_item_subtitle_above sc_item_title_style_default\">Agenda<\/span><h1 class=\"sc_item_title sc_title_title sc_item_title_style_default sc_item_title_tag\"\n\t\t\t><span class=\"sc_item_title_text\">Todas las <span class=\"firstcolorOmmegang\">Festividades <\/span> del <span class=\"fontOmmegang\"> Ommegang<\/span><\/span><\/h1><\/div>\t\t\t\t<\/div>\n\t\t\t\t<\/div>\n\t\t\t\t<div class=\"elementor-element elementor-element-acb4b43 sc_height_medium sc_fly_static elementor-widget elementor-widget-spacer\" data-id=\"acb4b43\" data-element_type=\"widget\" data-e-type=\"widget\" data-widget_type=\"spacer.default\">\n\t\t\t\t<div class=\"elementor-widget-container\">\n\t\t\t\t\t\t\t<div class=\"elementor-spacer\">\n\t\t\t<div class=\"elementor-spacer-inner\"><\/div>\n\t\t<\/div>\n\t\t\t\t\t\t<\/div>\n\t\t\t\t<\/div>\n\t\t\t\t<div class=\"elementor-element elementor-element-5356f82 sc_fly_static elementor-widget elementor-widget-trx_sc_events\" data-id=\"5356f82\" data-element_type=\"widget\" data-e-type=\"widget\" data-widget_type=\"trx_sc_events.default\">\n\t\t\t\t<div class=\"elementor-widget-container\">\n\t\t\t\t\t<div \t\tclass=\"sc_events color_style_dark sc_events_classic\"><div class=\"sc_events_columns sc_item_columns trx_addons_columns_wrap columns_padding_bottom\"><div class=\"trx_addons_column-1_3 trx_addons_column-1_2-tablet\"><div class=\"sc_events_item sc_item_container post_container with_more\">\n\n    <div class=\"sc_events_item_content\">\n\n        <div class=\"sc_events_item_featured\" style=\"background-image: url(https:\/\/ommegang.be\/wp-content\/uploads\/2020\/04\/Ommegang2023Mercredi1033-840x1262.jpg);\"><\/div>\n\n        <div class=\"sc_events_item_content_inner\">\n\n            <div class=\"sc_events_item_content_inner_top\">\n                <div class=\"sc_events_item_meta_categories\"><a href=\"https:\/\/ommegang.be\/es\/events\/category\/spectacle-es\/\" title=\"View all posts in Spectacle\">Spectacle<\/a><\/div>\n            <\/div>\n\n            <div class=\"sc_events_item_content_inner_bottom\">\n                <h4 class=\"sc_events_item_title\"><a href=\"https:\/\/ommegang.be\/es\/event\/espectaculo-historico\/\">Espect\u00e1culo Hist\u00f3rico<\/a><\/h4>\n                <div class=\"sc_events_item_meta\">\n                    <span class=\"sc_events_item_meta_item sc_events_item_meta_date\">01-07-2026 21:00<\/span><br><span class=\"sc_events_item_meta_item sc_events_item_meta_date\">03-07-2026 21:00<\/span>                <\/div>\n                                    <div class=\"sc_events_item_text\">\u00a1Sum\u00e9rgete en el coraz\u00f3n de la Historia en la Grand-Plaza de Bruselas!<\/div>\n                \n                                    <a href=\"https:\/\/ommegang.be\/es\/event\/espectaculo-historico\/\" class=\"sc_events_item_more_link\">\n                        <span class=\"link_text\">M\u00e1s informaciones<\/span><span class=\"link_icon\"><\/span>\n                    <\/a>\n                            <\/div>\n            <a class=\"sc_events_item_link\" href=\"https:\/\/ommegang.be\/es\/event\/espectaculo-historico\/\"><\/a>\n        <\/div>\n    <\/div>\n<\/div><\/div><div class=\"trx_addons_column-1_3 trx_addons_column-1_2-tablet\"><div class=\"sc_events_item sc_item_container post_container with_more\">\n\n    <div class=\"sc_events_item_content\">\n\n        <div class=\"sc_events_item_featured\" style=\"background-image: url(https:\/\/ommegang.be\/wp-content\/uploads\/2025\/05\/Ommegang2024M0620-840x1262.jpg);\"><\/div>\n\n        <div class=\"sc_events_item_content_inner\">\n\n            <div class=\"sc_events_item_content_inner_top\">\n                <div class=\"sc_events_item_meta_categories\"><a href=\"https:\/\/ommegang.be\/es\/events\/category\/festivites-es\/\" title=\"View all posts in Festivit\u00e9s\">Festivit\u00e9s<\/a><\/div>\n            <\/div>\n\n            <div class=\"sc_events_item_content_inner_bottom\">\n                <h4 class=\"sc_events_item_title\"><a href=\"https:\/\/ommegang.be\/es\/event\/desfiles-historicos\/\">Desfiles Hist\u00f3ricos<\/a><\/h4>\n                <div class=\"sc_events_item_meta\">\n                    <span class=\"sc_events_item_meta_item sc_events_item_meta_date\">01-07-2026 20:50<\/span><br><span class=\"sc_events_item_meta_item sc_events_item_meta_date\">03-07-2026 20:50<\/span>                <\/div>\n                                    <div class=\"sc_events_item_text\">\u00a1Sum\u00e9rgete en el coraz\u00f3n de la Historia en la Grand-Plaza de Bruselas!<\/div>\n                \n                                    <a href=\"https:\/\/ommegang.be\/es\/event\/desfiles-historicos\/\" class=\"sc_events_item_more_link\">\n                        <span class=\"link_text\">M\u00e1s informaciones<\/span><span class=\"link_icon\"><\/span>\n                    <\/a>\n                            <\/div>\n            <a class=\"sc_events_item_link\" href=\"https:\/\/ommegang.be\/es\/event\/desfiles-historicos\/\"><\/a>\n        <\/div>\n    <\/div>\n<\/div><\/div><div class=\"trx_addons_column-1_3 trx_addons_column-1_2-tablet\"><div class=\"sc_events_item sc_item_container post_container with_more\">\n\n    <div class=\"sc_events_item_content\">\n\n        <div class=\"sc_events_item_featured\" style=\"background-image: url(https:\/\/ommegang.be\/wp-content\/uploads\/2025\/05\/Ommegang_Cortege_4-840x560.jpg);\"><\/div>\n\n        <div class=\"sc_events_item_content_inner\">\n\n            <div class=\"sc_events_item_content_inner_top\">\n                <div class=\"sc_events_item_meta_categories\"><a href=\"https:\/\/ommegang.be\/es\/events\/category\/festivites-es\/\" title=\"View all posts in Festivit\u00e9s\">Festivit\u00e9s<\/a><\/div>\n            <\/div>\n\n            <div class=\"sc_events_item_content_inner_bottom\">\n                <h4 class=\"sc_events_item_title\"><a href=\"https:\/\/ommegang.be\/es\/event\/concurso-de-tiro-con-alabarda\/\">Concurso de Tiro con alabarda<\/a><\/h4>\n                <div class=\"sc_events_item_meta\">\n                    <span class=\"sc_events_item_meta_item sc_events_item_meta_date\">01-07-2026 19:30<\/span><br><span class=\"sc_events_item_meta_item sc_events_item_meta_date\">03-07-2026 19:30<\/span>                <\/div>\n                                    <div class=\"sc_events_item_text\">En el Sablon \u2013Enfrentamiento espectacular entre los dos Grandes Juramentos Reales.\r\nMercado Renacentista\r\n<\/div>\n                \n                                    <a href=\"https:\/\/ommegang.be\/es\/event\/concurso-de-tiro-con-alabarda\/\" class=\"sc_events_item_more_link\">\n                        <span class=\"link_text\">M\u00e1s informaciones<\/span><span class=\"link_icon\"><\/span>\n                    <\/a>\n                            <\/div>\n            <a class=\"sc_events_item_link\" href=\"https:\/\/ommegang.be\/es\/event\/concurso-de-tiro-con-alabarda\/\"><\/a>\n        <\/div>\n    <\/div>\n<\/div><\/div><div class=\"trx_addons_column-1_3 trx_addons_column-1_2-tablet\"><div class=\"sc_events_item sc_item_container post_container with_more\">\n\n    <div class=\"sc_events_item_content\">\n\n        <div class=\"sc_events_item_featured\" style=\"background-image: url(https:\/\/ommegang.be\/wp-content\/uploads\/2025\/05\/Ommegang2024V0184-840x559.jpg);\"><\/div>\n\n        <div class=\"sc_events_item_content_inner\">\n\n            <div class=\"sc_events_item_content_inner_top\">\n                <div class=\"sc_events_item_meta_categories\"><a href=\"https:\/\/ommegang.be\/es\/events\/category\/festivites-es\/\" title=\"View all posts in Festivit\u00e9s\">Festivit\u00e9s<\/a><\/div>\n            <\/div>\n\n            <div class=\"sc_events_item_content_inner_bottom\">\n                <h4 class=\"sc_events_item_title\"><a href=\"https:\/\/ommegang.be\/es\/event\/mercado-renacentista\/\">Mercado Renacentista<\/a><\/h4>\n                <div class=\"sc_events_item_meta\">\n                    <span class=\"sc_events_item_meta_item sc_events_item_meta_date\">Du 01-07-2026 12:00 au 04-07-2026 21:30<\/span>                <\/div>\n                                    <div class=\"sc_events_item_text\">En el Sablon \u2013 Artesanos, aromas y sabores de anta\u00f1o.<\/div>\n                \n                                    <a href=\"https:\/\/ommegang.be\/es\/event\/mercado-renacentista\/\" class=\"sc_events_item_more_link\">\n                        <span class=\"link_text\">M\u00e1s informaciones<\/span><span class=\"link_icon\"><\/span>\n                    <\/a>\n                            <\/div>\n            <a class=\"sc_events_item_link\" href=\"https:\/\/ommegang.be\/es\/event\/mercado-renacentista\/\"><\/a>\n        <\/div>\n    <\/div>\n<\/div><\/div><div class=\"trx_addons_column-1_3 trx_addons_column-1_2-tablet\"><div class=\"sc_events_item sc_item_container post_container with_more\">\n\n    <div class=\"sc_events_item_content\">\n\n        <div class=\"sc_events_item_featured\" style=\"background-image: url(https:\/\/ommegang.be\/wp-content\/uploads\/2025\/05\/Ommegang2024M0036-840x1260.jpg);\"><\/div>\n\n        <div class=\"sc_events_item_content_inner\">\n\n            <div class=\"sc_events_item_content_inner_top\">\n                <div class=\"sc_events_item_meta_categories\"><a href=\"https:\/\/ommegang.be\/es\/events\/category\/festivites-es\/\" title=\"View all posts in Festivit\u00e9s\">Festivit\u00e9s<\/a><\/div>\n            <\/div>\n\n            <div class=\"sc_events_item_content_inner_bottom\">\n                <h4 class=\"sc_events_item_title\"><a href=\"https:\/\/ommegang.be\/es\/event\/justas-ecuestres\/\">Justas Ecuestres<\/a><\/h4>\n                <div class=\"sc_events_item_meta\">\n                    <span class=\"sc_events_item_meta_item sc_events_item_meta_date\">Du 01-07-2026 12:00 au 04-07-2026 20:00<\/span>                <\/div>\n                                    <div class=\"sc_events_item_text\">En el Sablon \u2013 Combates de caballeros a pie y a caballo, escenas espectaculares de \u00e9poca.<\/div>\n                \n                                    <a href=\"https:\/\/ommegang.be\/es\/event\/justas-ecuestres\/\" class=\"sc_events_item_more_link\">\n                        <span class=\"link_text\">M\u00e1s informaciones<\/span><span class=\"link_icon\"><\/span>\n                    <\/a>\n                            <\/div>\n            <a class=\"sc_events_item_link\" href=\"https:\/\/ommegang.be\/es\/event\/justas-ecuestres\/\"><\/a>\n        <\/div>\n    <\/div>\n<\/div><\/div><div class=\"trx_addons_column-1_3 trx_addons_column-1_2-tablet\"><div class=\"sc_events_item sc_item_container post_container with_more\">\n\n    <div class=\"sc_events_item_content\">\n\n        <div class=\"sc_events_item_featured\" style=\"background-image: url(https:\/\/ommegang.be\/wp-content\/uploads\/2025\/05\/Ommegang2023Mercredi0002-840x1260.jpg);\"><\/div>\n\n        <div class=\"sc_events_item_content_inner\">\n\n            <div class=\"sc_events_item_content_inner_top\">\n                <div class=\"sc_events_item_meta_categories\"><a href=\"https:\/\/ommegang.be\/es\/events\/category\/festivites-es\/\" title=\"View all posts in Festivit\u00e9s\">Festivit\u00e9s<\/a><\/div>\n            <\/div>\n\n            <div class=\"sc_events_item_content_inner_bottom\">\n                <h4 class=\"sc_events_item_title\"><a href=\"https:\/\/ommegang.be\/es\/event\/pueblo-renacentista\/\">Pueblo Renacentista<\/a><\/h4>\n                <div class=\"sc_events_item_meta\">\n                    <span class=\"sc_events_item_meta_item sc_events_item_meta_date\">Du 01-07-2026 12:00 au 04-07-2026 21:30<\/span>                <\/div>\n                                    <div class=\"sc_events_item_text\">En el Sablon \u2013 Animaciones y reconstrucci\u00f3n de un pueblo del siglo XVI.<\/div>\n                \n                                    <a href=\"https:\/\/ommegang.be\/es\/event\/pueblo-renacentista\/\" class=\"sc_events_item_more_link\">\n                        <span class=\"link_text\">M\u00e1s informaciones<\/span><span class=\"link_icon\"><\/span>\n                    <\/a>\n                            <\/div>\n            <a class=\"sc_events_item_link\" href=\"https:\/\/ommegang.be\/es\/event\/pueblo-renacentista\/\"><\/a>\n        <\/div>\n    <\/div>\n<\/div><\/div><\/div><\/div>\t\t\t\t<\/div>\n\t\t\t\t<\/div>\n\t\t\t\t<div class=\"elementor-element elementor-element-74fb1e9a sc_height_huge sc_fly_static elementor-widget elementor-widget-spacer\" data-id=\"74fb1e9a\" data-element_type=\"widget\" data-e-type=\"widget\" data-widget_type=\"spacer.default\">\n\t\t\t\t<div class=\"elementor-widget-container\">\n\t\t\t\t\t\t\t<div class=\"elementor-spacer\">\n\t\t\t<div class=\"elementor-spacer-inner\"><\/div>\n\t\t<\/div>\n\t\t\t\t\t\t<\/div>\n\t\t\t\t<\/div>\n\t\t\t\t\t<\/div>\n\t\t<\/div>\n\t\t\t\t\t<\/div>\n\t\t<\/section>\n\t\t\t\t<section data-animation-type=\"block\" data-dce-background-color=\"#050505\" data-dce-background-overlay-color=\"#070707\" class=\"elementor-section elementor-top-section elementor-element elementor-element-4c8c71d8 scheme_dark animated-slow sc_bg_mask_4 elementor-section-boxed elementor-section-height-default elementor-section-height-default animation_type_block sc_fly_static elementor-invisible\" data-id=\"4c8c71d8\" data-element_type=\"section\" data-e-type=\"section\" data-settings=\"{&quot;background_background&quot;:&quot;video&quot;,&quot;animation&quot;:&quot;fadeInUp&quot;,&quot;background_video_link&quot;:&quot;https:\\\/\\\/www.youtube.com\\\/watch?v=6XmXV-drkdU&amp;t&quot;,&quot;background_video_start&quot;:2,&quot;background_video_end&quot;:25,&quot;background_play_on_mobile&quot;:&quot;yes&quot;,&quot;background_privacy_mode&quot;:&quot;yes&quot;}\">\n\t\t\t\t\t\t\t\t<div class=\"elementor-background-video-container\">\n\t\t\t\t\t\t\t\t\t\t\t\t\t<div class=\"elementor-background-video-embed\" role=\"presentation\"><\/div>\n\t\t\t\t\t\t\t\t\t\t\t\t<\/div>\n\t\t\t\t\t\t\t\t\t<div class=\"elementor-background-overlay\"><\/div>\n\t\t\t\t\t\t\t<div class=\"elementor-container elementor-column-gap-default\">\n\t\t\t\t\t<div class=\"elementor-column elementor-col-100 elementor-top-column elementor-element elementor-element-782218e1 sc_layouts_column_align_right sc_layouts_column sc-mobile_layouts_column_align_left sc_layouts_column sc_content_align_inherit sc_layouts_column_icons_position_left sc_fly_static\" data-id=\"782218e1\" data-element_type=\"column\" data-e-type=\"column\">\n\t\t\t<div class=\"elementor-widget-wrap elementor-element-populated\">\n\t\t\t\t\t\t<div class=\"elementor-element elementor-element-216ef8a sc_height_huge sc_fly_static elementor-widget elementor-widget-spacer\" data-id=\"216ef8a\" data-element_type=\"widget\" data-e-type=\"widget\" data-widget_type=\"spacer.default\">\n\t\t\t\t<div class=\"elementor-widget-container\">\n\t\t\t\t\t\t\t<div class=\"elementor-spacer\">\n\t\t\t<div class=\"elementor-spacer-inner\"><\/div>\n\t\t<\/div>\n\t\t\t\t\t\t<\/div>\n\t\t\t\t<\/div>\n\t\t\t\t<div class=\"elementor-element elementor-element-4426a9fb sc_layouts_hide_on_tablet sc_layouts_hide_on_mobile sc_fly_static elementor-widget elementor-widget-spacer\" data-id=\"4426a9fb\" data-element_type=\"widget\" data-e-type=\"widget\" data-widget_type=\"spacer.default\">\n\t\t\t\t<div class=\"elementor-widget-container\">\n\t\t\t\t\t\t\t<div class=\"elementor-spacer\">\n\t\t\t<div class=\"elementor-spacer-inner\"><\/div>\n\t\t<\/div>\n\t\t\t\t\t\t<\/div>\n\t\t\t\t<\/div>\n\t\t\t\t<div data-dce-title-color=\"#FFFFFF\" class=\"elementor-element elementor-element-6ed902c0 sc_fly_static elementor-widget elementor-widget-heading\" data-id=\"6ed902c0\" data-element_type=\"widget\" data-e-type=\"widget\" data-widget_type=\"heading.default\">\n\t\t\t\t<div class=\"elementor-widget-container\">\n\t\t\t\t\t<h2 class=\"elementor-heading-title elementor-size-default\">\u00a1Reserva ya tus entradas!<\/h2>\t\t\t\t<\/div>\n\t\t\t\t<\/div>\n\t\t\t\t<div class=\"elementor-element elementor-element-53022744 elementor-align-center sc_fly_static elementor-widget elementor-widget-button\" data-id=\"53022744\" data-element_type=\"widget\" data-e-type=\"widget\" data-widget_type=\"button.default\">\n\t\t\t\t<div class=\"elementor-widget-container\">\n\t\t\t\t\t\t\t\t\t<div class=\"elementor-button-wrapper\">\n\t\t\t\t\t<a class=\"elementor-button elementor-button-link elementor-size-sm\" href=\"http:\/\/www.ticketmaster.be\/artist\/ommegang-billets\/939811?language=fr-be\" target=\"_blank\">\n\t\t\t\t\t\t<span class=\"elementor-button-content-wrapper\">\n\t\t\t\t\t\t<span class=\"elementor-button-icon\">\n\t\t\t\t<i aria-hidden=\"true\" class=\"fas fa-ticket-alt\"><\/i>\t\t\t<\/span>\n\t\t\t\t\t\t\t\t\t<span class=\"elementor-button-text\">Reserva tus entradas<\/span>\n\t\t\t\t\t<\/span>\n\t\t\t\t\t<\/a>\n\t\t\t\t<\/div>\n\t\t\t\t\t\t\t\t<\/div>\n\t\t\t\t<\/div>\n\t\t\t\t<div class=\"elementor-element elementor-element-3d94ff7a sc_height_huge sc_fly_static elementor-widget elementor-widget-spacer\" data-id=\"3d94ff7a\" data-element_type=\"widget\" data-e-type=\"widget\" data-widget_type=\"spacer.default\">\n\t\t\t\t<div class=\"elementor-widget-container\">\n\t\t\t\t\t\t\t<div class=\"elementor-spacer\">\n\t\t\t<div class=\"elementor-spacer-inner\"><\/div>\n\t\t<\/div>\n\t\t\t\t\t\t<\/div>\n\t\t\t\t<\/div>\n\t\t\t\t<div class=\"elementor-element elementor-element-5fe4a947 sc_layouts_hide_on_tablet sc_layouts_hide_on_mobile sc_fly_static elementor-widget elementor-widget-spacer\" data-id=\"5fe4a947\" data-element_type=\"widget\" data-e-type=\"widget\" data-widget_type=\"spacer.default\">\n\t\t\t\t<div class=\"elementor-widget-container\">\n\t\t\t\t\t\t\t<div class=\"elementor-spacer\">\n\t\t\t<div class=\"elementor-spacer-inner\"><\/div>\n\t\t<\/div>\n\t\t\t\t\t\t<\/div>\n\t\t\t\t<\/div>\n\t\t\t\t\t<\/div>\n\t\t<\/div>\n\t\t\t\t\t<\/div>\n\t\t<\/section>\n\t\t\t\t<section data-animation-type=\"block\" class=\"elementor-section elementor-top-section elementor-element elementor-element-7c87f31 animated-slow elementor-section-boxed elementor-section-height-default elementor-section-height-default animation_type_block sc_fly_static elementor-invisible\" data-id=\"7c87f31\" data-element_type=\"section\" data-e-type=\"section\" data-settings=\"{&quot;background_background&quot;:&quot;classic&quot;,&quot;animation&quot;:&quot;fadeIn&quot;}\">\n\t\t\t\t\t\t<div class=\"elementor-container elementor-column-gap-extended\">\n\t\t\t\t\t<div class=\"elementor-column elementor-col-100 elementor-top-column elementor-element elementor-element-c222f84 hide_bg_image_on_mobile sc_content_align_inherit sc_layouts_column_icons_position_left sc_fly_static\" data-id=\"c222f84\" data-element_type=\"column\" data-e-type=\"column\">\n\t\t\t<div class=\"elementor-widget-wrap elementor-element-populated\">\n\t\t\t\t\t\t<div class=\"elementor-element elementor-element-21d01b3 sc_layouts_hide_on_notebook sc_layouts_hide_on_tablet sc_layouts_hide_on_mobile sc_fly_static elementor-widget elementor-widget-spacer\" data-id=\"21d01b3\" data-element_type=\"widget\" data-e-type=\"widget\" data-widget_type=\"spacer.default\">\n\t\t\t\t<div class=\"elementor-widget-container\">\n\t\t\t\t\t\t\t<div class=\"elementor-spacer\">\n\t\t\t<div class=\"elementor-spacer-inner\"><\/div>\n\t\t<\/div>\n\t\t\t\t\t\t<\/div>\n\t\t\t\t<\/div>\n\t\t\t\t<div class=\"elementor-element elementor-element-4b5e875 sc_height_huge sc_fly_static elementor-widget elementor-widget-spacer\" data-id=\"4b5e875\" data-element_type=\"widget\" data-e-type=\"widget\" data-widget_type=\"spacer.default\">\n\t\t\t\t<div class=\"elementor-widget-container\">\n\t\t\t\t\t\t\t<div class=\"elementor-spacer\">\n\t\t\t<div class=\"elementor-spacer-inner\"><\/div>\n\t\t<\/div>\n\t\t\t\t\t\t<\/div>\n\t\t\t\t<\/div>\n\t\t\t\t<div class=\"elementor-element elementor-element-aea72d8 sc_fly_static elementor-widget elementor-widget-heading\" data-id=\"aea72d8\" data-element_type=\"widget\" data-e-type=\"widget\" data-widget_type=\"heading.default\">\n\t\t\t\t<div class=\"elementor-widget-container\">\n\t\t\t\t\t<h3 class=\"elementor-heading-title elementor-size-default\">Nuestros <span class=\"firstcolorOmmegang\">patrocinadores<\/span><\/h3>\t\t\t\t<\/div>\n\t\t\t\t<\/div>\n\t\t\t\t<div class=\"elementor-element elementor-element-4582ef4 sc_height_medium sc_fly_static elementor-widget elementor-widget-spacer\" data-id=\"4582ef4\" data-element_type=\"widget\" data-e-type=\"widget\" data-widget_type=\"spacer.default\">\n\t\t\t\t<div class=\"elementor-widget-container\">\n\t\t\t\t\t\t\t<div class=\"elementor-spacer\">\n\t\t\t<div class=\"elementor-spacer-inner\"><\/div>\n\t\t<\/div>\n\t\t\t\t\t\t<\/div>\n\t\t\t\t<\/div>\n\t\t\t\t<div class=\"elementor-element elementor-element-85ea74e elementor-skin-carousel elementor-arrows-yes sc_fly_static elementor-widget elementor-widget-global elementor-global-27590 elementor-widget-media-carousel\" data-id=\"85ea74e\" data-element_type=\"widget\" data-e-type=\"widget\" data-settings=\"{&quot;slides_per_view&quot;:&quot;8&quot;,&quot;space_between&quot;:{&quot;unit&quot;:&quot;px&quot;,&quot;size&quot;:45,&quot;sizes&quot;:[]},&quot;slides_per_view_tablet&quot;:&quot;5&quot;,&quot;slides_per_view_mobile&quot;:&quot;2&quot;,&quot;slides_to_scroll_mobile&quot;:&quot;2&quot;,&quot;skin&quot;:&quot;carousel&quot;,&quot;effect&quot;:&quot;slide&quot;,&quot;show_arrows&quot;:&quot;yes&quot;,&quot;speed&quot;:500,&quot;autoplay&quot;:&quot;yes&quot;,&quot;autoplay_speed&quot;:5000,&quot;loop&quot;:&quot;yes&quot;,&quot;pause_on_hover&quot;:&quot;yes&quot;,&quot;pause_on_interaction&quot;:&quot;yes&quot;,&quot;space_between_tablet&quot;:{&quot;unit&quot;:&quot;px&quot;,&quot;size&quot;:10,&quot;sizes&quot;:[]},&quot;space_between_mobile&quot;:{&quot;unit&quot;:&quot;px&quot;,&quot;size&quot;:10,&quot;sizes&quot;:[]}}\" data-widget_type=\"media-carousel.default\">\n\t\t\t\t<div class=\"elementor-widget-container\">\n\t\t\t\t\t\t\t\t\t<div class=\"elementor-swiper\">\n\t\t\t\t\t<div class=\"elementor-main-swiper swiper\" role=\"region\" aria-roledescription=\"carousel\" aria-label=\"Carousel Partenaire\">\n\t\t\t\t<div class=\"swiper-wrapper\">\n\t\t\t\t\t\t\t\t\t\t\t<div class=\"swiper-slide\" role=\"group\" aria-roledescription=\"slide\">\n\t\t\t\t\t\t\t<a href=\"https:\/\/www.loterie-nationale.be\/a-propos-de-nous\/subsides\" target=\"_blank\">\t\t<div class=\"elementor-carousel-image\" role=\"img\" aria-label=\"Logo_LOTNAT_RGB_Baseline_Horiz\" style=\"background-image: url(&#039;https:\/\/ommegang.be\/wp-content\/uploads\/2026\/02\/Logo_LOTNAT_RGB_Baseline_Horiz-e1771413853931.png&#039;)\">\n\n\t\t\t\n\t\t\t\t\t<\/div>\n\t\t<\/a>\t\t\t\t\t\t<\/div>\n\t\t\t\t\t\t\t\t\t\t\t<div class=\"swiper-slide\" role=\"group\" aria-roledescription=\"slide\">\n\t\t\t\t\t\t\t<a href=\"https:\/\/www.loterie-nationale.be\/a-propos-de-nous\/subsides\" target=\"_blank\">\t\t<div class=\"elementor-carousel-image\" role=\"img\" aria-label=\"Logo_Loterie_Horizontal_SAFEZONE_BASELINE_NL_RGB\" style=\"background-image: url(&#039;https:\/\/ommegang.be\/wp-content\/uploads\/2026\/02\/Logo_Loterie_Horizontal_SAFEZONE_BASELINE_NL_RGB-scaled.png&#039;)\">\n\n\t\t\t\n\t\t\t\t\t<\/div>\n\t\t<\/a>\t\t\t\t\t\t<\/div>\n\t\t\t\t\t\t\t\t\t\t\t<div class=\"swiper-slide\" role=\"group\" aria-roledescription=\"slide\">\n\t\t\t\t\t\t\t<a href=\"https:\/\/haacht.com\/fr\/marques\/bieres\/ommegang\" target=\"_blank\">\t\t<div class=\"elementor-carousel-image\" role=\"img\" aria-label=\"Ommegang_Bier\" style=\"background-image: url(&#039;https:\/\/ommegang.be\/wp-content\/uploads\/2025\/06\/Ommegang_Bier-1-scaled.png&#039;)\">\n\n\t\t\t\n\t\t\t\t\t<\/div>\n\t\t<\/a>\t\t\t\t\t\t<\/div>\n\t\t\t\t\t\t\t\t\t\t\t<div class=\"swiper-slide\" role=\"group\" aria-roledescription=\"slide\">\n\t\t\t\t\t\t\t<a href=\"https:\/\/www.kbcbrussels.be\/\" target=\"_blank\">\t\t<div class=\"elementor-carousel-image\" role=\"img\" aria-label=\"kbc_loco_smol\" style=\"background-image: url(&#039;https:\/\/ommegang.be\/wp-content\/uploads\/2025\/04\/kbc_loco_smol.png&#039;)\">\n\n\t\t\t\n\t\t\t\t\t<\/div>\n\t\t<\/a>\t\t\t\t\t\t<\/div>\n\t\t\t\t\t\t\t\t\t\t\t<div class=\"swiper-slide\" role=\"group\" aria-roledescription=\"slide\">\n\t\t\t\t\t\t\t<a href=\"https:\/\/www.bruxelles.be\/\" target=\"_blank\">\t\t<div class=\"elementor-carousel-image\" role=\"img\" aria-label=\"BXL_VilleStad\" style=\"background-image: url(&#039;https:\/\/ommegang.be\/wp-content\/uploads\/2025\/06\/BXL_VilleStad-scaled.png&#039;)\">\n\n\t\t\t\n\t\t\t\t\t<\/div>\n\t\t<\/a>\t\t\t\t\t\t<\/div>\n\t\t\t\t\t\t\t\t\t\t\t<div class=\"swiper-slide\" role=\"group\" aria-roledescription=\"slide\">\n\t\t\t\t\t\t\t<a href=\"https:\/\/be.brussels\/\" target=\"_blank\">\t\t<div class=\"elementor-carousel-image\" role=\"img\" aria-label=\"Logo-Ville-Bruxelles\" style=\"background-image: url(&#039;https:\/\/ommegang.be\/wp-content\/uploads\/2025\/04\/Logo-Ville-Bruxelles.png&#039;)\">\n\n\t\t\t\n\t\t\t\t\t<\/div>\n\t\t<\/a>\t\t\t\t\t\t<\/div>\n\t\t\t\t\t\t\t\t\t\t\t<div class=\"swiper-slide\" role=\"group\" aria-roledescription=\"slide\">\n\t\t\t\t\t\t\t<a href=\"https:\/\/www.visit.brussels\/fr\/\" target=\"_blank\">\t\t<div class=\"elementor-carousel-image\" role=\"img\" aria-label=\"VisitBrussels\" style=\"background-image: url(&#039;https:\/\/ommegang.be\/wp-content\/uploads\/2025\/06\/VisitBrussels-scaled.png&#039;)\">\n\n\t\t\t\n\t\t\t\t\t<\/div>\n\t\t<\/a>\t\t\t\t\t\t<\/div>\n\t\t\t\t\t\t\t\t\t\t\t<div class=\"swiper-slide\" role=\"group\" aria-roledescription=\"slide\">\n\t\t\t\t\t\t\t<a href=\"https:\/\/www.roccofortehotels.com\/hotels-and-resorts\/hotel-amigo\/\" target=\"_blank\">\t\t<div class=\"elementor-carousel-image\" role=\"img\" aria-label=\"RFH-Hotel-Amigo-ARFH-RGB-20\" style=\"background-image: url(&#039;https:\/\/ommegang.be\/wp-content\/uploads\/2025\/04\/RFH-Hotel-Amigo-ARFH-RGB-20.png&#039;)\">\n\n\t\t\t\n\t\t\t\t\t<\/div>\n\t\t<\/a>\t\t\t\t\t\t<\/div>\n\t\t\t\t\t\t\t\t\t\t\t<div class=\"swiper-slide\" role=\"group\" aria-roledescription=\"slide\">\n\t\t\t\t\t\t\t<a href=\"https:\/\/itineraires.be\/fr\/\" target=\"_blank\">\t\t<div class=\"elementor-carousel-image\" role=\"img\" aria-label=\"Itineraires_Logo-EN\" style=\"background-image: url(&#039;https:\/\/ommegang.be\/wp-content\/uploads\/2025\/04\/Itineraires_Logo-EN.png&#039;)\">\n\n\t\t\t\n\t\t\t\t\t<\/div>\n\t\t<\/a>\t\t\t\t\t\t<\/div>\n\t\t\t\t\t\t\t\t\t\t\t<div class=\"swiper-slide\" role=\"group\" aria-roledescription=\"slide\">\n\t\t\t\t\t\t\t\t\t<div class=\"elementor-carousel-image\" role=\"img\" aria-label=\"Politie-Police.svg_\" style=\"background-image: url(&#039;https:\/\/ommegang.be\/wp-content\/uploads\/2025\/04\/Politie-Police.svg_.png&#039;)\">\n\n\t\t\t\n\t\t\t\t\t<\/div>\n\t\t\t\t\t\t\t\t<\/div>\n\t\t\t\t\t\t\t\t\t\t\t<div class=\"swiper-slide\" role=\"group\" aria-roledescription=\"slide\">\n\t\t\t\t\t\t\t<a href=\"http:\/\/www.coudenberg.com\/\" target=\"_blank\">\t\t<div class=\"elementor-carousel-image\" role=\"img\" aria-label=\"Coudenberg\" style=\"background-image: url(&#039;https:\/\/ommegang.be\/wp-content\/uploads\/2025\/06\/Coudenberg.png&#039;)\">\n\n\t\t\t\n\t\t\t\t\t<\/div>\n\t\t<\/a>\t\t\t\t\t\t<\/div>\n\t\t\t\t\t\t\t\t\t\t\t<div class=\"swiper-slide\" role=\"group\" aria-roledescription=\"slide\">\n\t\t\t\t\t\t\t<a href=\"https:\/\/www.kiwanis.be\" target=\"_blank\">\t\t<div class=\"elementor-carousel-image\" role=\"img\" aria-label=\"logo_kiwanisRVB\" style=\"background-image: url(&#039;https:\/\/ommegang.be\/wp-content\/uploads\/2025\/04\/logo_kiwanisRVB.png&#039;)\">\n\n\t\t\t\n\t\t\t\t\t<\/div>\n\t\t<\/a>\t\t\t\t\t\t<\/div>\n\t\t\t\t\t\t\t\t\t\t\t<div class=\"swiper-slide\" role=\"group\" aria-roledescription=\"slide\">\n\t\t\t\t\t\t\t<a href=\"https:\/\/ccf.brussels\/\">\t\t<div class=\"elementor-carousel-image\" role=\"img\" aria-label=\"Cocof\" style=\"background-image: url(&#039;https:\/\/ommegang.be\/wp-content\/uploads\/2025\/06\/Cocof.png&#039;)\">\n\n\t\t\t\n\t\t\t\t\t<\/div>\n\t\t<\/a>\t\t\t\t\t\t<\/div>\n\t\t\t\t\t\t\t\t\t\t\t<div class=\"swiper-slide\" role=\"group\" aria-roledescription=\"slide\">\n\t\t\t\t\t\t\t\t\t<div class=\"elementor-carousel-image\" role=\"img\" aria-label=\"It1\" style=\"background-image: url(&#039;https:\/\/ommegang.be\/wp-content\/uploads\/2025\/04\/It1.png&#039;)\">\n\n\t\t\t\n\t\t\t\t\t<\/div>\n\t\t\t\t\t\t\t\t<\/div>\n\t\t\t\t\t\t\t\t\t\t\t<div class=\"swiper-slide\" role=\"group\" aria-roledescription=\"slide\">\n\t\t\t\t\t\t\t\t\t<div class=\"elementor-carousel-image\" role=\"img\" aria-label=\"It2\" style=\"background-image: url(&#039;https:\/\/ommegang.be\/wp-content\/uploads\/2025\/04\/It2.png&#039;)\">\n\n\t\t\t\n\t\t\t\t\t<\/div>\n\t\t\t\t\t\t\t\t<\/div>\n\t\t\t\t\t\t\t\t\t\t\t<div class=\"swiper-slide\" role=\"group\" aria-roledescription=\"slide\">\n\t\t\t\t\t\t\t\t\t<div class=\"elementor-carousel-image\" role=\"img\" aria-label=\"it3\" style=\"background-image: url(&#039;https:\/\/ommegang.be\/wp-content\/uploads\/2025\/04\/it3.png&#039;)\">\n\n\t\t\t\n\t\t\t\t\t<\/div>\n\t\t\t\t\t\t\t\t<\/div>\n\t\t\t\t\t\t\t\t\t\t\t<div class=\"swiper-slide\" role=\"group\" aria-roledescription=\"slide\">\n\t\t\t\t\t\t\t<a href=\"https:\/\/www.rtbf.be\/lapremiere\/\" target=\"_blank\">\t\t<div class=\"elementor-carousel-image\" role=\"img\" aria-label=\"LOGO_LP_RVB_26\" style=\"background-image: url(&#039;https:\/\/ommegang.be\/wp-content\/uploads\/2026\/03\/LOGO_LP_RVB_26-scaled-e1774535882841.png&#039;)\">\n\n\t\t\t\n\t\t\t\t\t<\/div>\n\t\t<\/a>\t\t\t\t\t\t<\/div>\n\t\t\t\t\t\t\t\t\t\t\t<div class=\"swiper-slide\" role=\"group\" aria-roledescription=\"slide\">\n\t\t\t\t\t\t\t<a href=\"https:\/\/www.rtbf.be\/vivacite\/\" target=\"_blank\">\t\t<div class=\"elementor-carousel-image\" role=\"img\" aria-label=\"LOGO_VIVACITE_RVB_26\" style=\"background-image: url(&#039;https:\/\/ommegang.be\/wp-content\/uploads\/2026\/03\/LOGO_VIVACITE_RVB_26-scaled-e1774535955660.png&#039;)\">\n\n\t\t\t\n\t\t\t\t\t<\/div>\n\t\t<\/a>\t\t\t\t\t\t<\/div>\n\t\t\t\t\t\t\t\t\t\t\t<div class=\"swiper-slide\" role=\"group\" aria-roledescription=\"slide\">\n\t\t\t\t\t\t\t\t\t<div class=\"elementor-carousel-image\" role=\"img\" aria-label=\"Om-LaLibre\" style=\"background-image: url(&#039;https:\/\/ommegang.be\/wp-content\/uploads\/2025\/04\/Om-LaLibre.png&#039;)\">\n\n\t\t\t\n\t\t\t\t\t<\/div>\n\t\t\t\t\t\t\t\t<\/div>\n\t\t\t\t\t\t\t\t\t\t\t<div class=\"swiper-slide\" role=\"group\" aria-roledescription=\"slide\">\n\t\t\t\t\t\t\t\t\t<div class=\"elementor-carousel-image\" role=\"img\" aria-label=\"Om-ParisMatch\" style=\"background-image: url(&#039;https:\/\/ommegang.be\/wp-content\/uploads\/2025\/04\/Om-ParisMatch.png&#039;)\">\n\n\t\t\t\n\t\t\t\t\t<\/div>\n\t\t\t\t\t\t\t\t<\/div>\n\t\t\t\t\t\t\t\t\t<\/div>\n\t\t\t\t\t\t\t\t\t\t\t\t\t\t\t<div class=\"elementor-swiper-button elementor-swiper-button-prev\" role=\"button\" tabindex=\"0\" aria-label=\"Anterior\">\n\t\t\t\t\t\t\t<i aria-hidden=\"true\" class=\"eicon-chevron-left\"><\/i>\t\t\t\t\t\t<\/div>\n\t\t\t\t\t\t<div class=\"elementor-swiper-button elementor-swiper-button-next\" role=\"button\" tabindex=\"0\" aria-label=\"Siguiente\">\n\t\t\t\t\t\t\t<i aria-hidden=\"true\" class=\"eicon-chevron-right\"><\/i>\t\t\t\t\t\t<\/div>\n\t\t\t\t\t\t\t\t\t\t\t\t\t\t\t\t\t<\/div>\n\t\t\t\t<\/div>\n\t\t\t\t\t\t\t\t<\/div>\n\t\t\t\t<\/div>\n\t\t\t\t<div class=\"elementor-element elementor-element-a339038 sc_height_medium sc_fly_static elementor-widget elementor-widget-spacer\" data-id=\"a339038\" data-element_type=\"widget\" data-e-type=\"widget\" data-widget_type=\"spacer.default\">\n\t\t\t\t<div class=\"elementor-widget-container\">\n\t\t\t\t\t\t\t<div class=\"elementor-spacer\">\n\t\t\t<div class=\"elementor-spacer-inner\"><\/div>\n\t\t<\/div>\n\t\t\t\t\t\t<\/div>\n\t\t\t\t<\/div>\n\t\t\t\t<div class=\"elementor-element elementor-element-5d4f0bb sc_layouts_hide_on_notebook sc_layouts_hide_on_tablet sc_layouts_hide_on_mobile sc_fly_static elementor-widget elementor-widget-spacer\" data-id=\"5d4f0bb\" data-element_type=\"widget\" data-e-type=\"widget\" data-widget_type=\"spacer.default\">\n\t\t\t\t<div class=\"elementor-widget-container\">\n\t\t\t\t\t\t\t<div class=\"elementor-spacer\">\n\t\t\t<div class=\"elementor-spacer-inner\"><\/div>\n\t\t<\/div>\n\t\t\t\t\t\t<\/div>\n\t\t\t\t<\/div>\n\t\t\t\t\t<\/div>\n\t\t<\/div>\n\t\t\t\t\t<\/div>\n\t\t<\/section>\n\t\t\t\t<\/div>\n\t\t","protected":false},"excerpt":{"rendered":"<p>C\u00f3mics Ommegang 1930 Dibujo Thomas Liera | Gui\u00f3n Patrick Weber |Colores Cerise Coedici\u00f3n: Ediciones Anspach&hellip;<\/p>\n","protected":false},"author":1,"featured_media":0,"parent":0,"menu_order":0,"comment_status":"closed","ping_status":"closed","template":"","meta":{"_acf_changed":false,"footnotes":""},"class_list":["post-27249","page","type-page","status-publish","hentry","cat_festivites-es"],"acf":[],"yoast_head":"<!-- This site is optimized with the Yoast SEO plugin v27.3 - https:\/\/yoast.com\/product\/yoast-seo-wordpress\/ -->\n<title>Lo Mejor del Ommegang - Ommegang de Bruxelles<\/title>\n<meta name=\"robots\" content=\"index, follow, max-snippet:-1, max-image-preview:large, max-video-preview:-1\" \/>\n<link rel=\"canonical\" href=\"https:\/\/ommegang.be\/es\/lo-mejor-del-ommegang\/\" \/>\n<meta property=\"og:locale\" content=\"es_ES\" \/>\n<meta property=\"og:type\" content=\"article\" \/>\n<meta property=\"og:title\" content=\"Lo Mejor del Ommegang - Ommegang de Bruxelles\" \/>\n<meta property=\"og:description\" content=\"C\u00f3mics Ommegang 1930 Dibujo Thomas Liera | Gui\u00f3n Patrick Weber |Colores Cerise Coedici\u00f3n: Ediciones Anspach&hellip;\" \/>\n<meta property=\"og:url\" content=\"https:\/\/ommegang.be\/es\/lo-mejor-del-ommegang\/\" \/>\n<meta property=\"og:site_name\" content=\"Ommegang de Bruxelles\" \/>\n<meta property=\"article:modified_time\" content=\"2026-04-15T16:52:37+00:00\" \/>\n<meta property=\"og:image\" content=\"https:\/\/ommegang.be\/wp-content\/uploads\/2025\/05\/BD_Ommegang1930.jpg\" \/>\n\t<meta property=\"og:image:width\" content=\"974\" \/>\n\t<meta property=\"og:image:height\" content=\"1300\" \/>\n\t<meta property=\"og:image:type\" content=\"image\/jpeg\" \/>\n<meta name=\"twitter:card\" content=\"summary_large_image\" \/>\n<meta name=\"twitter:label1\" content=\"Tiempo de lectura\" \/>\n\t<meta name=\"twitter:data1\" content=\"6 minutos\" \/>\n<script type=\"application\/ld+json\" class=\"yoast-schema-graph\">{\"@context\":\"https:\\\/\\\/schema.org\",\"@graph\":[{\"@type\":\"WebPage\",\"@id\":\"https:\\\/\\\/ommegang.be\\\/es\\\/lo-mejor-del-ommegang\\\/\",\"url\":\"https:\\\/\\\/ommegang.be\\\/es\\\/lo-mejor-del-ommegang\\\/\",\"name\":\"Lo Mejor del Ommegang - Ommegang de Bruxelles\",\"isPartOf\":{\"@id\":\"https:\\\/\\\/ommegang.be\\\/es\\\/#website\"},\"primaryImageOfPage\":{\"@id\":\"https:\\\/\\\/ommegang.be\\\/es\\\/lo-mejor-del-ommegang\\\/#primaryimage\"},\"image\":{\"@id\":\"https:\\\/\\\/ommegang.be\\\/es\\\/lo-mejor-del-ommegang\\\/#primaryimage\"},\"thumbnailUrl\":\"https:\\\/\\\/ommegang.be\\\/wp-content\\\/uploads\\\/2025\\\/05\\\/BD_Ommegang1930-767x1024.jpg\",\"datePublished\":\"2025-05-27T12:36:00+00:00\",\"dateModified\":\"2026-04-15T16:52:37+00:00\",\"breadcrumb\":{\"@id\":\"https:\\\/\\\/ommegang.be\\\/es\\\/lo-mejor-del-ommegang\\\/#breadcrumb\"},\"inLanguage\":\"es\",\"potentialAction\":[{\"@type\":\"ReadAction\",\"target\":[\"https:\\\/\\\/ommegang.be\\\/es\\\/lo-mejor-del-ommegang\\\/\"]}]},{\"@type\":\"ImageObject\",\"inLanguage\":\"es\",\"@id\":\"https:\\\/\\\/ommegang.be\\\/es\\\/lo-mejor-del-ommegang\\\/#primaryimage\",\"url\":\"https:\\\/\\\/ommegang.be\\\/wp-content\\\/uploads\\\/2025\\\/05\\\/BD_Ommegang1930-767x1024.jpg\",\"contentUrl\":\"https:\\\/\\\/ommegang.be\\\/wp-content\\\/uploads\\\/2025\\\/05\\\/BD_Ommegang1930-767x1024.jpg\"},{\"@type\":\"BreadcrumbList\",\"@id\":\"https:\\\/\\\/ommegang.be\\\/es\\\/lo-mejor-del-ommegang\\\/#breadcrumb\",\"itemListElement\":[{\"@type\":\"ListItem\",\"position\":1,\"name\":\"Home\",\"item\":\"https:\\\/\\\/ommegang.be\\\/es\\\/\"},{\"@type\":\"ListItem\",\"position\":2,\"name\":\"Lo Mejor del Ommegang\"}]},{\"@type\":\"WebSite\",\"@id\":\"https:\\\/\\\/ommegang.be\\\/es\\\/#website\",\"url\":\"https:\\\/\\\/ommegang.be\\\/es\\\/\",\"name\":\"Ommegang de Bruxelles\",\"description\":\"L&#039;Ommegang de Bruxelles.\",\"publisher\":{\"@id\":\"https:\\\/\\\/ommegang.be\\\/es\\\/#organization\"},\"potentialAction\":[{\"@type\":\"SearchAction\",\"target\":{\"@type\":\"EntryPoint\",\"urlTemplate\":\"https:\\\/\\\/ommegang.be\\\/es\\\/?s={search_term_string}\"},\"query-input\":{\"@type\":\"PropertyValueSpecification\",\"valueRequired\":true,\"valueName\":\"search_term_string\"}}],\"inLanguage\":\"es\"},{\"@type\":\"Organization\",\"@id\":\"https:\\\/\\\/ommegang.be\\\/es\\\/#organization\",\"name\":\"Ommegang de Bruxelles\",\"url\":\"https:\\\/\\\/ommegang.be\\\/es\\\/\",\"logo\":{\"@type\":\"ImageObject\",\"inLanguage\":\"es\",\"@id\":\"https:\\\/\\\/ommegang.be\\\/es\\\/#\\\/schema\\\/logo\\\/image\\\/\",\"url\":\"https:\\\/\\\/ommegang.be\\\/wp-content\\\/uploads\\\/2025\\\/04\\\/Logo-Ommegang-2-1.png\",\"contentUrl\":\"https:\\\/\\\/ommegang.be\\\/wp-content\\\/uploads\\\/2025\\\/04\\\/Logo-Ommegang-2-1.png\",\"width\":222,\"height\":53,\"caption\":\"Ommegang de Bruxelles\"},\"image\":{\"@id\":\"https:\\\/\\\/ommegang.be\\\/es\\\/#\\\/schema\\\/logo\\\/image\\\/\"}}]}<\/script>\n<!-- \/ Yoast SEO plugin. -->","yoast_head_json":{"title":"Lo Mejor del Ommegang - Ommegang de Bruxelles","robots":{"index":"index","follow":"follow","max-snippet":"max-snippet:-1","max-image-preview":"max-image-preview:large","max-video-preview":"max-video-preview:-1"},"canonical":"https:\/\/ommegang.be\/es\/lo-mejor-del-ommegang\/","og_locale":"es_ES","og_type":"article","og_title":"Lo Mejor del Ommegang - Ommegang de Bruxelles","og_description":"C\u00f3mics Ommegang 1930 Dibujo Thomas Liera | Gui\u00f3n Patrick Weber |Colores Cerise Coedici\u00f3n: Ediciones Anspach&hellip;","og_url":"https:\/\/ommegang.be\/es\/lo-mejor-del-ommegang\/","og_site_name":"Ommegang de Bruxelles","article_modified_time":"2026-04-15T16:52:37+00:00","og_image":[{"width":974,"height":1300,"url":"https:\/\/ommegang.be\/wp-content\/uploads\/2025\/05\/BD_Ommegang1930.jpg","type":"image\/jpeg"}],"twitter_card":"summary_large_image","twitter_misc":{"Tiempo de lectura":"6 minutos"},"schema":{"@context":"https:\/\/schema.org","@graph":[{"@type":"WebPage","@id":"https:\/\/ommegang.be\/es\/lo-mejor-del-ommegang\/","url":"https:\/\/ommegang.be\/es\/lo-mejor-del-ommegang\/","name":"Lo Mejor del Ommegang - Ommegang de Bruxelles","isPartOf":{"@id":"https:\/\/ommegang.be\/es\/#website"},"primaryImageOfPage":{"@id":"https:\/\/ommegang.be\/es\/lo-mejor-del-ommegang\/#primaryimage"},"image":{"@id":"https:\/\/ommegang.be\/es\/lo-mejor-del-ommegang\/#primaryimage"},"thumbnailUrl":"https:\/\/ommegang.be\/wp-content\/uploads\/2025\/05\/BD_Ommegang1930-767x1024.jpg","datePublished":"2025-05-27T12:36:00+00:00","dateModified":"2026-04-15T16:52:37+00:00","breadcrumb":{"@id":"https:\/\/ommegang.be\/es\/lo-mejor-del-ommegang\/#breadcrumb"},"inLanguage":"es","potentialAction":[{"@type":"ReadAction","target":["https:\/\/ommegang.be\/es\/lo-mejor-del-ommegang\/"]}]},{"@type":"ImageObject","inLanguage":"es","@id":"https:\/\/ommegang.be\/es\/lo-mejor-del-ommegang\/#primaryimage","url":"https:\/\/ommegang.be\/wp-content\/uploads\/2025\/05\/BD_Ommegang1930-767x1024.jpg","contentUrl":"https:\/\/ommegang.be\/wp-content\/uploads\/2025\/05\/BD_Ommegang1930-767x1024.jpg"},{"@type":"BreadcrumbList","@id":"https:\/\/ommegang.be\/es\/lo-mejor-del-ommegang\/#breadcrumb","itemListElement":[{"@type":"ListItem","position":1,"name":"Home","item":"https:\/\/ommegang.be\/es\/"},{"@type":"ListItem","position":2,"name":"Lo Mejor del Ommegang"}]},{"@type":"WebSite","@id":"https:\/\/ommegang.be\/es\/#website","url":"https:\/\/ommegang.be\/es\/","name":"Ommegang de Bruxelles","description":"L&#039;Ommegang de Bruxelles.","publisher":{"@id":"https:\/\/ommegang.be\/es\/#organization"},"potentialAction":[{"@type":"SearchAction","target":{"@type":"EntryPoint","urlTemplate":"https:\/\/ommegang.be\/es\/?s={search_term_string}"},"query-input":{"@type":"PropertyValueSpecification","valueRequired":true,"valueName":"search_term_string"}}],"inLanguage":"es"},{"@type":"Organization","@id":"https:\/\/ommegang.be\/es\/#organization","name":"Ommegang de Bruxelles","url":"https:\/\/ommegang.be\/es\/","logo":{"@type":"ImageObject","inLanguage":"es","@id":"https:\/\/ommegang.be\/es\/#\/schema\/logo\/image\/","url":"https:\/\/ommegang.be\/wp-content\/uploads\/2025\/04\/Logo-Ommegang-2-1.png","contentUrl":"https:\/\/ommegang.be\/wp-content\/uploads\/2025\/04\/Logo-Ommegang-2-1.png","width":222,"height":53,"caption":"Ommegang de Bruxelles"},"image":{"@id":"https:\/\/ommegang.be\/es\/#\/schema\/logo\/image\/"}}]}},"_links":{"self":[{"href":"https:\/\/ommegang.be\/es\/wp-json\/wp\/v2\/pages\/27249","targetHints":{"allow":["GET"]}}],"collection":[{"href":"https:\/\/ommegang.be\/es\/wp-json\/wp\/v2\/pages"}],"about":[{"href":"https:\/\/ommegang.be\/es\/wp-json\/wp\/v2\/types\/page"}],"author":[{"embeddable":true,"href":"https:\/\/ommegang.be\/es\/wp-json\/wp\/v2\/users\/1"}],"replies":[{"embeddable":true,"href":"https:\/\/ommegang.be\/es\/wp-json\/wp\/v2\/comments?post=27249"}],"version-history":[{"count":8,"href":"https:\/\/ommegang.be\/es\/wp-json\/wp\/v2\/pages\/27249\/revisions"}],"predecessor-version":[{"id":27945,"href":"https:\/\/ommegang.be\/es\/wp-json\/wp\/v2\/pages\/27249\/revisions\/27945"}],"wp:attachment":[{"href":"https:\/\/ommegang.be\/es\/wp-json\/wp\/v2\/media?parent=27249"}],"curies":[{"name":"wp","href":"https:\/\/api.w.org\/{rel}","templated":true}]}}